{"id":4,"date":"2014-07-12T22:32:30","date_gmt":"2014-07-12T22:32:30","guid":{"rendered":"http:\/\/marcbuleon.com\/conte\/?page_id=4"},"modified":"2023-06-20T08:46:11","modified_gmt":"2023-06-20T08:46:11","slug":"portrait","status":"publish","type":"page","link":"https:\/\/marcbuleon.com\/conte\/?page_id=4","title":{"rendered":"Portrait"},"content":{"rendered":"\n<figure class=\"wp-block-gallery has-nested-images columns-default is-cropped\">\n<figure class=\"wp-block-image size-large\"><img data-attachment-id=\"928\" data-permalink=\"https:\/\/marcbuleon.com\/conte\/?attachment_id=928\" data-orig-file=\"https:\/\/i2.wp.com\/marcbuleon.com\/conte\/wp-content\/uploads\/2023\/02\/MARC-BULEON-credit-Monsieur-Ferrow-portrait-a-leventail-Version-2-copie-scaled.jpg?fit=1961%2C2560&amp;ssl=1\" data-orig-size=\"1961,2560\" data-comments-opened=\"0\" data-image-meta=\"{&quot;aperture&quot;:&quot;3.2&quot;,&quot;credit&quot;:&quot;&quot;,&quot;camera&quot;:&quot;Canon EOS 6D&quot;,&quot;caption&quot;:&quot;&quot;,&quot;created_timestamp&quot;:&quot;946684810&quot;,&quot;copyright&quot;:&quot;&quot;,&quot;focal_length&quot;:&quot;35&quot;,&quot;iso&quot;:&quot;200&quot;,&quot;shutter_speed&quot;:&quot;0.0008&quot;,&quot;title&quot;:&quot;&quot;,&quot;orientation&quot;:&quot;1&quot;}\" data-image-title=\"MARC-BULEON-credit-Monsieur-Ferrow-portrait-a-leventail-Version-2-copie\" data-image-description=\"\" data-medium-file=\"https:\/\/i2.wp.com\/marcbuleon.com\/conte\/wp-content\/uploads\/2023\/02\/MARC-BULEON-credit-Monsieur-Ferrow-portrait-a-leventail-Version-2-copie-scaled.jpg?fit=230%2C300&amp;ssl=1\" data-large-file=\"https:\/\/i2.wp.com\/marcbuleon.com\/conte\/wp-content\/uploads\/2023\/02\/MARC-BULEON-credit-Monsieur-Ferrow-portrait-a-leventail-Version-2-copie-scaled.jpg?fit=665%2C869&amp;ssl=1\" loading=\"lazy\" width=\"1961\" height=\"2560\" data-id=\"928\"  src=\"https:\/\/i2.wp.com\/marcbuleon.com\/conte\/wp-content\/uploads\/2023\/02\/MARC-BULEON-credit-Monsieur-Ferrow-portrait-a-leventail-Version-2-copie-scaled.jpg?fit=665%2C869\" alt=\"\" class=\"wp-image-928\" srcset=\"https:\/\/i2.wp.com\/marcbuleon.com\/conte\/wp-content\/uploads\/2023\/02\/MARC-BULEON-credit-Monsieur-Ferrow-portrait-a-leventail-Version-2-copie-scaled.jpg?w=1961&amp;ssl=1 1961w, https:\/\/i2.wp.com\/marcbuleon.com\/conte\/wp-content\/uploads\/2023\/02\/MARC-BULEON-credit-Monsieur-Ferrow-portrait-a-leventail-Version-2-copie-scaled.jpg?resize=230%2C300&amp;ssl=1 230w, https:\/\/i2.wp.com\/marcbuleon.com\/conte\/wp-content\/uploads\/2023\/02\/MARC-BULEON-credit-Monsieur-Ferrow-portrait-a-leventail-Version-2-copie-scaled.jpg?resize=784%2C1024&amp;ssl=1 784w, https:\/\/i2.wp.com\/marcbuleon.com\/conte\/wp-content\/uploads\/2023\/02\/MARC-BULEON-credit-Monsieur-Ferrow-portrait-a-leventail-Version-2-copie-scaled.jpg?resize=768%2C1003&amp;ssl=1 768w, https:\/\/i2.wp.com\/marcbuleon.com\/conte\/wp-content\/uploads\/2023\/02\/MARC-BULEON-credit-Monsieur-Ferrow-portrait-a-leventail-Version-2-copie-scaled.jpg?resize=1177%2C1536&amp;ssl=1 1177w, https:\/\/i2.wp.com\/marcbuleon.com\/conte\/wp-content\/uploads\/2023\/02\/MARC-BULEON-credit-Monsieur-Ferrow-portrait-a-leventail-Version-2-copie-scaled.jpg?resize=1569%2C2048&amp;ssl=1 1569w, https:\/\/i2.wp.com\/marcbuleon.com\/conte\/wp-content\/uploads\/2023\/02\/MARC-BULEON-credit-Monsieur-Ferrow-portrait-a-leventail-Version-2-copie-scaled.jpg?w=1330 1330w\" sizes=\"(max-width: 665px) 100vw, 665px\" \/><\/figure>\n<\/figure>\n\n\n\n<p>Raconter, dire, \u00eatre entendu. Partager le doute et le questionnement\u00a0 face \u00e0 la vie, dire la part de f\u00e9minit\u00e9 qui se cache sous l&rsquo;\u00e9paisse carcasse de l&rsquo;homme, rire aussi parce que le rire est le plus court chemin pour rejoindre\u00a0 l&rsquo;autre. L&rsquo;Autre&#8230; \u00eatre avec lui, lui tendre la main, l&#8217;emmener dans mes voyages et accepter un jour de partir avec lui. L\u00e2cher. Tout.\u00a0 Ne rien prouver. Ouvrir plut\u00f4t.<\/p>\n\n\n\n<p>Avant ma mort, devenir roc in\u00e9branlable, parole droite et ferme pour raconter l&rsquo;homme&nbsp;au sein de l&rsquo;univers. Avant ma mort, \u00eatre \u00e0 la fois feuille de peuplier au vent d&rsquo;une fin d&rsquo;\u00e9t\u00e9, bruissement de po\u00e9sie et de tendresse. Avoir cette sensibilit\u00e9-l\u00e0 pour&nbsp;dire l&rsquo;intime et la beaut\u00e9 de chacun.<\/p>\n\n\n\n<p><strong>Quelques exp\u00e9riences&nbsp;<\/strong>:&nbsp;<\/p>\n\n\n\n<p>-1993&nbsp;: premi\u00e8re cr\u00e9ation&nbsp;<em>Le d\u00e9luge<\/em>&nbsp;<\/p>\n\n\n\n<p>Suivent&nbsp;&nbsp;<em>L\u2019Odyss\u00e9e<\/em>,&nbsp;<em>M\u00e9lodies en sous-sol<\/em>&nbsp; (avec&nbsp;<strong>l\u2019Ensemble de Tubas des Pays de la Loire).&nbsp;<\/strong><em>Du Chaos \u00e0 l\u2019Olympe&nbsp;<\/em>(Mythologie grecque).&nbsp;<em>Celui qui parle ne doit pas oublier que celui qui l\u2019\u00e9coute est un malin&nbsp;!&nbsp;<\/em>(avec le conteur et musicien&nbsp;<strong>Robert Nana)<\/strong><\/p>\n\n\n\n<p><em>Orph\u00e9e<\/em>, \u00ab&nbsp;<em>Ca s\u2019est pass\u00e9 comme \u00e7a&#8230;&nbsp;\u00bb<\/em>(Cr\u00e9ations du Monde),&nbsp;<em>Chaka&nbsp;<\/em>&nbsp;(Epop\u00e9e Zoulou avec la conteuse et musicienne&nbsp;<strong>Sharon Evans,&nbsp;<\/strong><em>ConteX\u2019TET,<\/em>&nbsp;(avec le grand ensemble de jazz&nbsp;<strong>X\u2019TET Bruno Regnier)<\/strong>.&nbsp;<em>La g\u00e9om\u00e9trie des silences&nbsp;<\/em>&nbsp;<strong>(A propos de l\u2019autisme).&nbsp;<\/strong><em>Chemins de paroles<\/em><strong>&nbsp;<\/strong>et&nbsp;<em>Duos<\/em><strong>&nbsp;avec huit conteurs autistes<\/strong>.&nbsp;<em>A Port\u00e9e de voix<\/em>.&nbsp;<em>Babel<\/em>.&nbsp;<em>Le Bossu. Inconnu-E-s&nbsp;<\/em>2014&nbsp;<strong>avec huit conteurs autistes.<\/strong><\/p>\n\n\n\n<p><em>Les chants d\u2019Orph\u00e9e<\/em>&nbsp;avec J<strong>ulien B\u00e9har<\/strong>&nbsp;(saxophones) et&nbsp;<strong>Christophe Cha\u00efr<\/strong>&nbsp;(batterie, percussions).&nbsp;<em>42.195&nbsp;<\/em>(le marathon d\u2019une vie).<\/p>\n\n\n\n<p>-2003-2017 Ateliers de la Parole et creations de spectacles avec un groupe de quatre hommes et quatre femmes autistes. Ces huit personnes racontent d\u00e9sormais en public. Leur premier spectacle commun&nbsp;&nbsp;<strong>\u201cChemins de Paroles\u201d<\/strong>&nbsp;&nbsp;a \u00e9t\u00e9 donn\u00e9 quatre \u00e0 cinq fois par an entre&nbsp;&nbsp;2007 et 2011.&nbsp;<strong>\u201cDuos, paroles singuli\u00e8res\u201d,<\/strong>&nbsp;le nouveau spectacle est jou\u00e9 depuis dans nombre de festivals de conte .<\/p>\n\n\n\n<p>Spectacles&nbsp;<strong>\u00ab&nbsp;Babel&nbsp;\u00bb<\/strong>&nbsp;(avec manipulation d\u2019objets),&nbsp;<strong>\u00ab&nbsp;Chaka&nbsp;\u00bb<\/strong>&nbsp;(\u00e9pop\u00e9e terrifiante),&nbsp;<strong>\u00ab&nbsp;Orph\u00e9e&nbsp;\u00bb<\/strong>&nbsp;(en compagnie du saxophoniste Julien Behar et du batteur Christophe Cha\u00efr),&nbsp;<\/p>\n\n\n\n<p>2003- 2012&nbsp;: Cr\u00e9ation et direction artistique du festival \u00ab&nbsp;<strong>Paroles de Partout<\/strong>&nbsp;\u00bb<\/p>\n\n\n\n<p>2016 Creation de La Folle Nuit du Conte<\/p>\n\n\n\n<p>2011 Cr\u00e9ation du second spectacle solo sur l\u2019autisme&nbsp;<strong>\u201cA port\u00e9e de voix\u201d.<\/strong><\/p>\n\n\n\n<p>2010 Spectacle&nbsp;<strong>\u00ab&nbsp;Contextet&nbsp;\u00bb<\/strong>&nbsp;avec les 10 musiciens de l\u2019ensemble de jazz Xtet<\/p>\n\n\n\n<p>2008&nbsp;&nbsp;Cr\u00e9ation du premier spectacle solo sur l\u2019autisme&nbsp;<strong>\u201cLa g\u00e9om\u00e9trie des silences\u201d puis de \u00ab&nbsp;A port\u00e9e de voix&nbsp;\u00bb.&nbsp;<\/strong>Ces deux spectacles sont souvent accompagn\u00e9s d\u2019une conference-d\u00e9bat.<\/p>\n\n\n\n<p><strong>-Parution<\/strong>&nbsp;du livre&nbsp;<strong>\u201cToi, l&rsquo;Autre moi\u201d<\/strong>, hommage aux huit conteurs autistes cit\u00e9s plus haut.&nbsp;&nbsp;<\/p>\n\n\n\n<p>-Ateliers de la Parole avec des jeunes malvoyants polyhandicap\u00e9s. \u2013<\/p>\n\n\n\n<p><strong>-Cr\u00e9ation et organisation du festival de contes<\/strong>&nbsp;<a href=\"http:\/\/www.parolesdepartout.com\/\">\u00ab\u00a0Paroles de Partout\u00a0\u00bb<\/a>(1\u00e8re \u00e9dition : septembre 2003).<\/p>\n\n\n\n<p><strong>-Parution&nbsp;<\/strong>du livre<strong>&nbsp;\u201cZeus &amp; Compagnie\u201d<\/strong>&nbsp;(Cosmogonie grecque) Ed. \u201cMots &amp; Couleurs\u201d (Epuis\u00e9).&nbsp;<\/p>\n\n\n\n<p>&#8211;<strong>Parution&nbsp;<\/strong>du CD de contes&nbsp;<strong>\u201cCelui qui parle ne doit jamais oublier que celui qui l\u2019\u00e9coute est un malin!\u201d&nbsp;<\/strong>avec&nbsp;<a href=\"mailto:robert.nana@wanadoo.fr\">Robert Nana<\/a>, conteur et percussionniste.<\/p>\n\n\n\n<p>-Deux ans dans le groupe \u201cFahrenheit\u201d au&nbsp;<strong>Centre de Litt\u00e9rature Orale avec Bruno de la Salle<\/strong>.<\/p>\n\n\n\n<p><strong>&#8211; Ecriture de spectacles musicaux<\/strong>&nbsp;pour le\u201cQuatuor de Tubas de Nantes\u201d, \u201cTuba-Canal\u201d (Ensemble de tubas des Pays de la Loire), diverses harmonies de Loire-Atlantique et la chorale renaissance \u201cPoly-Sons\u201d<\/p>\n","protected":false},"excerpt":{"rendered":"<p>Raconter, dire, \u00eatre entendu. Partager le doute et le questionnement\u00a0 face \u00e0 la vie, dire la part de f\u00e9minit\u00e9 qui se cache sous l&rsquo;\u00e9paisse carcasse de l&rsquo;homme, rire aussi parce que le rire est le plus court chemin pour rejoindre\u00a0 l&rsquo;autre. L&rsquo;Autre&#8230; \u00eatre avec lui, lui tendre la main, l&#8217;emmener dans mes voyages et accepter [&hellip;]<\/p>\n","protected":false},"author":1,"featured_media":85,"parent":0,"menu_order":0,"comment_status":"closed","ping_status":"closed","template":"","meta":{"spay_email":""},"jetpack_sharing_enabled":true,"jetpack_likes_enabled":true,"_links":{"self":[{"href":"https:\/\/marcbuleon.com\/conte\/index.php?rest_route=\/wp\/v2\/pages\/4"}],"collection":[{"href":"https:\/\/marcbuleon.com\/conte\/index.php?rest_route=\/wp\/v2\/pages"}],"about":[{"href":"https:\/\/marcbuleon.com\/conte\/index.php?rest_route=\/wp\/v2\/types\/page"}],"author":[{"embeddable":true,"href":"https:\/\/marcbuleon.com\/conte\/index.php?rest_route=\/wp\/v2\/users\/1"}],"replies":[{"embeddable":true,"href":"https:\/\/marcbuleon.com\/conte\/index.php?rest_route=%2Fwp%2Fv2%2Fcomments&post=4"}],"version-history":[{"count":14,"href":"https:\/\/marcbuleon.com\/conte\/index.php?rest_route=\/wp\/v2\/pages\/4\/revisions"}],"predecessor-version":[{"id":947,"href":"https:\/\/marcbuleon.com\/conte\/index.php?rest_route=\/wp\/v2\/pages\/4\/revisions\/947"}],"wp:featuredmedia":[{"embeddable":true,"href":"https:\/\/marcbuleon.com\/conte\/index.php?rest_route=\/wp\/v2\/media\/85"}],"wp:attachment":[{"href":"https:\/\/marcbuleon.com\/conte\/index.php?rest_route=%2Fwp%2Fv2%2Fmedia&parent=4"}],"curies":[{"name":"wp","href":"https:\/\/api.w.org\/{rel}","templated":true}]}}