{"id":34,"date":"2014-07-12T22:49:07","date_gmt":"2014-07-12T22:49:07","guid":{"rendered":"http:\/\/marcbuleon.com\/conte\/?page_id=34"},"modified":"2026-03-01T08:37:04","modified_gmt":"2026-03-01T08:37:04","slug":"on-pourrait-se-croiser","status":"publish","type":"page","link":"https:\/\/marcbuleon.com\/conte\/?page_id=34","title":{"rendered":"Agenda 2026"},"content":{"rendered":"\n<p>Du 5 au 9 janvier 2026 : r\u00e9sidence de cr\u00e9ation au Grand-lieu du conte : \u00ab\u00a0R\u00e9cus\u00e9!\u00a0\u00bb (titre provisoire). R\u00e9cit de vie \u00e0 partir de mon exp\u00e9rience de jur\u00e9 d&rsquo;assises.<\/p>\n\n\n\n<p>6 f\u00e9vrier 2026 : Spectacle \u00ab\u00a0La g\u00e9om\u00e9trie des silences\u00a0\u00bb \u00e0 19h \u00e0 Montbert (44). R\u00e9sa : D. Prime : 06 83 44 92 95<\/p>\n\n\n\n<p>5 mars 2026 : Avant-avant premi\u00e8re de \u00ab\u00a0R\u00e9cus\u00e9!\u00a0\u00bb (titre provisoire).Festival \u00ab\u00a0Contes n&rsquo;ty\u00a0\u00bb (22). Chez Ghislaine Messager. Lesneven. R\u00e9sa : 06 61 89 92 94<\/p>\n\n\n\n<p>6 mars 2026 : Avant-premi\u00e8re de \u00ab\u00a0R\u00e9cus\u00e9!\u00a0\u00bb (titre provisoire). \u00e0 20h \u00e0 La grange, Cr\u00e9goat \u2013 Carno\u00ebt (29). R\u00e9servation : 02 96 21 59 73<\/p>\n\n\n\n<p>28 et 29 mars 2026 : Stage de conte Le Havre<\/p>\n\n\n\n<p>7 avril 2026: Spectacle \u00ab\u00a042.195, le marathon d&rsquo;une vie\u00a0\u00bb \u00e0 15h. Lyc\u00e9e pro de St S\u00e9bastien sur Loire.<\/p>\n\n\n\n<p>28 et 29 mai 2026 : \u00ab\u00a0La g\u00e9om\u00e9trie des silences\u00a0\u00bb \u00e0 20h au th\u00e9\u00e2tre de Belleville, Nantes. R\u00e9sa : 02 40 69 62 20<\/p>\n\n\n\n<p>5 et 6 mai 2026 : \u00ab\u00a0A port\u00e9e de voix\u00a0\u00bb \u00e0 20h au th\u00e9\u00e2tre de Belleville, Nantes. R\u00e9sa : 02 40 69 62 20<\/p>\n\n\n\n<p><strong>Agenda 2025<\/strong><\/p>\n\n\n\n<p>12 mars 2025 : Journ\u00e9e internationale des droits des femmes. Mediath\u00e8que St Jean de Boiseau (44) \u00e0 18h<\/p>\n\n\n\n<p>15 et 16 mars 2025 : Stage \u00ab\u00a0Le rythme de la parole\u00a0\u00bb \u00e0 L&rsquo;Aigle (61)<\/p>\n\n\n\n<p>22 mars 2025 : \u00ab\u00a0La g\u00e9om\u00e9trie des silences \u00a0\u00bb \u00e0 20h \u00e0 Babel-Ouest \u00e0 Nantes (r\u00e9sa : renaud.lemor@wanadoo.fr<\/p>\n\n\n\n<p>27 mars 2025 : \u00ab\u00a042.195, le marathon d&rsquo;une vie\u00a0\u00bb \u00e0 Machecoul (Lyc\u00e9e) (R\u00e9sa : 06 61 89 92 94)<\/p>\n\n\n\n<p>29 mars 2025 : \u00ab\u00a042.195, le marathon d&rsquo;une vie\u00a0\u00bb . Le Pellerin \u00e0 19h. R\u00e9sa : 06 61 89 92 94<\/p>\n\n\n\n<p>24 et 25 mai 2025 : Exposition des \u00ab\u00a0Marqueteries insolites\u00a0\u00bb au Pellerin (44)<\/p>\n\n\n\n<p>14 juillet 2025 : \u00ab\u00a042.195, le marathon d&rsquo;une vie\u00a0\u00bb . Nevers (Date et lieu \u00e0 confirmer)<\/p>\n\n\n\n<p>25 juillet 2025 : \u00ab\u00a0A port\u00e9e de voix\u00a0\u00bb. 20h \u00e0 la grange (pr\u00e8s de Callac. 22) (r\u00e9sa : 06 61 89 92 94)<\/p>\n\n\n\n<p>Du 20 au 25 aout 2025 : Festival \u00ab\u00a0El Caribe Cuenta\u00a0\u00bb Baranquilla. Colombie<\/p>\n\n\n\n<p>20 septembre 2025 : \u00ab\u00a0La geometr\u00eda de los silencios\u00a0\u00bb. \u00c1vila. Espa\u00f1a<\/p>\n\n\n\n<p>9 novembre 2025 : \u00ab\u00a042.195, le marathon d&rsquo;une vie\u00a0\u00bb. Festival \u00ab\u00a0Les pieds dans le plat\u00a0\u00bb. Mouchamp (85) chez Claudine Goichon (r\u00e9sa : 06 61 89 92 94)<\/p>\n\n\n\n<p>14 novembre 2025 : \u00ab\u00a042.195, le marathon d&rsquo;une vie\u00a0\u00bb. Festival \u00ab\u00a0Les pieds dans le plat\u00a0\u00bb. Thorigny (85) chez Patricia Hay (r\u00e9sa : 06 61 89 92 94)<\/p>\n\n\n\n<p>15 novembre 2025 : \u00ab\u00a042.195, le marathon d&rsquo;une vie\u00a0\u00bb \u00e0 19h30. Festival \u00ab\u00a0Les pieds dans le plat\u00a0\u00bb. La Roche sur Yon  (85) chez C\u00e9line Logeais (r\u00e9sa : 06 61 89 92 94)<\/p>\n\n\n\n<p>22 et 23 novembre 2025 : Stage  de conte . Angers<\/p>\n\n\n\n<p>23 novembre 2025 : \u00ab\u00a0A port\u00e9e de voix\u00a0\u00bb \u00e0 15h. Association Culture et sant\u00e9 mentale. Foyer Robert Robin. Angers<\/p>\n\n\n\n<p>Du 6 au 8 mars 2026 : Festival de contes pr\u00e8s de Morlaix (29)<\/p>\n\n\n\n<p>Du 21 au 22 mars 2026 : Stage de conte au Havre<\/p>\n\n\n\n<p><\/p>\n\n\n\n<p><\/p>\n\n\n\n<p><\/p>\n\n\n\n<p><\/p>\n\n\n\n<p><\/p>\n\n\n\n<p>14 janvier <strong>2024<\/strong> : \u00ab\u00a0La g\u00e9om\u00e9trie des silences\u00a0\u00bb au Pellerin 44640 (bar associatif le 3frs6sous) \u00e0 18h (\u00e0 confirmer)<\/p>\n\n\n\n<p>19 janvier<strong> 2024<\/strong> : \u00ab\u00a042.195, le marathon d&rsquo;une vie\u00a0\u00bb. Les Achards (85)<\/p>\n\n\n\n<p>28 janvier 2024 : \u00ab\u00a0A port\u00e9e de voix\u00a0\u00bb au Pellerin 44640 (bar associatif le 3frs6sous) \u00e0 18h (\u00e0 confirmer)<\/p>\n\n\n\n<p>2, 3 et 4 f\u00e9vrier <strong>2024<\/strong> : Festival \u00ab\u00a0Contes en hiver\u00a0\u00bb Tarbes<\/p>\n\n\n\n<p>10 et 11 f\u00e9vrier <strong>2024<\/strong> : Stage \u00ab\u00a0Le rythme de la Parole\u00a0\u00bb. Vichy<\/p>\n\n\n\n<p>17 f\u00e9vrier <strong>2024<\/strong> : \u00ab\u00a0Envol\u00a0\u00bbavec la plasticienne Odile Kayser \u00e0 20h \u00e0 Monni\u00e8res (44)<\/p>\n\n\n\n<p>27 f\u00e9vrier <strong>2024<\/strong> : \u00ab\u00a0Contes de ruses. Rez\u00e9 (44)<\/p>\n\n\n\n<p>16 mars <strong>2024<\/strong> : \u00ab\u00a042.195, le marathon d&rsquo;une vie\u00a0\u00bb \u00e0 St S\u00e9bastien \/ Loire (44). M\u00e9diath\u00e8que (horaire \u00e0 confirmer)<\/p>\n\n\n\n<p>Du 16 mars au 14 mai 2024 : Exposition des \u00ab\u00a0Marqueteries insolites\u00a0\u00bb au \u00ab\u00a0Hang&rsquo;Art\u00a0\u00bb, galerie-mus\u00e9e d\u00e9di\u00e9 \u00e0 l&rsquo;art singulier (avec Odile Kayser). <a href=\"http:\/\/www.hang-art.fr\/\">www.hang-art.fr<\/a>&nbsp;\u2013 facebook&nbsp;: Abbac Hang-Art<\/p>\n\n\n\n<p>3 avril<strong> 2024<\/strong> : \u00ab\u00a0La g\u00e9om\u00e9trie des silences\u00a0\u00bb \u00e0 Angers \u00e0 15h30 (lieu \u00e0 pr\u00e9ciser)<\/p>\n\n\n\n<p>6 et 7 avril <strong>2024<\/strong> : Stage \u00ab\u00a0Le rythme de la parole\u00a0\u00bb \u00e0 Vichy<\/p>\n\n\n\n<p>24 mai <strong>2024<\/strong> : \u00ab\u00a042.195, le marathon d&rsquo;une vie\u00a0\u00bb  \u00e0 la m\u00e9diath\u00e8que de St Jean de Monts (85)<\/p>\n\n\n\n<p>31 mai <strong>2024<\/strong> : \u00ab\u00a0La g\u00e9om\u00e9trie des silences \u00ab\u00a0\u00e0 20h \u00e0 la m\u00e9diath\u00e8que Germaine Tillon \u00e0 St Maur des Foss\u00e9s<\/p>\n\n\n\n<p>9 juin 2024 : Stage au Grand lieu du conte \u00e0 St Aignan de Grandlieu.<\/p>\n\n\n\n<p>5 octobre 2024 : \u00ab\u00a042.195\u00a0\u00bb \u00e0 17h \u00e0 la m\u00e9diath\u00e8que de la Baule (44)<\/p>\n\n\n\n<p>18 octobre 2024 : \u00ab\u00a042.195\u00a0\u00bb \u00e0 19h \u00e0 la m\u00e9diath\u00e8que de Pornichet (44)<\/p>\n\n\n\n<p>Le 29 octobre 2024 : \u00ab\u00a042.195\u00a0\u00bb \u00e0 20h \u00e0 Plourin les Morlaix (22). Festival La charrette aux merveilles<\/p>\n\n\n\n<p>Le 8 novembre 2024 : \u00ab\u00a042.195\u00a0\u00bb \u00e0 20h \u00e0 la m\u00e9diath\u00e8que de St Jean de Monts (85)<\/p>\n\n\n\n<p>Le 10 novemnre 2024 : \u00ab\u00a0La g\u00e9om\u00e9trie des silences\u00a0\u00bb \u00e0 Angers (49)<\/p>\n\n\n\n<p>Le 20 novembre 2024 : \u00ab\u00a042.195\u00a0\u00bb \u00e0 20h. Salle Louis Jouvet. Formerie (Oise). Festival Contes d&rsquo;automne <\/p>\n\n\n\n<p>Le 22 novembre 2024 : \u00ab\u00a042.195\u00a0\u00bb \u00e0 10h. Coll\u00e8ge. Margny-les Compi\u00e8gnes. Festival Contes d&rsquo;automne <\/p>\n\n\n\n<p>Le 22 novembre 2024 : \u00ab\u00a042.195\u00a0\u00bb \u00e0 20h. M\u00e9diath\u00e8que Jean Moulin. Margny-les Compi\u00e8gnes. Festival Contes d&rsquo;automne <\/p>\n\n\n\n<p>Le 23 novembre 2024 : \u00ab\u00a042.195\u00a0\u00bb \u00e0 20h30. M\u00e9diath\u00e8que madeleine Odent.Bresles. Festival Contes d&rsquo;automne <\/p>\n\n\n\n<p>30 novembre 2024 : \u00ab\u00a0Envol\u00a0\u00bb avec Odile Kayser \u00e0 15h \u00e0 la m\u00e9diath\u00e8que de Montrouge.<\/p>\n\n\n\n<p>7 d\u00e9cembre 2024 : \u00ab\u00a0Envol\u00a0\u00bb avec Odile Kayser \u00e0 20h dans le vignoble nantais (lieu \u00e0 d\u00e9terminer).<\/p>\n\n\n\n<p>12 d\u00e9cembre 2024 : \u00ab\u00a042.195, le marathon d&rsquo;une vie\u00a0\u00bb \u00e0 20h \u00e0 \u00ab\u00a0La Mie Mobile\u00a0\u00bb (32 bd Villebois Mareuil) \u00e0 Rennes<\/p>\n\n\n\n<p>17 d\u00e9cembre 2024 : \u00ab\u00a0A port\u00e9e de voix\u00a0\u00bb \u00e0 13h30 \u00e0 la Manu \u00e0 Nantes (r\u00e9sa : 06 61 89 92 94)<\/p>\n\n\n\n<p><\/p>\n\n\n\n<h2>Agenda 2023<\/h2>\n\n\n\n<p>22 janvier 2023 : \u00ab\u00a0Le grand plongeon\u00a0\u00bb avec la plasticienne Odile Kayser \u00e0 15h30 \u00e0 la m\u00e9diath\u00e8que de Stains (93) T\u00e9l : 01 71 86 31 00<\/p>\n\n\n\n<p>26 janvier 2023 : \u00ab\u00a0A port\u00e9e de voix\u00a0\u00bb \u00e0 16h pour la biblioth\u00e8que d\u00e9partementale de Vend\u00e9e, \u00e0 Mouilleron le captif T\u00e9l : 06 61 89 92 94<\/p>\n\n\n\n<p>13 et 14 f\u00e9vrier : Stage \u00ab\u00a0Le rythme de la parole\u00a0\u00bb pour le Centre national de la fonction publique territoriale. Le Mans.<\/p>\n\n\n\n<p>4 et 5 mars : Stage \u00ab\u00a0Le rythme de la parole\u00a0\u00bb au Grand Lieu du Conte. St Aignan de Grandlieu (44)<\/p>\n\n\n\n<p>12 et 13 Mars : \u00ab\u00a042.195, le marathon d&rsquo;une vie\u00a0\u00bb. Festival \u00ab\u00a0Contes en maisons\u00a0\u00bb (77). horaires et lieux \u00e0 pr\u00e9ciser. 06 21 12 66 99<\/p>\n\n\n\n<p>15 et 16 mars 2023 : \u00ab\u00a0Envol\u00a0\u00bb. Th\u00e9atre de l&rsquo;Astronef. Marseille (horaires \u00e0 pr\u00e9ciser)<\/p>\n\n\n\n<p>17 mars 2023 : \u00ab\u00a0Ap\u00e9ro-conte et repas cont\u00e9\u00a0\u00bb avec Cl\u00e9ment Goguillot,Mapie Caburet, Sylvie Vieville&#8230; Th\u00e9\u00e2tre de l&rsquo;Astronef. Marseille. (horaires \u00e0 pr\u00e9ciser)<\/p>\n\n\n\n<p>18 mars 2023 : \u00ab\u00a0Contes de ruses\u00a0\u00bb. M\u00e9diath\u00e8que de Toulon. (horaires \u00e0 pr\u00e9ciser)<\/p>\n\n\n\n<p>18 mars 2023 : \u00ab\u00a042.195\u00a0\u00bb \u00e0 20H30 au th\u00e9\u00e2tre de l&rsquo;Astronef. Marseille<\/p>\n\n\n\n<p>19 mars 2023 : \u00ab\u00a0Marathon du conte\u00a0\u00bb, de 10h \u00e0 20h. Marseille<\/p>\n\n\n\n<p>14 avril 2023 : \u00ab\u00a042.195\u00a0\u00bb \u00e0 20h \u00e0 la m\u00e9diath\u00e8que des Sables d&rsquo;Olonne, dans le cadre de la f\u00eate du livre.<\/p>\n\n\n\n<p>28 avril 2023 : \u00ab\u00a0Envol\u00a0\u00bb avec la plasticienne Odile Kayser 10h \u00e0 la m\u00e9diath\u00e8que Andr\u00e9 Malraux de Gennevilliers<\/p>\n\n\n\n<p>13 juin 2023 : \u00ab\u00a0Envol\u00a0\u00bb avec la plasticienne Odile Kayser 10h \u00e0 la m\u00e9diath\u00e8que de Laigle<\/p>\n\n\n\n<p>1er juillet 2023 : \u00ab\u00a042.195, le marathon d&rsquo;une vie\u00a0\u00bb. Biblioth\u00e8que d\u00e9partementale Loire-Atlantique.<\/p>\n\n\n\n<p>6, 7 et 8 septembre 2023 : Stage de conte dans le cadre de la Folle Nuit du Conte. St Jean de Boiseau (44) 06 61 89 92 94<\/p>\n\n\n\n<p>9 et 10 septembre 2023 : \u00ab\u00a0La Folle Nuit du Conte\u00a0\u00bb de 19h le samedi  \u00e0 9h le dimanche. (Programmation en cours)<\/p>\n\n\n\n<p>22 septembre : \u00ab\u00a042.195, le marathon d&rsquo;une vie\u00a0\u00bb \u00e0 20h30 \u00e0 Gorges (44)<\/p>\n\n\n\n<p>16 octobre : Festival \u00ab\u00a0Dire, lire et conter\u00a0\u00bb. \u00ab\u00a0Contes de ruses\u00a0\u00bb. St Genest. Salle des f\u00eates. 16h30<\/p>\n\n\n\n<p>17 octobre: Festival \u00ab\u00a0Dire, lire et conter\u00a0\u00bb. \u00ab\u00a0Contes de ruses\u00a0\u00bb. Argenty. 16h45<\/p>\n\n\n\n<p>18 octobre : Festival \u00ab\u00a0Dire, lire et conter\u00a0\u00bb. \u00ab\u00a0Contes de ruses\u00a0\u00bb. Villebret. 14h<\/p>\n\n\n\n<p>19 octobre :  Festival \u00ab\u00a0Dire, lire et conter\u00a0\u00bb. \u00ab\u00a0Contes de ruses\u00a0\u00bb. Montlu\u00e7on. 17h<\/p>\n\n\n\n<p>25 octobre : \u00ab\u00a042.195, le marathon d&rsquo;une vie\u00a0\u00bb \u00e0 18h30 \u00e0 St Philbert de Grandlieu (44)<\/p>\n\n\n\n<p>Du 6 novembre au 20 d\u00e9cembre : Exposition de mes \u00ab\u00a0Marqueteries Insolites\u00a0\u00bb \u00e0 l&rsquo;Universit\u00e9 permanente \u00e0 Nantes, en compagnie des \u0153uvres de Odile Kayser.<\/p>\n\n\n\n<p>15 novembre : \u00ab\u00a0Envol\u00a0\u00bbavec la plasticienne Odile Kayser \u00e0 18h30 \u00e0 Mortagne (85)<\/p>\n\n\n\n<p>17 novembre 2023 : \u00ab\u00a042.195, le marathon d&rsquo;une vie\u00a0\u00bb \u00e0 20h \u00e0 Caen. Maison de quartier de Venoix.<\/p>\n\n\n\n<p>18 et 19 novembre : Stage de conte \u00e0 Caen. Association Conte, Raconte.<\/p>\n\n\n\n<p>24 novembre : Contes de ruses \u00e0 20h Juign\u00e9 sur Loire (49)<\/p>\n\n\n\n<p><\/p>\n\n\n\n<p>25 novembre : \u00ab\u00a042.195, le marathon d&rsquo;une vie\u00a0\u00bb \u00e0 19h30 \u00e0 Sevran<\/p>\n\n\n\n<p>25 novembre : \u00ab\u00a042.195, le marathon d&rsquo;une vie\u00a0\u00bb \u00e0 19h30 \u00e0 Sevran<\/p>\n\n\n\n<p>1er d\u00e9cembre 2023 : \u00ab\u00a042.195, le marathon d&rsquo;une vie\u00a0\u00bb \u00e0 Muzillac, chez l&rsquo;habitant (contact : 06 61 89 92 94)<\/p>\n\n\n\n<p>16 d\u00e9cembre : \u00ab\u00a042.195, le marathon d&rsquo;une vie\u00a0\u00bb \u00e0 20h30 \u00e0 Ste Pazanne (44)<\/p>\n\n\n\n<p>19 janvier <strong>2024<\/strong> : \u00ab\u00a042.195, le marathon d&rsquo;une vie\u00a0\u00bb. Les Achards (85)<\/p>\n\n\n\n<p>2, 3 et 4 janvier <strong>2024<\/strong> : Festival \u00ab\u00a0Contes en hiver\u00a0\u00bb Tarbes<\/p>\n\n\n\n<p>17 f\u00e9vrier <strong>2024<\/strong> : \u00ab\u00a0Envol\u00a0\u00bbavec la plasticienne Odile Kayser \u00e0 20h \u00e0 Monni\u00e8res (44)<\/p>\n\n\n\n<p>24 mai 2024 : \u00ab\u00a042.195, le marathon d&rsquo;une vie\u00a0\u00bb  \u00e0 St Jean de Monts (85)<\/p>\n\n\n\n<p>31 mai 2024 : \u00ab\u00a0La g\u00e9om\u00e9trie des silences \u00ab\u00a0\u00e0 St Maur des Foss\u00e9s<\/p>\n\n\n\n<div class=\"wp-container-2 wp-block-group\"><div class=\"wp-block-group__inner-container\">\n<h2>AGENDA 2022<\/h2>\n\n\n\n<p><em><span class=\"has-inline-color has-vivid-red-color\">Plus de renseignements : marcbuleon@hotmail.com \/ 00 33 6 61 89 92 94<\/span><\/em><\/p>\n\n\n\n<p>14 janvier 2022 : Extraits de \u00ab\u00a042.195\u00a0\u00bb \u00e0 la Journ\u00e9e professionnelle au TNT \u00e0 Nantes<\/p>\n\n\n\n<p>15 janvier 2022 : \u00ab\u00a0Envol\u00a0\u00bb avec la plasticienne Odile Kayser \u00e0 20h \u00e0 la M\u00e9diath\u00e8que du Canal. Montigny le Bretonneux. R\u00e9sa :  01 30 96 96 00<\/p>\n\n\n\n<p>18 janvier 2022 : \u00ab\u00a042.195\u00a0\u00bb \u00e0 20H. Maison Jeanne-Marie. Le Breuil Barret (85). R\u00e9sa : 02 51 87 47 56.<\/p>\n\n\n\n<p>20 Janvier 2022 : \u00ab\u00a0La g\u00e9om\u00e9trie des silences\u00a0\u00bb \u00e0 18h30 \u00e0 l&rsquo;Atelier Janusz Korczack. Rue du Chevalier de la Barre. Issy les Moulineaux. Festival de contes. R\u00e9sa : 01 41 23 86 10<\/p>\n\n\n\n<p>21 janvier 2022 : \u00ab\u00a042.195\u00a0\u00bb \u00e0 20h \u00e0 Baden (56). R\u00e9sa : 06 61 89 92 94<\/p>\n\n\n\n<p>26 et 27 f\u00e9vrier 2022 : Stage de conte \u00e0 Rouen.<\/p>\n\n\n\n<p>10 mars 2022 :  Journ\u00e9e professionnelle dans le 92<\/p>\n\n\n\n<p>26 et 27 mars 2022 : Stage conte Granville<\/p>\n\n\n\n<p>16 avril 2022 : \u00ab\u00a0Envol\u00a0\u00bb avec la plasticienne Odile Kayser. M\u00e9diatheque Pers\u00e9polis. St Ouen (93)<\/p>\n\n\n\n<p>1er juin 2022 : Formations pour enseignant \u00e0 l&rsquo;Universit\u00e9 de Nantes (INSPE)<\/p>\n\n\n\n<p>13 juillet 2022 : \u00ab\u00a0contes de ruses\u00a0\u00bb en fin d&rsquo;apr\u00e8s-midi. Festival Rebonds. Nantes, quartier Manufacture \/ Toutes-aides. R\u00e9sa : 06 10 34 63 64<\/p>\n\n\n\n<p>Du 18 au 24 juillet 2022 : \u00ab\u00a042.195\u00a0\u00bb, \u00ab\u00a0Contes de ruses\u00a0\u00bb&#8230; Festival de contes de Baden (56). R\u00e9sa : 06 76 43 47 06<\/p>\n\n\n\n<p>21 juillet 2022 : \u00ab\u00a0Contes de ruses\u00a0\u00bb.20h. Festival \u00ab\u00a0Les pierres parlent\u00a0\u00bb. Chapelle de Kerbader \u00e0 Fouesnant.<\/p>\n\n\n\n<p>7, 8, 9 septembre 2022 : Stage de conte \u00e0 St Jean de Boiseau (dans le cadre de la Folle \u00ab\u00a0presque\u00a0\u00bb Nuit du Conte). R\u00e9sa : 06 61 89 92 94<\/p>\n\n\n\n<p>10 septembre 2022 : La Folle \u00ab\u00a0presque\u00a0\u00bb Nuit du Conte \u00e0 St Jean de Boiseau (44)<\/p>\n\n\n\n<p>16 septembre 2022 : Ap\u00e9ro-conte \u00e0 19h au Grand Lieu du Conte \u00e0 St Aignan de Grandlieu (44)<\/p>\n\n\n\n<p>21 septembre 2022 : \u00ab\u00a042.195\u00a0\u00bb \u00e0 20h au th\u00e9\u00e2tre du Passage \u00e0 Porrentruy (Suisse)<\/p>\n\n\n\n<p>23 septembre 2022 : \u00ab\u00a0A port\u00e9e de voix\u00a0\u00bb \u00e0 20h Salle Hospitali\u00e8re. Porrentruy (Suisse)<\/p>\n\n\n\n<p>25 et 26 septembre : Stage de conte. Association Isabeilles. r\u00e9a : 079 480 03 73<\/p>\n\n\n\n<p>29 septembre 2022 : \u00ab\u00a042.195\u00a0\u00bb \u00e0 20h15 \u00e0 Antechaux-Roide (25). R\u00e9sa : 06 61 80 72 88<\/p>\n\n\n\n<p><\/p>\n\n\n\n<p>13 et 14 octobre 2022 : Formation d\u00e9partement de la Mayenne<\/p>\n\n\n\n<p>21 octobre 2022 : \u00ab\u00a0La g\u00e9om\u00e9trie des silences\u00a0\u00bb \u00e0 20h30. Mediatheque de St Jean de Monts (85)<\/p>\n\n\n\n<p>15 novembre 2022 :  \u00ab\u00a0La g\u00e9om\u00e9trie des silences\u00a0\u00bb \u00e0 20h. Espace Herbauges. Les Herbiers.<\/p>\n\n\n\n<p>18 novembre 2022 :  \u00ab\u00a0La g\u00e9om\u00e9trie des silences\u00a0\u00bb \u00e0 19h. Mediath\u00e8que de Bellevue. Brest. Festival Grandes Mar\u00e9es<\/p>\n\n\n\n<p>19 novembre 2022 :  \u00ab\u00a0Envol\u00a0\u00bb(avec O. Kayser) \u00e0 16h30. MPT du Guelmeur. Brest. Festival Grandes Mar\u00e9es<\/p>\n\n\n\n<p>26 novembre 2022 :  \u00ab\u00a0A port\u00e9e de voix\u00a0\u00bb \u00e0 17h. Mediath\u00e8que. Plougastel Daoulas. Festival Grandes Mar\u00e9es<\/p>\n\n\n\n<p>3 d\u00e9cembre 2022 : \u00ab\u00a0Envol\u00a0\u00bb avec O. Kayser.M\u00e9diath\u00e8que A. Jardin. Asni\u00e8res. Festival Microfolies.<\/p>\n\n\n\n<p>9 d\u00e9cembre 2022 : \u00ab\u00a0Envol\u00a0\u00bb avec O. Kayser \u00e0 20h \u00e0 Chatou (78). <\/p>\n\n\n\n<p>10 d\u00e9cembre 2022 : \u00ab\u00a0Envol\u00a0\u00bb \u00e0 Sartrouville avec O. Kayser (78). Biblioth\u00e8que Stendhal. R\u00e9sa : 01 39 15 08 25<\/p>\n\n\n\n<p><strong>CALENDRIER 2021<\/strong><\/p>\n\n\n\n<p>Mercredi 20 janvier 2021 : <strong>\u00ab\u00a0Envol\u00a0\u00bb<\/strong> avec Odile Kayser \u00e0 Magny les Hameaux (78)<\/p>\n\n\n\n<p>Jeudi 4 mars 2021 :<strong> \u00ab\u00a0Envol\u00a0\u00bb<\/strong> avec Odile Kayser dans le cadre de la journ\u00e9e professionnelle du 92<\/p>\n\n\n\n<p>Jeudi 11 mars 2021 : <strong>\u00ab\u00a0La g\u00e9om\u00e9trie des Silences\u00a0\u00bb<\/strong> \u00e0 15h \u00e0 la m\u00e9diath\u00e8que Elsa triolet \u00e0 L&rsquo;\u00eele-saint-Denis (93)<\/p>\n\n\n\n<p>Vendredi 12 mars 2021 : <strong>\u00ab\u00a0La g\u00e9om\u00e9trie des Silences\u00a0\u00bb<\/strong> \u00e0 10h \u00e0 la m\u00e9diath\u00e8que Colette \u00e0 Epinay sur Seine (93)<\/p>\n\n\n\n<p>Samedi 20 mars 2021 : <strong>\u00ab\u00a0La g\u00e9om\u00e9trie des Silences\u00a0\u00bb<\/strong> \u00e0 18h30 au Moulin de Grais \u00e0 Verri\u00e8res les Buissons (91)<\/p>\n\n\n\n<p>Vendredi 26 mars 2021 : <strong>\u00ab\u00a0La g\u00e9om\u00e9trie des Silences\u00a0\u00bb<\/strong> \u00e0 10h30 \u00e0 la m\u00e9diath\u00e8que Renaudie \u00e0 Villetaneuse (93)<\/p>\n\n\n\n<p>Lundi 29 mars 2021 : <strong>\u00ab\u00a0Le grand plongeon\u00a0\u00bb<\/strong> \u00e0 10h \u00e0 l&rsquo;\u00e9cole des Courlis. Le Tour du Parc<\/p>\n\n\n\n<p>Vendredi 2 avril 2021 : <strong>\u00ab\u00a0Du Chaos \u00e0 l&rsquo;Olympe\u00a0\u00bb<\/strong> \u00e0 10h \u00e0 la m\u00e9diath\u00e8que Gulliver \u00e0 St Denis (93)<\/p>\n\n\n\n<p>Samedi 10 avril 2021 : <strong>\u00ab\u00a0Le grand plongeon\u00a0\u00bb<\/strong> \u00e0 l&rsquo;Institut fran\u00e7ais. Barcelone<\/p>\n\n\n\n<p>Vendredi 28 mai 2021 : \u201c<strong>La g\u00e9om\u00e9trie des silences<\/strong>\u201d \u00e0 19h \u00e0 Gen\u00e8ve. Th\u00e9\u00e2tre Pito\u00ebff. Contact : 06 61 89 92 94 ou OO 41 78 901 52 97<\/p>\n\n\n\n<p>Vendredi 11 juin : <strong>\u00ab\u00a0Contes de ruses\u00a0\u00bb <\/strong>\u00e0 9h. 2cole Primaire. Quilly (44)<\/p>\n\n\n\n<p>Lundi 5 juillet 2021 : <strong>\u00ab\u00a0Contes de ruses\u00a0\u00bb<\/strong>. Ecole St Marc. St Jean de Boiseau<\/p>\n\n\n\n<p>Jeudi 8 juillet 2021 :<strong> \u00ab\u00a0Contes de ruses\u00a0\u00bb<\/strong>. M\u00e9diath\u00e8que Verri\u00e8re le Buisson. Contact : 01 69 53 10 24<\/p>\n\n\n\n<p>Vendredi 9 juillet 2021: <strong>\u00ab\u00a0Contes de ruses\u00a0\u00bb<\/strong> \u00e0 16h \u00e0 la M\u00e9diath\u00e8que Gulliver. St Denis (93). Contact : 01 71 86 34 60<\/p>\n\n\n\n<p>Jeudi et vendredi 2 et 3 septembre : Journ\u00e9e d&rsquo;int\u00e9gration \u00e0 l&rsquo;Universit\u00e9 de Nantes.<\/p>\n\n\n\n<p>Samedi 11 septembre 2021 : <strong>LA FOLLE NUIT DU CONTE<\/strong> de 16h \u00e0 24h. Chateau du P\u00e9. St Jean de Boiseau (44). Avec Colette Mign\u00e9, Philippe Sizaire et Sophie Cavez, Catherine Gaillard, H\u00e9l\u00e8ne Palardy&#8230;<\/p>\n\n\n\n<p>17-18-19 septembre 2021 : Festival Contes et Compagnie<\/p>\n\n\n\n<p>1  octobre 2021 : <strong>\u00ab\u00a0Envol\u00a0\u00bb<\/strong> avec la plasticienne Odile Kayser. Festival Rumeurs Urbaines \u00e0 la Graineterie \u00e0 14h30 \u00e0 Houilles (78)<\/p>\n\n\n\n<p>2 octobre 2021 : <strong>\u00ab\u00a0Envol\u00a0\u00bb<\/strong> avec la plasticienne Odile Kayser. Festival Rumeurs Urbaines \u00e0 la Graineterie \u00e0 17h00 \u00e0 Houilles (78)<\/p>\n\n\n\n<p>20 octobre 2021 : <strong>\u00ab\u00a0Le panier du p\u00eacheur\u00a0\u00bb<\/strong>. Festival Rumeurs urbaines \u00e0 15h30 \u00e0 la m\u00e9diath\u00e8que P. et M. Curie \u00e0 Nanterre<\/p>\n\n\n\n<div class=\"wp-container-1 wp-block-group\"><div class=\"wp-block-group__inner-container\"><\/div><\/div>\n\n\n\n<p>22 octobre 2021 : \u00ab\u00a0Envol\u00a0\u00bb avec la plasticienne Odile Kayser. Festival Rumeurs Urbaines \u00e0 19h \u00e0 la m\u00e9diath\u00e8que P. et M. Curie \u00e0 Nanterre.<\/p>\n\n\n\n<p>23 octobre 2021 :  \u00ab\u00a042.195\u00a0\u00bb \u00e0 20h30 \u00e0 Carnoet (22) (R\u00e9sa : 02 96 21 59 73)<\/p>\n\n\n\n<p>26 octobre 2021 : \u00ab\u00a042.195\u00a0\u00bb \u00e0 20h30 \u00e0 Plouezoc&rsquo;h (29) (R\u00e9sa : 06 82 95 27 56)<\/p>\n\n\n\n<p>27 octobre 2021 : \u00ab\u00a042.195\u00a0\u00bb \u00e0 19h \u00e0 Landeda (29) (R\u00e9sa : 06 81 89 72 94)<\/p>\n\n\n\n<p>29 octobre 2021 : \u00ab\u00a042.195\u00a0\u00bb \u00e0 19h \u00e0 Santec (29) (R\u00e9sa : 06 89 72 81 40)<\/p>\n\n\n\n<p>5 et 6 novembre 2021 : \u00ab\u00a042.195\u00a0\u00bb \u00e0 19h \u00e0 Nantes au TNT (R\u00e9sa 06 61 89 92 94)<\/p>\n\n\n\n<p>10 novembre 2021 : \u00ab\u00a0Contes de ruses\u00a0\u00bb \u00e0 Valencia (Espagne). Festival Paiporta M\u00f3n de Contes<\/p>\n\n\n\n<p>11 novembre 2021 : \u00ab\u00a0La geometr\u00eda de los slencios\u00a0\u00bb \u00e0 2h30 \u00e0 Valencia (Espagne). Festival Paiporta M\u00f3n de Contes<\/p>\n\n\n\n<p>7 et 8 d\u00e9cembre 2021 : Formations pour enseignant \u00e0 l&rsquo;Universit\u00e9 de Nantes (INSPE)<\/p>\n\n\n\n<h2>AGENDA 2020<\/h2>\n\n\n\n<p><\/p>\n\n\n\n<p>Dimanche 12 janvier : \u00ab\u00a0<strong>42.195<\/strong>\u00a0\u00bb \u00e0 18h \u00e0 Babel Ouest \u00e0 Nantes (44)<\/p>\n\n\n\n<p>Samedi 18 janvier : \u00ab\u00a0<strong>42.195<\/strong>\u00a0\u00bb \u00e0 18h30 \u00e0 la m\u00e9diath\u00e8que St John Perse \u00e0 Aubervilliers dans le cadre du festival Histoires Communes<\/p>\n\n\n\n<p>Dimanche 19 janvier : \u00ab\u00a0<strong>42.195<\/strong>\u00a0\u00bb chez l&rsquo;habitant dans le 18eme arrondissement (rens 06 61 89 92 94)<\/p>\n\n\n\n<p>Samedi 25 janvier : \u00ab\u00a0<strong>Le grand plongeon<\/strong>\u00a0\u00bb \u00e0 15h \u00e0 la m\u00e9diath\u00e8que Flora Tristan \u00e0 Pierrefitte (93) dans le cadre du festival Histoires Communes<\/p>\n\n\n\n<p>Vendredi 31 janvier : \u00ab\u00a0<strong>42.195<\/strong>\u00a0\u00bb \u00e0 20h30 au caf\u00e9 associatif 3 francs 6 sous au Pellerin (44)<\/p>\n\n\n\n<p>Samedi 1er f\u00e9vrier : \u00ab\u00a0<strong>La g\u00e9om\u00e9trie des silences<\/strong>\u00a0\u00bb \u00e0 la m\u00e9diath\u00e8que de Neuilly sur Marne (93)<\/p>\n\n\n\n<p>Jeudi 11 mars 2020 : \u201c<strong>La g\u00e9om\u00e9trie des silences<\/strong>\u201d \u00e0 15h \u00e0 St Denis (93)<\/p>\n\n\n\n<p>Vendredi 12 mars 2020 : \u201c<strong>La g\u00e9om\u00e9trie des silences<\/strong>\u201d \u00e0 10h \u00e0 Epinay sur Seine (93)<\/p>\n\n\n\n<p>Vendredi 13 mars : \u00ab&nbsp;<strong><strong>La g\u00e9om\u00e9trie des silences<\/strong><\/strong>&nbsp;\u00bb&nbsp; \u00e0 10h \u00e0 la m\u00e9diath\u00e8que Albert Camus d&rsquo;Epinay (93) dans le cadre du festival Histoires Communes &#8211; S\u00e9ance Scolaire. Contact : 06 61 89 92 94<\/p>\n\n\n\n<p><s>Samedi 14 mars<\/s> : \u00ab\u00a0<strong><strong>La g\u00e9om\u00e9trie des silences<\/strong><\/strong>\u00a0\u00bb \u00e0 18h30 dans le cadre de la semaine du cerveau \u00e0 Verri\u00e8re les Buissons (91). Moulin de Grais. 12 rue du Lavoir. Contact : 01 71 86 36 40<\/p>\n\n\n\n<p><s>Mardi 24 mars<\/s>&nbsp;: \u00ab&nbsp;<strong><strong>La g\u00e9om\u00e9trie des silences<\/strong><\/strong>&nbsp;\u00bb \u00e0 10h \u00e0 la m\u00e9diath\u00e8que du Temps Libre \u00e0 Stains (93) dans le cadre du Festival Histoires Communes &#8211; S\u00e9ance Scolaire. Contact : 06 61 89 92 94<\/p>\n\n\n\n<p><s>Vendredi 26 mars 2020<\/s> : \u201c<strong>La g\u00e9om\u00e9trie des silences<\/strong>\u201d \u00e0 10h30 \u00e0 Villetaneuse (93)<\/p>\n\n\n\n<p><s>Vendredi 27 mars<\/s> : \u201c<strong>42.195<\/strong>\u201d\u00e0 20h30 au Pellerin (44640). Contact : 06 61 89 92 94<\/p>\n\n\n\n<p><s>Jeudi 1er avril 2020<\/s> : \u201c<strong>Du Chaos \u00e0 l&rsquo;Olympe<\/strong>\u201d \u00e0 10h \u00e0 St Denis (93)<\/p>\n\n\n\n<p><s>Vendredi 24 avril<\/s> : \u00ab\u00a0<strong><strong>le grand plongeon<\/strong><\/strong>\u00a0\u00bb \u00e0 10h \u00e0 la m\u00e9diath\u00e8que Pers\u00e9polis \u00e0 Saint Ouen (93) dans le cadre du festival Histoires Communes &#8211; S\u00e9ance scolaire. Contact : 06 61 89 92 94<\/p>\n\n\n\n<p><s>Vendredi 15 mai <\/s>: \u201c<strong>La g\u00e9om\u00e9trie des silences<\/strong>\u201d \u00e0 19h \u00e0 Gen\u00e8ve. Th\u00e9\u00e2tre Pito\u00ebff. Contact : 06 61 89 92 94 ou OO 41 78 901 52 97<\/p>\n\n\n\n<p><s>2, 3, 4 juin<\/s> : R\u00e9sidence \u201c<strong>Orph\u00e9e<\/strong><\/p>\n\n\n\n<p>Mardi 4 ao\u00fbt :<strong> \u00ab\u00a042.195\u00a0\u00bb<\/strong> \u00e0 19h30 \u00e0 St Aignan de Grandlieu (44)<\/p>\n\n\n\n<p><s>9, 10, 11 septembre<\/s> : <strong>Stage \u201cContes en duo\u201d <\/strong>dans le cadre de La Folle Nuit du Conte. Ch\u00e2teau du P\u00e9, St Jean de Boiseau (44640). Contact : 06 61 89 92 94<\/p>\n\n\n\n<p><s>Nuit du 12 au 13 septembre<\/s> : <strong>La Folle Nuit du Conte\u201d<\/strong>.\u00e0 St Jean de Boiseau (44640). Du samedi 19h au dimanche 9h avec entre autres : Catherine Gaillard, Colette Mign\u00e9, H\u00e9l\u00e8ne Palardy&#8230;<\/p>\n\n\n\n<p>Mercredi 23 septembre :<strong> \u00ab\u00a0A port\u00e9e de voix\u00a0\u00bb<\/strong> \u00e0 20h \u00e0 Nantes dans le cadre du festival \u00ab\u00a0Les sessions secr\u00e8tes du Lapin Blanc\u00a0\u00bb. Lieu surprise!<\/p>\n\n\n\n<p>Vendredi 25 septembre : Intervention dans le cadre des rencontres du CMLO sur le th\u00e8me de&nbsp;<strong>\u00ab\u00a0La litt\u00e9rature orale comme outil de m\u00e9diation dans les secteurs social et m\u00e9dico-social\u00a0\u00bb<\/strong> \u00e0 15h \u00e0 Al\u00e8s<\/p>\n\n\n\n<p>Samedi 26 septembre : <strong>\u00ab\u00a0Contes de ruses\u00a0\u00bb<\/strong>. Festival Plaine Commune<\/p>\n\n\n\n<p>12, 13, 14, 15 octobre : R\u00e9sidence de cr\u00e9ation <strong>\u00ab\u00a0Orph\u00e9e\u00a0\u00bb<\/strong> avec les musiciens Julien Behar (saxophones) et Christophe Cha\u00efr &nbsp;(batterie, percussions)<\/p>\n\n\n\n<p>Mercredi 21 octobre :<strong> \u00ab\u00a0Envol\u00a0\u00bb<\/strong> avec Odile kayser \u00e0 10h30 \u00e0 Clichy la Garenne<\/p>\n\n\n\n<p>Jeudi 22 octobre : <strong>\u00ab\u00a042.195\u00a0\u00bb<\/strong> \u00e0 20h \u00e0 Domartin (71) dans le cadre du festival Les Contes Givr\u00e9s<\/p>\n\n\n\n<p>Vendredi 23 octobre :<strong> \u00ab\u00a042.195\u00a0\u00bb<\/strong> \u00e0 20h \u00e0 la Chapelle de Bragny (71) dans le cadre du festival Les Contes Givr\u00e9s<\/p>\n\n\n\n<p>Samedi 24 octobre : <strong>\u00ab\u00a042.195\u00a0\u00bb<\/strong> \u00e0 20h \u00e0 Aligny en Morvan (58) dans le cadre du festival Les Contes Givr\u00e9s<\/p>\n\n\n\n<p>Mercredi 28 octobre : <strong>\u00ab\u00a0Envol\u00a0\u00bb<\/strong> avec Odile kayser \u00e0 16h dans le cadre du festival Plaine Commune<\/p>\n\n\n\n<p>Mercredi 18 novembre :<strong> \u00ab\u00a0Envol\u00a0\u00bb<\/strong> avec Odile kayser \u00e0 15h \u00e0 La Courneuve (93) &nbsp;(M\u00e9diath\u00e8que Aim\u00e9 C\u00e9saire)<\/p>\n\n\n\n<p align=\"JUSTIFY\">\n<\/p><p align=\"JUSTIFY\">\n<\/p><p align=\"JUSTIFY\"><span style=\"font-family: Trebuchet MS, sans-serif;\">En 2019<\/span><\/p>\n<p align=\"JUSTIFY\"><span style=\"font-family: Trebuchet MS, sans-serif;\">&#8211; jeudi 10 janvier : Stage conte \u00e0 l&rsquo;ESPE Nantes<\/span><\/p>\n<p align=\"JUSTIFY\"><span style=\"font-family: Trebuchet MS, sans-serif;\">&#8211; Du 11 au 23 f\u00e9vrier : Festival de Bobo-Dioulasso. Burkina-Faso<\/span><\/p>\n<p align=\"JUSTIFY\"><span style=\"font-family: Trebuchet MS, sans-serif;\">&#8211; mercredi 06 mars: Stage conte \u00e0 l&rsquo;ESPE. Nantes<\/span><\/p>\n<p align=\"JUSTIFY\"><span style=\"font-family: Trebuchet MS, sans-serif;\">&#8211; mardi 12 mars : Stage \u00e0 la biblioth\u00e8que d\u00e9partementale des cotes d&rsquo;armor<\/span><\/p>\n<p align=\"JUSTIFY\"><span style=\"font-family: Trebuchet MS, sans-serif;\">&#8211; samedi 16 mars : \u00ab&nbsp;La g\u00e9om\u00e9trie des silences&nbsp;\u00bb \u00e0 la m\u00e9diath\u00e8que d&rsquo;Antibes (06)<\/span><\/p>\n<p align=\"JUSTIFY\"><span style=\"font-family: Trebuchet MS, sans-serif;\">&#8211; jeudi 4 avril&nbsp;: \u00ab&nbsp;Tour de contes&nbsp;\u00bb Lyc\u00e9e appert \u2013 Nantes (44)<\/span><\/p>\n<p align=\"JUSTIFY\"><span style=\"font-family: Trebuchet MS, sans-serif;\">&#8211; samedi 6 avril&nbsp;: Stage \u00ab\u00a0Le rythme de la parole\u00a0\u00bb pour le festival \u00ab&nbsp;Nuit d&rsquo;\u00e9toiles et Pluies de contes&nbsp;\u00bb. BOSC LE HARD (76)<\/span><\/p>\n<p align=\"JUSTIFY\"><span style=\"font-family: Trebuchet MS, sans-serif;\">&#8211; dimanche 7 avril : Stage \u00ab\u00a0Le rythme de la parole\u00a0\u00bb pour le festival \u00ab&nbsp;Nuit d&rsquo;\u00e9toiles et Pluies de contes&nbsp;\u00bb. BOSC LE HARD (76)<\/span><\/p>\n<p align=\"JUSTIFY\"><span style=\"font-family: Trebuchet MS, sans-serif;\">&#8211; les 14, 16 et 17 mai : Stage \u00e0 la biblioth\u00e8que d\u00e9partementale des cotes d&rsquo;armor<\/span><\/p>\n<p align=\"JUSTIFY\"><span style=\"font-family: Trebuchet MS, sans-serif;\">&#8211; samedi 18 mai : \u00ab&nbsp;Tour de contes&nbsp;\u00bb \u00e0 l&rsquo;Institut fran\u00e7ais de Barcelone<\/span><\/p>\n<p align=\"JUSTIFY\"><span style=\"font-family: Trebuchet MS, sans-serif;\">&#8211; lundi 20 mai : \u00ab&nbsp;tour de contes&nbsp;\u00bb Coll\u00e8ge &#8211; Saumur (49)<\/span><\/p>\n<p align=\"JUSTIFY\"><span style=\"font-family: Trebuchet MS, sans-serif;\">&#8211; vendredi 24 mai : \u00ab&nbsp;Balade cont\u00e9e&nbsp;\u00bb \u00e0 19h. M\u00e9diath\u00e8que de Pont St Martin (44)<\/span><\/p>\n<p align=\"JUSTIFY\"><span style=\"font-family: Trebuchet MS, sans-serif;\">&#8211; mercredi 29 mai : \u00ab La g\u00e9om\u00e9trie des silences \u00bb&nbsp; \u00e0 20h . B.A.M. de Malakoff (92)<\/span><\/p>\n<p align=\"JUSTIFY\"><span style=\"font-family: Trebuchet MS, sans-serif;\">&#8211; mercredi 11 septembre au vendredi 13 septembre&nbsp;: Stage de conte St Jean de Boiseau (44)<\/span><\/p>\n<p align=\"JUSTIFY\"><span style=\"font-family: Trebuchet MS, sans-serif;\">&#8211; samedi 14 septembre : Folle Nuit du Conte St Jean de Boiseau (44)<\/span><\/p>\n<p align=\"JUSTIFY\"><span style=\"font-family: Trebuchet MS, sans-serif;\">&#8211; mardi 8 octobre : \u00ab&nbsp;Tour de contes&nbsp;\u00bb en Mayenne<\/span><\/p>\n<p align=\"JUSTIFY\"><span style=\"font-family: Trebuchet MS, sans-serif;\">&#8211; dimanche 13 octobre : \u00ab&nbsp;Envol&nbsp;\u00bb \u00e0 16h \u00e0 Ch\u00e2tellerault (79) <\/span><\/p>\n<p align=\"JUSTIFY\"><span style=\"font-family: Trebuchet MS, sans-serif;\">&#8211; lundi 14 octobre : \u00ab&nbsp;Envol&nbsp;\u00bb \u00e0 20h30 pour l&rsquo;inauguration du Festival VOOLP &#8211; Alsace<\/span><\/p>\n<p align=\"JUSTIFY\"><span style=\"font-family: Trebuchet MS, sans-serif;\">&#8211; jeudi 17 octobre : \u00ab\u00a0<\/span><strong><span style=\"font-family: Trebuchet MS, sans-serif;\">42,195<\/span><\/strong><span style=\"font-family: Trebuchet MS, sans-serif;\">\u00a0\u00bb \u00e0 20h30 \u00e0 La Ruche \u00e0 Nantes<\/span><\/p>\n<p align=\"JUSTIFY\"><span style=\"font-family: Trebuchet MS, sans-serif;\">&#8211; mercredi 6 novembre : \u00ab&nbsp;Envol&nbsp;\u00bb \u00e0 14h \u00e0 la m\u00e9diath\u00e8que Louis Aragon dans le cadre d&rsquo;Histoires Communes \u00e0 Stains (93)<\/span><\/p>\n<p align=\"JUSTIFY\"><span style=\"font-family: Trebuchet MS, sans-serif;\">&#8211; dimanche 17 novembre : \u00ab\u00a0Contes de ruses, d&rsquo;\u00e9nigmes et de poursuites\u00a0\u00bb\u00e0 15h30 \u00e0 l&rsquo;espace des Pierres-blanches \u00e0 St jean de Boiseau dans le cadre de l&rsquo;inauguration de la nouvelle salle de spectacle (44)<\/span><\/p>\n<p align=\"JUSTIFY\"><span style=\"font-family: Trebuchet MS, sans-serif;\">&#8211; vendredi 22 novembre : \u00ab\u00a0A port\u00e9e de voix\u00a0\u00bb \u00e0 20h30 au P\u00f4le culturel et scientifique de Rochebelle (30)<br><\/span><\/p>\n<p align=\"JUSTIFY\"><span style=\"font-family: Trebuchet MS, sans-serif;\">&#8211; samedi 23 novembre : formation au CMLO<\/span><\/p>\n<p align=\"JUSTIFY\"><span style=\"font-family: Trebuchet MS, sans-serif;\">&#8211; samedi 30 novembre : \u00ab\u00a042.195\u00a0\u00bb \u00e0 18h30 \u00e0 La Parole Errante, 9 rue Fran\u00e7ois Debergue \u00e0 Montreuil, dans le cadre de la soir\u00e9e de soutien \u00e0 la cantine des Pyr\u00e9n\u00e9es<br><\/span><\/p>\n<p align=\"JUSTIFY\"><span style=\"font-family: Trebuchet MS, sans-serif;\">&#8211; vendredi 6 d\u00e9cembre <\/span><strong><span style=\"font-family: Trebuchet MS, sans-serif;\">\u00ab&nbsp;<\/span><\/strong><span style=\"font-family: Trebuchet MS, sans-serif;\">L<\/span><span style=\"font-family: Trebuchet MS, sans-serif;\">a g\u00e9om\u00e9trie des silences&nbsp;<\/span><em><span style=\"font-family: Trebuchet MS, sans-serif;\">\u00bb <\/span><\/em><span style=\"font-family: Trebuchet MS, sans-serif;\">en cl\u00f4ture du festival du Conte en Val d&rsquo;Oise &#8211; th\u00e9\u00e2tre de l&rsquo;Usine \u00e0 Eragny (95).<\/span><\/p>\n<p align=\"JUSTIFY\"><span style=\"font-family: Trebuchet MS, sans-serif;\">&#8211; mardi 10 d\u00e9cembre&nbsp;: \u00ab&nbsp;Les tribulations d&rsquo;un Bossu&nbsp;\u00bb \u00e0 la m\u00e9diath\u00e8que Henri Michaux d&rsquo;Aubervilliers (93) dans le cadre du festival Histoires Communes &#8211; S\u00e9ance Scolaire.<\/span><\/p>\n<p align=\"JUSTIFY\"><span style=\"font-family: Trebuchet MS, sans-serif;\">&#8211; samedi 14 d\u00e9cembre : \u00ab\u00a0Envol\u00a0\u00bb \u00e0 St molf (horaire \u00e0 venir)<\/span><\/p>\n<p align=\"JUSTIFY\"><span style=\"font-family: Trebuchet MS, sans-serif;\">En 2018<\/span><\/p>\n<p align=\"JUSTIFY\"><span style=\"font-family: Trebuchet MS, sans-serif;\">-7\/01 : R\u00e9cit avec le \u00ab\u00a0Digue Bazar\u00a0\u00bb et l&rsquo;orchestre d&rsquo;harmonie de Montaigu \u00e0 16h. Th\u00e9\u00e2tre de Thalie \u00e0 Montaigu (85)<\/span><\/p>\n<p align=\"JUSTIFY\"><span style=\"font-family: Trebuchet MS, sans-serif;\">-17\/01 : \u00ab\u00a0Le grand plongeon\u00a0\u00bb (contes et dessins \u00e0 partir de 3 ans) \u00e0 16h30 &#8211; Mediatheque St Jean de Boiseau. (44)<\/span><\/p>\n<p align=\"JUSTIFY\"><span style=\"font-family: Trebuchet MS, sans-serif;\">-20&nbsp; \/01 :&nbsp; \u00ab\u00a0Contes de caract\u00e8re\u00a0\u00bb Bourg Briac (22) \u00e0 10h30 et Montcontour (22) \u00e0 20h<\/span><\/p>\n<p align=\"JUSTIFY\"><span style=\"font-family: Trebuchet MS, sans-serif;\">-21\/01 :&nbsp; \u00ab\u00a0Contes de caract\u00e8re\u00a0\u00bb \u00e0 15h &#8211; Treguier (22)<\/span><\/p>\n<p align=\"JUSTIFY\"><span style=\"font-family: Trebuchet MS, sans-serif;\">-26\/01 : \u00ab\u00a0Envol\u00a0\u00bb. Journ\u00e9e pro au TNT Nantes (44)<\/span><\/p>\n<p align=\"JUSTIFY\"><span style=\"font-family: Trebuchet MS, sans-serif;\">-15\/02 : \u00ab\u00a0La g\u00e9om\u00e9trie des silences\u00a0\u00bb \u00e0 Barcelone \u2013 Espagne<\/span><\/p>\n<p align=\"JUSTIFY\"><span style=\"font-family: Trebuchet MS, sans-serif;\">&#8211; 02\/03 : \u00ab\u00a0Envol\u00a0\u00bb \u00e0 11h dans le cadre du Festival Contes et L\u00e9gendes &#8211; Th\u00e9\u00e2tre de la Rianderie. Marcq en Baroeul (59)<\/span><\/p>\n<p align=\"JUSTIFY\"><span style=\"font-family: Trebuchet MS, sans-serif;\">&#8211; 02\/03 : \u00ab\u00a0Balade au mus\u00e9e\u00a0\u00bb. 19h et 20h30. Palais des Beaux arts \u00e0 Marcq en Baroeul (59)<\/span><\/p>\n<p align=\"JUSTIFY\"><span style=\"font-family: Trebuchet MS, sans-serif;\">&#8211; 04\/03 : Tour de contes \u00e0 l&rsquo;ESPE Nantes (s\u00e9ance priv\u00e9e)<\/span><\/p>\n<p align=\"JUSTIFY\"><span style=\"font-family: Trebuchet MS, sans-serif;\">-09\/06 : \u00ab\u00a0Envol\u00a0\u00bb \u00e0 17h45 au <\/span><strong><span style=\"font-family: Trebuchet MS, sans-serif;\">Parc d\u00e9partemental de l\u2019Isle Briand | Le Lion d\u2019Angers<\/span><\/strong><span style=\"font-family: Trebuchet MS, sans-serif;\"> dans le cadre du festival \u00ab\u00a0Curieux Racontages&nbsp;\u00bb<\/span><\/p>\n<p align=\"JUSTIFY\"><span style=\"font-family: Trebuchet MS, sans-serif;\">&#8211; 07\/07 : \u00ab\u00a0La g\u00e9om\u00e9trie des silences\u00a0\u00bb \u00e0 Toulon (caf\u00e9 litt\u00e9raire et philosophique)<\/span><\/p>\n<p align=\"JUSTIFY\"><span style=\"font-family: Trebuchet MS, sans-serif;\">&#8211; 19\/07 : \u00ab\u00a0Contes de ruses, d&rsquo;\u00e9nigmes et de poursuites\u00a0\u00bb \u00e0 21h au Jardin \u00ab Eco parc Escoffier \u00bb&nbsp; \u00e0 Villeneuve-Loubet (06)<\/span><\/p>\n<p align=\"JUSTIFY\"><span style=\"font-family: Trebuchet MS, sans-serif;\">&#8211; 24\/08 : \u00ab\u00a0Envol\u00a0\u00bb \u00e0 la journ\u00e9e pro du festival de Vassivi\u00e8re (23)<\/span><\/p>\n<p align=\"JUSTIFY\"><span style=\"font-family: Trebuchet MS, sans-serif;\">-6 et 7 \/09 : Stage BCA St Brieuc<\/span><\/p>\n<p align=\"JUSTIFY\"><span style=\"font-family: Trebuchet MS, sans-serif;\">-12, 13, 14\/09 : Stage St Jean de Boiseau (44) dans le cadre de la Folle Nuit du Conte \u00e0 St jean de boiseau (44)<\/span><\/p>\n<p align=\"JUSTIFY\"><span style=\"font-family: Trebuchet MS, sans-serif;\">-15 \/09 : \u00ab\u00a0Envol\u00a0\u00bb \u00e0 23h15 \u00e0 la Folle Nuit du Conte \u00e0 St Jean de Boiseau (44)<\/span><\/p>\n<p align=\"JUSTIFY\"><span style=\"font-family: Trebuchet MS, sans-serif;\">-06\/10 : \u00ab\u00a0Babel\u00a0\u00bb \u00e0 15h \u00e0 la m\u00e9diath\u00e8que de Maisons Laffitte (78)<\/span><\/p>\n<p align=\"JUSTIFY\"><span style=\"font-family: Trebuchet MS, sans-serif;\">&#8211; 08\/10 : \u00ab\u00a0A port\u00e9e de voix\u00a0\u00bb \u00e0 20h au Soleil de la Butte &#8211; 32 rue Muller &#8211; 75018 Paris<\/span><\/p>\n<p align=\"JUSTIFY\"><span style=\"font-family: Trebuchet MS, sans-serif;\">&#8211; 16\/10 : \u00ab\u00a0Envol\u00a0\u00bb \u00e0 20h \u00e0 la m\u00e9diath\u00e8que de Bellou en Houlme dans le cadre du festival les Racont&rsquo;arts (61)<\/span><\/p>\n<p align=\"JUSTIFY\"><span style=\"font-family: Trebuchet MS, sans-serif;\">&#8211; 17\/10 : \u00ab\u00a0Envol\u00a0\u00bb \u00e0 20h \u00e0 la m\u00e9diath\u00e8que de la communaut\u00e9 urbaine d&rsquo;Alen\u00e7on dans le cadre du festival les Racont&rsquo;arts (61)<\/span><\/p>\n<p align=\"JUSTIFY\"><span style=\"font-family: Trebuchet MS, sans-serif;\">&#8211; 18\/10 : \u00ab\u00a0Contes de ruses\u00a0\u00bb \u00e0 la m\u00e9diath\u00e8que d&rsquo;Argentan dans le cadre du festival les Racont&rsquo;arts (61)<\/span><\/p>\n<p align=\"JUSTIFY\"><span style=\"font-family: Trebuchet MS, sans-serif;\">&#8211; 19\/10 : \u00ab\u00a0Envol\u00a0\u00bb \u00e0 Domfront dans le cadre du festival les Racont&rsquo;arts (61)<\/span><\/p>\n<p align=\"JUSTIFY\"><span style=\"font-family: Trebuchet MS, sans-serif;\">En 2017<\/span><\/p>\n<p align=\"JUSTIFY\">\u2022 <span style=\"font-family: Trebuchet MS, sans-serif;\">le 14 janvier : \u00ab\u00a0La g\u00e9om\u00e9trie des silences\u00a0\u00bb \u00e0 Rennes (35)<\/span><\/p>\n<p align=\"JUSTIFY\">\u2022 <span style=\"font-family: Trebuchet MS, sans-serif;\">le 19 janvier : Interventions dans des \u00e9coles de Vend\u00e9e + spectacle \u00ab\u00a0ENVOL\u00a0\u00bb \u00e0 18h30 \u00e0 la m\u00e9diath\u00e8que de Breuil Barr\u00e9<\/span><\/p>\n<p align=\"JUSTIFY\">\u2022 <span style=\"font-family: Trebuchet MS, sans-serif;\">le 26 janvier : \u00ab\u00a0La g\u00e9om\u00e9trie des silences\u00a0\u00bb \u00e0 Lorgues (83)<\/span><\/p>\n<p align=\"JUSTIFY\">\u2022 <span style=\"font-family: Trebuchet MS, sans-serif;\">le 28 janvier : \u00ab\u00a0La g\u00e9om\u00e9trie des silences\u00a0\u00bb \u00e0 Clans&nbsp;(06)<\/span><\/p>\n<p align=\"JUSTIFY\">\u2022 <span style=\"font-family: Trebuchet MS, sans-serif;\">le 10 f\u00e9vrier : \u00ab\u00a0Les tribulations d&rsquo;un bossu\u00a0\u00bb \u00e0 Gennevilliers<\/span><\/p>\n<p align=\"JUSTIFY\">\u2022 <span style=\"font-family: Trebuchet MS, sans-serif;\">le 11 f\u00e9vrier : \u00ab\u00a0Inconnues\u00a0\u00bb LA DERNIERE!! &nbsp;\u00e0 16h l&rsquo;espace coeur en sc\u00e8ne \u00e0 Rouans. reservations \u00e0 marcbuleon@hotmail.com<\/span><\/p>\n<p align=\"JUSTIFY\">\u2022 <span style=\"font-family: Trebuchet MS, sans-serif;\">les 23 et 24 f\u00e9vrier : Stage sur le rythme de la parole organis\u00e9 par la biblioth\u00e8que d\u00e9partementale des C\u00f4tes D&rsquo;Armor (22)<\/span><\/p>\n<p align=\"JUSTIFY\">\u2022 <span style=\"font-family: Trebuchet MS, sans-serif;\">le 25 f\u00e9vrier : \u00ab\u00a0Chaka\u00a0\u00bb \u00e0 19h30 \u00e0 la m\u00e9diath\u00e8que de Pontault Combault (77)<\/span><\/p>\n<p align=\"JUSTIFY\">\u2022 <span style=\"font-family: Trebuchet MS, sans-serif;\">le 4&nbsp;mars : &nbsp;\u00ab\u00a0La g\u00e9om\u00e9trie des silences\u00a0\u00bb \u00e0 Manosque (04)<\/span><\/p>\n<p align=\"JUSTIFY\">\u2022 <span style=\"font-family: Trebuchet MS, sans-serif;\">le 8 mars : \u00ab\u00a0Contes de ruses. \u00e0 la Mediatheque Corbeil Essonnes \u00e0 15h &nbsp;(01 60 88 03 12)<\/span><\/p>\n<p align=\"JUSTIFY\">\u2022 <span style=\"font-family: Trebuchet MS, sans-serif;\">le 11&nbsp;mars : \u00ab\u00a0ENVOL\u00a0\u00bb \u00e0 la&nbsp;Mediatheque Corbeil Essonnes \u00e0 16h&nbsp;(01 60 88 03 12)<\/span><\/p>\n<p align=\"JUSTIFY\">\u2022 <span style=\"font-family: Trebuchet MS, sans-serif;\">le 17 mars : \u00ab\u00a0la g\u00e9om\u00e9trie des silences\u00a0\u00bb&nbsp;Avila. Espagne (20h30). Festival Cuentacuarenta<\/span><\/p>\n<p align=\"JUSTIFY\">\u2022 <span style=\"font-family: Trebuchet MS, sans-serif;\">le 25&nbsp;mars&nbsp;: &nbsp;\u00ab\u00a0Babel\u00a0\u00bb \u00e0 20h au Th\u00e9\u00e2tre des Bains Douches au Havre (76)<\/span><\/p>\n<p align=\"JUSTIFY\">\u2022 <span style=\"font-family: Trebuchet MS, sans-serif;\">les 25 et 26 mars &nbsp;: &nbsp;Stage sur le Rythme de la parole au Havre<\/span><\/p>\n<p align=\"JUSTIFY\">\u2022 <span style=\"font-family: Trebuchet MS, sans-serif;\">le 29 mars : &nbsp;\u00ab\u00a0La G\u00e9om\u00e9trie des silences\u00a0\u00bb . Barranquilla. Colombie. Festival Catedra Europa<\/span><\/p>\n<p align=\"JUSTIFY\">\u2022 <span style=\"font-family: Trebuchet MS, sans-serif;\">le 30&nbsp;mars : &nbsp;\u00ab\u00a0ENVOL\u00a0\u00bb . Barranquilla. Colombie. Festival Catedra Europa<\/span><\/p>\n<p align=\"JUSTIFY\">\u2022 <span style=\"font-family: Trebuchet MS, sans-serif;\">Du 3 au 8 avril : Stage sur le rythme de la parole en Suisse<\/span><\/p>\n<p align=\"JUSTIFY\">\u2022 <span style=\"font-family: Trebuchet MS, sans-serif;\">le 21 avril \u00ab\u00a0La G\u00e9om\u00e9trie des silences\u00a0\u00bb. S\u00e9ville. Espagne<\/span><\/p>\n<p align=\"JUSTIFY\">\u2022 <span style=\"font-family: Trebuchet MS, sans-serif;\">le 22 avril \u00ab\u00a0contes de ruses\u00a0\u00bb. Seville. Espagne. Festival Escena Mobile<\/span><\/p>\n<p align=\"JUSTIFY\">\u2022 <span style=\"font-family: Trebuchet MS, sans-serif;\">Du 2 au 6 mai : Stage sur le rythme de la Parole. Mekn\u00e8s. Maroc<\/span><\/p>\n<p align=\"JUSTIFY\">\u2022 <span style=\"font-family: Trebuchet MS, sans-serif;\">les 11 et 12 mai : \u00ab\u00a0ENVOL\u00a0\u00bb au TNT \u00e0 19h \u00e0 Nantes (44) (02 40 12 12 28)<\/span><\/p>\n<p align=\"JUSTIFY\">\u2022 <span style=\"font-family: Trebuchet MS, sans-serif;\">le 19 mai : \u00ab\u00a0Orph\u00e9e\u00a0\u00bb \u00e0 20h30 au Th\u00e9\u00e2tre Philippe Noiret &#8211; Dou\u00e9 la Fontaine (49). Festival Contes Emois<\/span><\/p>\n<p align=\"JUSTIFY\">\u2022 <span style=\"font-family: Trebuchet MS, sans-serif;\">le 20&nbsp;mai : \u00ab\u00a0Orph\u00e9e\u00a0\u00bb \u00e0 20h au studio AB \u00e0 R\u00e9guiny (56)<\/span><\/p>\n<p align=\"JUSTIFY\">\u2022 <span style=\"font-family: Trebuchet MS, sans-serif;\">le 17 juin : \u00ab\u00a0Panier du p\u00eacheur\u00a0\u00bb&nbsp;\u00e0 la m\u00e9diath\u00e8que de l&rsquo;Aigle (61)&nbsp;Festival Contes \u00e9pic\u00e9s. \u00e0 11h30<\/span><\/p>\n<p align=\"JUSTIFY\">\u2022 <span style=\"font-family: Trebuchet MS, sans-serif;\">le 17 juin : \u00ab\u00a0Contes de ruses\u00a0\u00bb \u00e0 la m\u00e9diath\u00e8que de &nbsp;l&rsquo;Aigle (61)&nbsp;Festival Contes \u00e9pic\u00e9s. \u00e0 15h30<\/span><\/p>\n<p align=\"JUSTIFY\">\u2022 <span style=\"font-family: Trebuchet MS, sans-serif;\">le 29&nbsp;juin : \u00ab\u00a0A port\u00e9e de voix\u00a0\u00bb \u00e0 14h30, s\u00e9ance scolaire \u00e0 la salle georges brassens \u00e0 la Montagne (44)<\/span><\/p>\n<p align=\"JUSTIFY\">\u2022 <span style=\"font-family: Trebuchet MS, sans-serif;\">le 30&nbsp;juin : \u00ab\u00a0A port\u00e9e de voix\u00a0\u00bb \u00e0 20h30 \u00e0 la salle georges brassens \u00e0 la Montagne (44)<\/span><\/p>\n<p align=\"JUSTIFY\">\u2022 <span style=\"font-family: Trebuchet MS, sans-serif;\">les 6 et 7 juillet : Stage sur le rythme de la parole organis\u00e9 par la biblioth\u00e8que d\u00e9partementale des C\u00f4tes D\u2019Armor (22)<\/span><\/p>\n<p align=\"JUSTIFY\">\u2022 <span style=\"font-family: Trebuchet MS, sans-serif;\">le 15 juillet : \u00ab\u00a0Orph\u00e9e sur l&rsquo;autre rive du fleuve\u00a0\u00bb \u00e0 21h au Parc la Garenne Lemeau \u00e0 Clisson (44)\u2022 le 16 juillet : \u00ab\u00a0Orph\u00e9e sur l&rsquo;autre rive du fleuve\u00a0\u00bb \u00e0 16h au Parc la Garenne Lemeau \u00e0 Clisson (44)<\/span><\/p>\n<p align=\"JUSTIFY\">\u2022 <span style=\"font-family: Trebuchet MS, sans-serif;\">Du 24 au 29 juillet :&nbsp;Stage sur le rythme de la Parole. Manosque<\/span><\/p>\n<p align=\"JUSTIFY\">\u2022 <span style=\"font-family: Trebuchet MS, sans-serif;\">Du 22 ao\u00fbt au 1er septembre : \u00ab\u00a0ENVOL\u00a0\u00bb en Colombie.<\/span><\/p>\n<p align=\"JUSTIFY\">\u2022 <span style=\"font-family: Trebuchet MS, sans-serif;\">les 5, 6, 7 septembre :&nbsp;Stage sur le rythme de la Parole. St Jean de Boiseau (44)<\/span><\/p>\n<p align=\"JUSTIFY\">\u2022 <span style=\"font-family: Trebuchet MS, sans-serif;\">dans la nuit du 8 au 9&nbsp;septembre : \u00ab\u00a0Les tribulations d&rsquo;un bossu\u00a0\u00bb dans le cadre de la Folle Nuit du Conte . Ch\u00e2teau du P\u00e9 \u00e0 St Jean de Boiseau (44)<\/span><\/p>\n<p align=\"JUSTIFY\">\u2022 <span style=\"font-family: Trebuchet MS, sans-serif;\">le 3 octobre&nbsp;: \u00ab\u00a0Contes de ruses d&rsquo;\u00e9nigmes et de poursuites\u00a0\u00bb \u00e0 16h &#8211; salle socioculturelle de Teillet Argenty (03) dans le cadre du festival Dire, Lire et Conter<\/span><\/p>\n<p align=\"JUSTIFY\">\u2022 <span style=\"font-family: Trebuchet MS, sans-serif;\">le 4 octobre&nbsp;: \u00ab\u00a0Contes de ruses d&rsquo;\u00e9nigmes et de poursuites\u00a0\u00bb \u00e0 15h &#8211; M\u00e9diath\u00e8que Boris Vian \u00e0 Montlu\u00e7on&nbsp;(03) dans le cadre du festival Dire, Lire et Conter<\/span><\/p>\n<p align=\"JUSTIFY\">\u2022 <span style=\"font-family: Trebuchet MS, sans-serif;\">le 5 octobre&nbsp;: \u00ab\u00a0Contes de ruses d&rsquo;\u00e9nigmes et de poursuites\u00a0\u00bb \u00e0 la maison d&rsquo;arr\u00eat de Montlu\u00e7on&nbsp;(03) dans le cadre du festival Dire, Lire et Conter<\/span><\/p>\n<p align=\"JUSTIFY\">\u2022 <span style=\"font-family: Trebuchet MS, sans-serif;\">le 5 octobre&nbsp;: \u00ab\u00a0Contes de ruses d&rsquo;\u00e9nigmes et de poursuites\u00a0\u00bb \u00e0 17h &#8211; Salle des f\u00eates de Quinssaines&nbsp;(03) dans le cadre du festival Dire, Lire et Conter<\/span><\/p>\n<p align=\"JUSTIFY\">\u2022 <span style=\"font-family: Trebuchet MS, sans-serif;\">le 6 octobre&nbsp;: \u00ab\u00a0La g\u00e9om\u00e9trie des silences\u00a0\u00bb \u00e0 14h30 \u00e0 la Ferme des Ilets \u00e0&nbsp;Montlu\u00e7on&nbsp;(03) dans le cadre du festival Dire, Lire et Conter<\/span><\/p>\n<p align=\"JUSTIFY\">\u2022 <span style=\"font-family: Trebuchet MS, sans-serif;\">le 6 octobre&nbsp;: \u00ab\u00a0Babel\u00a0\u00bb \u00e0 18h30&nbsp;\u00e0 la m\u00e9diath\u00e8que L\u00e9o Ferr\u00e9 \u00e0 Desertines&nbsp;&nbsp;(03) dans le cadre du festival Dire, Lire et Conter<\/span><\/p>\n<p align=\"JUSTIFY\">\u2022 <span style=\"font-family: Trebuchet MS, sans-serif;\">le 7 octobre&nbsp;:\u00a0\u00bbLes tribulations d&rsquo;un bossu\u00a0\u00bb&nbsp;\u00e0 15h \u00e0 la m\u00e9diath\u00e8que Boris Vian \u00e0 Montlu\u00e7on&nbsp;&nbsp;(03) dans le cadre du festival Dire, Lire et Conter<\/span><\/p>\n<p align=\"JUSTIFY\">\u2022 <span style=\"font-family: Trebuchet MS, sans-serif;\">le 8 octobre&nbsp;: \u00ab\u00a0ENVOL\u00a0\u00bb&nbsp;\u00e0 15h \u00e0 la m\u00e9diath\u00e8que de Dom\u00e9rat&nbsp;(03) dans le cadre du festival Dire, Lire et Conter<\/span><\/p>\n<p align=\"JUSTIFY\">\u2022 <span style=\"font-family: Trebuchet MS, sans-serif;\">Du 22 au 26&nbsp;octobre&nbsp;: \u00ab\u00a0ENVOL\u00a0\u00bb &#8211; 3 repr\u00e9sentations dans le cadre du festival \u00ab\u00a0Contes Givr\u00e9s\u00a0\u00bb<\/span><\/p>\n<p align=\"JUSTIFY\">\u2022 <span style=\"font-family: Trebuchet MS, sans-serif;\">le&nbsp;10 novembre : \u00ab\u00a0La g\u00e9om\u00e9trie des silences\u00a0\u00bb \u00e0 Iguerande (71)<\/span><\/p>\n<p align=\"JUSTIFY\">\u2022 <span style=\"font-family: Trebuchet MS, sans-serif;\">le 21 novembre : \u00ab\u00a0ENVOL\u00a0\u00bb &#8211; 2 repr\u00e9sentations scolaires \u00e0 La Montagne (44)<\/span><\/p>\n<p align=\"JUSTIFY\">\u2022 <span style=\"font-family: Trebuchet MS, sans-serif;\">le 5 d\u00e9cembre&nbsp;: \u00a0\u00bb ENVOL\u00a0\u00bb dans le cadre du festival Les Hivernales, au CSC Sillon de Bretagne \u00e0 St Herblain \u00e0 17h<\/span><\/p>\n<p align=\"JUSTIFY\"><span style=\"font-family: Trebuchet MS, sans-serif;\">J&rsquo;y \u00e9tais&#8230;<\/span><\/p>\n<p align=\"JUSTIFY\"><span style=\"font-family: Trebuchet MS, sans-serif;\">En 2016<\/span><\/p>\n<p align=\"JUSTIFY\">\u2022 <span style=\"font-family: Trebuchet MS, sans-serif;\">le 15 janvier : <\/span><strong><span style=\"font-family: Trebuchet MS, sans-serif;\">\u00ab\u00a0<a href=\"http:\/\/marcbuleon.com\/conte\/?page_id=172\">INCONNU-E-S<\/a>\u00ab\u00a0<\/span><\/strong><span style=\"font-family: Trebuchet MS, sans-serif;\"> \u00e0 20h30 \u00e0 l&rsquo;Espace Ren\u00e9 Cassin au Pellerin (44)<\/span><\/p>\n<p align=\"JUSTIFY\">\u2022 <span style=\"font-family: Trebuchet MS, sans-serif;\">le&nbsp;16 janvier : <\/span><strong><span style=\"font-family: Trebuchet MS, sans-serif;\">\u00ab\u00a0<a href=\"http:\/\/marcbuleon.com\/conte\/?page_id=172\">INCONNU-E-S<\/a>\u00ab\u00a0<\/span><\/strong><span style=\"font-family: Trebuchet MS, sans-serif;\"> \u00e0 l&rsquo;ESAT de la Montagne (44) (s\u00e9ance priv\u00e9e)<\/span><\/p>\n<p align=\"JUSTIFY\">\u2022 <span style=\"font-family: Trebuchet MS, sans-serif;\">le 5 f\u00e9vrier \u00ab\u00a0Du chaos \u00e0 l&rsquo;olympe\u00a0\u00bb (pouradultes) au Festival d&rsquo;Hiver de Baden (56)<\/span><\/p>\n<p align=\"JUSTIFY\">\u2022 <span style=\"font-family: Trebuchet MS, sans-serif;\">le 6 f\u00e9vrier \u00ab\u00a0Le chaudron des contes\u00a0\u00bb au Festival d&rsquo;Hiver de Baden (56)<\/span><\/p>\n<p align=\"JUSTIFY\">\u2022 <span style=\"font-family: Trebuchet MS, sans-serif;\">le 11 f\u00e9vrier : \u00ab\u00a0Les tribulation d&rsquo;un Bossu\u00a0\u00bb \u00e0St Maurice des Noues (85) &#8211; s\u00e9ance priv\u00e9e<\/span><\/p>\n<p align=\"JUSTIFY\">\u2022 <span style=\"font-family: Trebuchet MS, sans-serif;\">le 14 f\u00e9vrier : Paroles de Migrants pour soutenir les exclus \u00e0 19h \u00e0 la Motte aux Cochons &#8211; St Hilaire de Chal\u00e9on (44)<\/span><\/p>\n<p align=\"JUSTIFY\">\u2022 <span style=\"font-family: Trebuchet MS, sans-serif;\">le 20 f\u00e9vrier : \u00ab\u00a0L&rsquo;atelier du sculpteur\u00a0\u00bb, conte et dessin \u00e0 16h au Moulin de Pen Castel \u00e0 Arzon (56)<\/span><\/p>\n<p align=\"JUSTIFY\">\u2022 <span style=\"font-family: Trebuchet MS, sans-serif;\">du 23 au 26 f\u00e9vrier : stage de conte dans les Alpes de Haute Provence, organis\u00e9 par la m\u00e9diath\u00e8que d\u00e9partementale<\/span><\/p>\n<p align=\"JUSTIFY\">\u2022 <span style=\"font-family: Trebuchet MS, sans-serif;\">le 27 f\u00e9vrier : \u00ab\u00a0Contes de ruses\u00a0\u00bb \u00e0 15h et \u00ab\u00a0A port\u00e9e de voix\u00a0\u00bb \u00e0 17h \u00e0 la m\u00e9diath\u00e8que de Mouans Sartoux (06)<\/span><\/p>\n<p align=\"JUSTIFY\">\u2022 <span style=\"font-family: Trebuchet MS, sans-serif;\">le 4 mars : la G\u00e9om\u00e9trie des silences \u00e0 Avila (Espagne)<\/span><\/p>\n<p align=\"JUSTIFY\">\u2022 <span style=\"font-family: Trebuchet MS, sans-serif;\">le 5 mars : Table ronde sur \u00ab\u00a0L\u00a0\u00bbart et l&rsquo;autisme\u00a0\u00bb \u00e0 Avila (Espagne)<\/span><\/p>\n<p align=\"JUSTIFY\">\u2022 <span style=\"font-family: Trebuchet MS, sans-serif;\">le 10 mars : \u00ab\u00a0Les tribulation d&rsquo;un Bossu\u00a0\u00bb . journ\u00e9e professionnelle \u00e0 Levallois Perret<\/span><\/p>\n<p align=\"JUSTIFY\">\u2022 <span style=\"font-family: Trebuchet MS, sans-serif;\">le 12 mars : journ\u00e9e coop\u00e9rative \u00ab\u00a0Conte et d\u00e9contamination\u00a0\u00bb au Centre d&rsquo;animation Poterne des Peupliers \u00e0 Paris 13\u00e8me. g\u00e9r\u00e9e par Gigi Bigot; 01 45 88 46 68<\/span><\/p>\n<p align=\"JUSTIFY\">\u2022 <span style=\"font-family: Trebuchet MS, sans-serif;\">du 15 au 20 mars : tourn\u00e9e au Liban dans le cadre du festival International du conte et du monodrame<\/span><\/p>\n<p align=\"JUSTIFY\">\u2022 <span style=\"font-family: Trebuchet MS, sans-serif;\">du 22 au 25 mars: \u00ab\u00a0Contes de ruses, d&rsquo;\u00e9nigmes et de poursuites\u00a0\u00bb dans le cadre de l&rsquo;exposition \u00ab\u00a0Polar\u00a0\u00bb de Mots et Couleurs \u00e0 Vandoeuvres les Nancy (54)<\/span><\/p>\n<p align=\"JUSTIFY\">\u2022 <span style=\"font-family: Trebuchet MS, sans-serif;\">le 30 mars : <\/span><strong><span style=\"font-family: Trebuchet MS, sans-serif;\">\u00ab\u00a0<a href=\"http:\/\/marcbuleon.com\/conte\/?page_id=172\">INCONNU-E-S<\/a>\u00ab\u00a0<\/span><\/strong><span style=\"font-family: Trebuchet MS, sans-serif;\"> \u00e0 l&rsquo;ESPE de Nantes \u00e0 17h30, 4 chemin de Launay Violette<\/span><\/p>\n<p align=\"JUSTIFY\">\u2022 <span style=\"font-family: Trebuchet MS, sans-serif;\">le 31 mars : stage de conte au Conservatoire de Paris &#8211; 75012<\/span><\/p>\n<p align=\"JUSTIFY\">\u2022 <span style=\"font-family: Trebuchet MS, sans-serif;\">le 2 avril : <a href=\"http:\/\/marcbuleon.com\/conte\/?page_id=159\">Babel<\/a> \u00e0 15h \u00e0 la salle des f\u00eates de Douarnenez (29)<\/span><\/p>\n<p align=\"JUSTIFY\">\u2022 <span style=\"font-family: Trebuchet MS, sans-serif;\">les 7 et 8 avril ; R\u00e9sidence pour \u00ab\u00a0<a href=\"http:\/\/marcbuleon.com\/conte\/?page_id=451\">Orph\u00e9e<\/a>\u00a0\u00bb au Petit Th\u00e9\u00e2tre de Pouanc\u00e9 (49)<\/span><\/p>\n<p align=\"JUSTIFY\">\u2022 <span style=\"font-family: Trebuchet MS, sans-serif;\">le 8 avril : \u00ab\u00a0<a href=\"http:\/\/marcbuleon.com\/conte\/?page_id=451\">Orph\u00e9e<\/a>\u00a0\u00bb \u00e0 20h30 au Petit Th\u00e9\u00e2tre de Pouanc\u00e9 (49)<\/span><\/p>\n<p align=\"JUSTIFY\">\u2022 <span style=\"font-family: Trebuchet MS, sans-serif;\">le 21 avril : Tour de contes au Lyc\u00e9e Nicolas Appert \u00e0 Orvault (44) &#8211; s\u00e9ance scolaire<\/span><\/p>\n<p align=\"JUSTIFY\">\u2022 <span style=\"font-family: Trebuchet MS, sans-serif;\">le 10 mai : Ulysse au Coll\u00e8ge Saint Blaise \u00e0 Vertou (44)<\/span><\/p>\n<p align=\"JUSTIFY\">\u2022 <span style=\"font-family: Trebuchet MS, sans-serif;\">les 11 et 12 mai : Stage sur le Rythme de la Parole \u00e0 Paris<\/span><\/p>\n<p align=\"JUSTIFY\">\u2022 <span style=\"font-family: Trebuchet MS, sans-serif;\">le 13 mai : Tour de contes sur le \u00ab\u00a0vivre ensemble\u00a0\u00bb au Lyc\u00e9e de St p\u00e8re en retz (s\u00e9ances scolaires) (44)<\/span><\/p>\n<p align=\"JUSTIFY\">\u2022 <span style=\"font-family: Trebuchet MS, sans-serif;\">le 20 mai : Ulysse au Coll\u00e8ge Saint Gabriel de Haute Goulaine (44)<\/span><\/p>\n<p align=\"JUSTIFY\">\u2022 <span style=\"font-family: Trebuchet MS, sans-serif;\">le 27 mai : Babel \u00e0 Pornichet. M\u00e9diath\u00e8que. 20h30 (44)<\/span><\/p>\n<p align=\"JUSTIFY\">\u2022 <span style=\"font-family: Trebuchet MS, sans-serif;\">les 25 et 26 juin : stage de conte aupr\u00e8s des Conteurs du Golf (56)<\/span><\/p>\n<p align=\"JUSTIFY\">\u2022 <span style=\"font-family: Trebuchet MS, sans-serif;\">le 7 juillet : \u00ab\u00a0Inconnues\u00a0\u00bb \u00e0 14h30 au Th\u00e9\u00e2tre de St Hilaire de chal\u00e9ons (44)<\/span><\/p>\n<p align=\"JUSTIFY\">\u2022 <span style=\"font-family: Trebuchet MS, sans-serif;\">le 19 juillet : <\/span><strong><span style=\"font-family: Trebuchet MS, sans-serif;\">\u00ab\u00a0<a href=\"http:\/\/marcbuleon.com\/conte\/?page_id=172\">INCONNU-E-S<\/a>\u00ab\u00a0<\/span><\/strong><span style=\"font-family: Trebuchet MS, sans-serif;\"> \u00e0 18h au Festival Passeurs d&rsquo;Histoires \u00e0 Baden (56)<\/span><\/p>\n<p align=\"JUSTIFY\">\u2022 <span style=\"font-family: Trebuchet MS, sans-serif;\">le 20 juillet : Carte blanche \u00e0 Marc Bul\u00e9on, Jeanne Ferron et Gilles Bizouerne dans le cadre du festival Passeurs d&rsquo;Histoires \u00e0 Baden (56) <\/span><\/p>\n<p align=\"JUSTIFY\">\u2022 <span style=\"font-family: Trebuchet MS, sans-serif;\">le 22 juillet : \u00ab\u00a0Contes de ruses, d&rsquo;\u00e9nigmes et de poursuites\u00a0\u00bb \u00e0 St Aignan de Grandlieu (44)<\/span><\/p>\n<p align=\"JUSTIFY\">\u2022 <span style=\"font-family: Trebuchet MS, sans-serif;\">le 3 ao\u00fbt : \u00ab\u00a0Le panier du p\u00eacheur\u00a0\u00bb \u00e0 16h \u00e0 la Roche Ballue &#8211; Bouguenais (44)<\/span><\/p>\n<p align=\"JUSTIFY\">\u2022 <span style=\"font-family: Trebuchet MS, sans-serif;\">Du 6 au 9 septembre : stage de conte \u00e0 Saint Jean de Boiseau (44)<\/span><\/p>\n<p align=\"JUSTIFY\">\u2022 <span style=\"font-family: Trebuchet MS, sans-serif;\">Dans la nuit du 9 au 10 septembre : \u00ab\u00a0BABEL\u00a0\u00bb \u00e0 La Folle Nuit du Conte \u00e0 Saint Jean de Boiseau (44)<\/span><\/p>\n<p align=\"JUSTIFY\">\u2022 <span style=\"font-family: Trebuchet MS, sans-serif;\">le 24 septembre : Soir\u00e9e de paroles solidaires et militantes en soutien aux migrants : \u00e0 20h30 \u00e0 l&rsquo;espace Cosmopolis \u00e0 Nantes avec la participation de&nbsp;Adama Ad\u00e9poju, Gigi Bigot, Marc Bul\u00e9on, Jacques Combe, Najoua Darwiche, Pierre Desvigne, Christelle Levenes et P\u00e9pito Mat\u00e9o.<\/span><\/p>\n<p align=\"JUSTIFY\">\u2022 <span style=\"font-family: Trebuchet MS, sans-serif;\">le 1er octobre : \u00ab\u00a0Orph\u00e9e, sur l&rsquo;autre rive du fleuve\u00a0\u00bb \u00e0 20h30 \u00e0 la salle le Cube \u00e0 Tours dans le cadre du festival \u00ab\u00a0Haut et fort\u00a0\u00bb (37)<\/span><\/p>\n<p align=\"JUSTIFY\">\u2022 <span style=\"font-family: Trebuchet MS, sans-serif;\">le 2 octobre :&nbsp;\u00ab\u00a0Le panier du p\u00eacheur\u00a0\u00bb \u00e0 15h \u00e0 Montbeugny (03) dans le cadre du Festival \u00ab\u00a0Il \u00e9tait une voix\u00a0\u00bb<\/span><\/p>\n<p align=\"JUSTIFY\">\u2022 <span style=\"font-family: Trebuchet MS, sans-serif;\">le 4&nbsp;octobre :&nbsp;\u00ab\u00a0Les tribulations d&rsquo;un bossu\u00a0\u00bb \u00e0 18h \u00e0 Vaux (03)&nbsp;dans le cadre du Festival \u00ab\u00a0Il \u00e9tait une voix\u00a0\u00bb<\/span><\/p>\n<p align=\"JUSTIFY\">\u2022 <span style=\"font-family: Trebuchet MS, sans-serif;\">le 8 octobre \u00e0 15h30 : \u00ab\u00a0A port\u00e9e de voix\u00a0\u00bb \u00e0 la m\u00e9diath\u00e8que Stendhal de St Ouen l&rsquo;aum\u00f4ne (95) dans le cadre du festival Viva la vida<\/span><\/p>\n<p align=\"JUSTIFY\">\u2022 <span style=\"font-family: Trebuchet MS, sans-serif;\">le 11 octobre : \u00ab\u00a0A port\u00e9e de voix\u00a0\u00bb \u00e0 18h \u00e0 la biblioth\u00e8que de Beaumont sur oise&nbsp;(95) dans le cadre du festival Viva la Vida<\/span><\/p>\n<p align=\"JUSTIFY\">\u2022 <span style=\"font-family: Trebuchet MS, sans-serif;\">le 12 octobre : \u00ab\u00a0A port\u00e9e de voix\u00a0\u00bb \u00e0 16h la biblioth\u00e8que de Marines (95) dans le cadre du festival Viva la Vida<\/span><\/p>\n<p align=\"JUSTIFY\">\u2022 <span style=\"font-family: Trebuchet MS, sans-serif;\">les 14 et 15 octobre : \u00ab\u00a0Les tribulations d&rsquo;un bossu\u00a0\u00bb et \u00ab\u00a0les contes de ruses\u00a0\u00bb au Festival Passeurs de mots \u00e0 Equeurdreville (50)<\/span><\/p>\n<p align=\"JUSTIFY\">\u2022 <span style=\"font-family: Trebuchet MS, sans-serif;\">le 25 octobre : \u00ab\u00a0le panier du p\u00eacheur\u00a0\u00bb \u00e0 Creteil<\/span><\/p>\n<p align=\"JUSTIFY\">\u2022 <span style=\"font-family: Trebuchet MS, sans-serif;\">le 4 novembre : \u00ab\u00a0La g\u00e9om\u00e9trie des silences\u00a0\u00bb \u00e0 Montevideo (Uruguay)<\/span><\/p>\n<p align=\"JUSTIFY\">\u2022 <span style=\"font-family: Trebuchet MS, sans-serif;\">les 29 et 30 novembre : stage de conte \u00e0 Bouenos Aires (Argentine)<\/span><\/p>\n<p align=\"JUSTIFY\">\u2022 <span style=\"font-family: Trebuchet MS, sans-serif;\">le 1er d\u00e9cembre : \u00ab\u00a0La g\u00e9om\u00e9trie des silences\u00a0\u00bb \u00e0 l&rsquo;Alliance Fran\u00e7aise de Buenos Aires (Argentine)<\/span><\/p>\n<p align=\"JUSTIFY\">\u2022 <span style=\"font-family: Trebuchet MS, sans-serif;\">le 2 d\u00e9cembre : \u00ab\u00a0La g\u00e9om\u00e9trie des silences\u00a0\u00bb \u00e0 Buenos Aires (Argentine)<\/span><\/p>\n<p align=\"JUSTIFY\">\u2022 <span style=\"font-family: Trebuchet MS, sans-serif;\">le 9 d\u00e9cembre : \u00ab\u00a0Ulysse\u00a0\u00bb pour des s\u00e9ances scolaires au Loroux Bottereau<\/span><\/p>\n<p align=\"JUSTIFY\"><span style=\"font-family: Trebuchet MS, sans-serif;\">Ann\u00e9e 2015<\/span><\/p>\n<ul>\n<li>\n<p align=\"JUSTIFY\">&nbsp;<span style=\"font-family: Trebuchet MS, sans-serif;\">le 9 janvier <\/span><strong><span style=\"font-family: Trebuchet MS, sans-serif;\">\u00ab\u00a0<a href=\"http:\/\/marcbuleon.com\/conte\/?page_id=172\">INCONNU-E-S<\/a>\u00ab\u00a0, nouvelle cr\u00e9ation m\u00ealant valides et non valides\u00a0\u00bb <\/span><\/strong><span style=\"font-family: Trebuchet MS, sans-serif;\">\u00e0 20h30 \u00e0&nbsp; l&rsquo;Espace Coeur en Sc\u00e8ne \u00e0 Rouans (44)<\/span><\/p>\n<\/li>\n<li>\n<p align=\"JUSTIFY\">&nbsp;<span style=\"font-family: Trebuchet MS, sans-serif;\">le 21 janvier <\/span><strong><span style=\"font-family: Trebuchet MS, sans-serif;\">\u00ab<a href=\"http:\/\/marcbuleon.com\/conte\/?page_id=151\">La g\u00e9om\u00e9trie des silences<\/a>\u00bb<\/span><\/strong><span style=\"font-family: Trebuchet MS, sans-serif;\"> au Festival Contes en Balade (92)<\/span><\/p>\n<\/li>\n<li>\n<p align=\"JUSTIFY\">&nbsp;<span style=\"font-family: Trebuchet MS, sans-serif;\">les 21 et 22 janvier : stage de conte au conservatoire de Paris<\/span><\/p>\n<\/li>\n<li>\n<p align=\"JUSTIFY\">&nbsp;<span style=\"font-family: Trebuchet MS, sans-serif;\">le 22 janvier <a href=\"http:\/\/marcbuleon.com\/conte\/?page_id=164\">\u00ab\u00a0Tribulations d&rsquo;un bossu<\/a>\u00a0\u00bb \u00e0 Paris (th\u00e9\u00e2tre en appartement)<\/span><\/p>\n<\/li>\n<li>\n<p align=\"JUSTIFY\">&nbsp;<span style=\"font-family: Trebuchet MS, sans-serif;\">le 23 janvier extrait des <a href=\"http:\/\/marcbuleon.com\/conte\/?page_id=164\">\u00ab\u00a0Tribulations d&rsquo;un bossu<\/a>\u00a0\u00bb lors de la journ\u00e9e professionnelle du conte au TNT \u00e0 Nantes (44)<\/span><\/p>\n<\/li>\n<li>\n<p align=\"JUSTIFY\">&nbsp;<span style=\"font-family: Trebuchet MS, sans-serif;\">les 24 et 25 janvier <\/span><strong><span style=\"font-family: Trebuchet MS, sans-serif;\">\u00abstage de conte \u00bb <\/span><\/strong><span style=\"font-family: Trebuchet MS, sans-serif;\">dans le limousin<\/span><\/p>\n<\/li>\n<li>\n<p align=\"JUSTIFY\">&nbsp;<span style=\"font-family: Trebuchet MS, sans-serif;\">le 4 f\u00e9vrier <a href=\"http:\/\/marcbuleon.com\/conte\/?page_id=282\">\u00ab\u00a0l&rsquo;Odyss\u00e9e\u00a0\u00bb<\/a> au coll\u00e8ge de Vallet (44)<\/span><\/p>\n<\/li>\n<li>\n<p align=\"JUSTIFY\">&nbsp;<span style=\"font-family: Trebuchet MS, sans-serif;\">le 27 mars \u00ab\u00a0<a href=\"http:\/\/marcbuleon.com\/conte\/?page_id=282\">l&rsquo;Odyss\u00e9e<\/a>\u00a0\u00bb au coll\u00e8ge St Dominique \u00e0 St Herblain (44)<\/span><\/p>\n<\/li>\n<li>\n<p align=\"JUSTIFY\">&nbsp;<span style=\"font-family: Trebuchet MS, sans-serif;\">les 28 et 29 mars : stage de conte au Havre<\/span><\/p>\n<\/li>\n<li>\n<p align=\"JUSTIFY\">&nbsp;<span style=\"font-family: Trebuchet MS, sans-serif;\">le 3 avril : <a href=\"http:\/\/marcbuleon.com\/conte\/?page_id=159\">Babel<\/a> \u00e0 l&rsquo;Espace Paul Guimard de St Mars la Jaille (2 repr\u00e9sentations scolaires)<\/span><\/p>\n<\/li>\n<li>\n<p align=\"JUSTIFY\">&nbsp;<span style=\"font-family: Trebuchet MS, sans-serif;\">les 8 &amp; 9 avril : stage de conte au Conservatoire Paul Dukas de Paris &#8211; 75012<\/span><\/p>\n<\/li>\n<li>\n<p align=\"JUSTIFY\">&nbsp;<span style=\"font-family: Trebuchet MS, sans-serif;\">le 16 avril ; \u00ab\u00a0<a href=\"http:\/\/marcbuleon.com\/conte\/?page_id=282\">Du chaos \u00e0 l&rsquo;Olympe<\/a>\u00a0\u00bb pour les 7-11 ans \u00e0 la biblioth\u00e8que de Batz\/mer (44)<\/span><\/p>\n<\/li>\n<li>\n<p align=\"JUSTIFY\">&nbsp;<span style=\"font-family: Trebuchet MS, sans-serif;\">le 7 mai&nbsp; <\/span><strong><span style=\"font-family: Trebuchet MS, sans-serif;\">\u00ab <a href=\"http:\/\/marcbuleon.com\/conte\/?page_id=155\">A port\u00e9e de voix<\/a>&nbsp;\u00bb<\/span><\/strong><span style=\"font-family: Trebuchet MS, sans-serif;\">au Festival La Cour des Contes \u00e0 Plan les Ouates (suisse)<\/span><\/p>\n<\/li>\n<li>\n<p align=\"JUSTIFY\">&nbsp;<span style=\"font-family: Trebuchet MS, sans-serif;\">le 8 mai, 2 s\u00e9ances scolaires au Festival La Cour des Contes \u00e0 Plan les Ouates (suisse)<\/span><\/p>\n<\/li>\n<li>\n<p align=\"JUSTIFY\">&nbsp;<span style=\"font-family: Trebuchet MS, sans-serif;\">le 16 mai : \u00ab\u00a0De fil en Aiguille\u00a0\u00bb \u00e0 18h30 et 20h au Mus\u00e9e de Rocheservi\u00e8re (85)<\/span><\/p>\n<\/li>\n<li>\n<p align=\"JUSTIFY\">&nbsp;<span style=\"font-family: Trebuchet MS, sans-serif;\">le 19 mai : 2 s\u00e9ances scolaires pour \u00ab\u00a0<a href=\"http:\/\/marcbuleon.com\/conte\/?page_id=282\">l&rsquo;Odyss\u00e9e<\/a>\u00a0\u00bb au Coll\u00e8ge Saint Blaise de Vertou (44)<\/span><\/p>\n<\/li>\n<li>\n<p align=\"JUSTIFY\">&nbsp;<span style=\"font-family: Trebuchet MS, sans-serif;\">le 5 juin : \u00ab\u00a0Orph\u00e9e\u00a0\u00bb, nouvelle cr\u00e9ation pour voix, saxophones et percussions, \u00e0 21h \u00e0 la Cornuaille dans le cadre du Festival Rendez-Vous Conte (49)<\/span><\/p>\n<\/li>\n<li>\n<p align=\"JUSTIFY\">&nbsp;<span style=\"font-family: Trebuchet MS, sans-serif;\">le 6 juin : \u00ab\u00a0\u00a0\u00bbOrph\u00e9e\u00a0\u00bb, nouvelle cr\u00e9ation pour voix, saxophones et percussions, \u00e0 20h45 \u00e0 Nyoiseau dans le cadre du Festival Rendez-Vous Conte (49)<\/span><\/p>\n<\/li>\n<li>\n<p align=\"JUSTIFY\">&nbsp;<span style=\"font-family: Trebuchet MS, sans-serif;\">du 8 au 14 juin : festival de la parole au Congo<\/span><\/p>\n<\/li>\n<li>\n<p align=\"JUSTIFY\">&nbsp;<span style=\"font-family: Trebuchet MS, sans-serif;\">le 19 juin :&nbsp; <\/span><strong><span style=\"font-family: Trebuchet MS, sans-serif;\"><a href=\"http:\/\/marcbuleon.com\/conte\/?page_id=151\">La g\u00e9om\u00e9trie des silences<\/a> <\/span><\/strong><span style=\"font-family: Trebuchet MS, sans-serif;\">\u00e0 Loir\u00e9 (49)<\/span><\/p>\n<\/li>\n<li>\n<p align=\"JUSTIFY\">&nbsp;<span style=\"font-family: Trebuchet MS, sans-serif;\">le 1er juillet : <\/span><strong><span style=\"font-family: Trebuchet MS, sans-serif;\"><a href=\"http:\/\/marcbuleon.com\/conte\/?page_id=151\">La g\u00e9om\u00e9trie des silences<\/a> <\/span><\/strong><span style=\"font-family: Trebuchet MS, sans-serif;\">\u00e0 Rouen (76) (s\u00e9ance priv\u00e9e)<\/span><\/p>\n<\/li>\n<li>\n<p align=\"JUSTIFY\">&nbsp;<span style=\"font-family: Trebuchet MS, sans-serif;\">le 12 juillet \u00ab\u00a0Balade cont\u00e9e\u00a0\u00bb au Festival Contes en Chemin (79)<\/span><\/p>\n<\/li>\n<li>\n<p align=\"JUSTIFY\">&nbsp;<span style=\"font-family: Trebuchet MS, sans-serif;\">du 20 au 25 juillet : Stage de conte au Festival Passeurs d&rsquo;Histoires \u00e0 Baden (r\u00e9sa 06 76 43 47 06 )<\/span><\/p>\n<\/li>\n<li>\n<p align=\"JUSTIFY\"><span style=\"font-family: Trebuchet MS, sans-serif;\">du 19 au 26 ao\u00fbt : rencontres de la parole \u00e0 Digne les Bains (04)<\/span><\/p>\n<\/li>\n<li>\n<p align=\"JUSTIFY\">&nbsp;<span style=\"font-family: Trebuchet MS, sans-serif;\">le 28 ao\u00fbt : <a href=\"http:\/\/marcbuleon.com\/conte\/?page_id=187\">Chaka<\/a>, \u00e0 19h, \u00e0 l&rsquo;Espace Rebeyrolle \u00e0 Eymoutiers (87)<\/span><\/p>\n<\/li>\n<li>\n<p align=\"JUSTIFY\">&nbsp;<span style=\"font-family: Trebuchet MS, sans-serif;\">le 11 septembre : \u00ab\u00a0Orph\u00e9e\u00a0\u00bb \u00e0 23h15 lors de la Nuit du Conte au Ch\u00e2teau du P\u00e9 \u00e0 St jean de boiseau (44)<\/span><\/p>\n<\/li>\n<li>\n<p align=\"JUSTIFY\">&nbsp;<span style=\"font-family: Trebuchet MS, sans-serif;\">le 11 septembre : <a href=\"http:\/\/marcbuleon.com\/conte\/?page_id=187\">Chaka<\/a> \u00e0 4h45 du matin lors de la Nuit du Conte au Ch\u00e2teau du P\u00e9 \u00e0 St jean de boiseau (44)<\/span><\/p>\n<\/li>\n<li>\n<p align=\"JUSTIFY\">&nbsp;<span style=\"font-family: Trebuchet MS, sans-serif;\">le 4 octobre : balade cont\u00e9e en compagnie de Adama Ad\u00e9poju (Taxi-conteur), Anne-Ga\u00eblle Gauducheau et Philippe Sizaire. D\u00e9part cale d&rsquo;Indre (Basse-Indre) \u00e0 9h45<\/span><\/p>\n<\/li>\n<li>\n<p align=\"JUSTIFY\">&nbsp;<span style=\"font-family: Trebuchet MS, sans-serif;\">le 7 octobre :&nbsp; <a href=\"http:\/\/marcbuleon.com\/conte\/?page_id=159\">Babel<\/a>&nbsp;\u00e0 9h30 et 20h \u00e0 la maison du peuple \u00e0&nbsp;Fourchambault (58) <\/span><\/p>\n<\/li>\n<li>\n<p align=\"JUSTIFY\">&nbsp;<span style=\"font-family: Trebuchet MS, sans-serif;\">les 9 et 10 octobre : \u00ab\u00a0Contes de ruses, d&rsquo;\u00e9nigmes et de poursuites\u00a0\u00bb \u00e0 Issy les Moulineaux (92)<\/span><\/p>\n<\/li>\n<li>\n<p align=\"JUSTIFY\">&nbsp;<span style=\"font-family: Trebuchet MS, sans-serif;\">le 14 octobre : \u00ab\u00a0le panier du p\u00eacheur sent toujours le poisson\u00a0\u00bb \u00e0 14h &#8211; salle Steredenn \u00e0 Lanmeur (29) dans le cadre du festival La Charrette aux Merveilles<\/span><\/p>\n<\/li>\n<li>\n<p align=\"JUSTIFY\">&nbsp;<span style=\"font-family: Trebuchet MS, sans-serif;\">le 14 octobre : \u00ab\u00a0<\/span><strong><a href=\"http:\/\/marcbuleon.com\/conte\/?page_id=151\"><span style=\"font-family: Trebuchet MS, sans-serif;\">La g\u00e9om\u00e9trie des silences<\/span><\/a><\/strong><span style=\"font-family: Trebuchet MS, sans-serif;\">\u00a0\u00bb \u00e0 20h30 &#8211; salle des f\u00eates \u00e0 Plourin l\u00e8s Morlaix (29) dans le cadre du festival La Charrette aux Merveilles<\/span><\/p>\n<\/li>\n<li>\n<p align=\"JUSTIFY\">&nbsp;<span style=\"font-family: Trebuchet MS, sans-serif;\">le 15 octobre : <\/span><strong><a href=\"http:\/\/marcbuleon.com\/conte\/?page_id=155\"><span style=\"font-family: Trebuchet MS, sans-serif;\">A port\u00e9e de voix<\/span><\/a><\/strong><span style=\"font-family: Trebuchet MS, sans-serif;\"> \u00e0 20h30 &#8211; salle des f\u00eates de Plougonven (29) dans le cadre du festival La Charrette aux Merveilles<\/span><\/p>\n<\/li>\n<li>\n<p align=\"JUSTIFY\">&nbsp;<span style=\"font-family: Trebuchet MS, sans-serif;\">le 16 oct : \u00ab\u00a0Le panier du p\u00eacheur\u00a0\u00bb \u00e0 19h30\u00e0 la m\u00e9diath\u00e8que de Mably (42) (dans le cadre d&rsquo;une expo Mots &amp; Couleurs)<\/span><\/p>\n<\/li>\n<li>\n<p align=\"JUSTIFY\">&nbsp;<span style=\"font-family: Trebuchet MS, sans-serif;\">les 29,30,31 octobre : <a href=\"http:\/\/marcbuleon.com\/conte\/?page_id=164\">\u00ab\u00a0Tribulations d&rsquo;un bossu<\/a>\u00a0\u00bb \u00e0 19h au TNT \u00e0 Nantes (44)<\/span><\/p>\n<\/li>\n<li>\n<p align=\"JUSTIFY\">&nbsp;<span style=\"font-family: Trebuchet MS, sans-serif;\">le 5 novembre : \u00ab\u00a0Orph\u00e9e\u00a0\u00bb \u00e0 la journ\u00e9e professionnelle du conte en Sarthe (72)<\/span><\/p>\n<\/li>\n<li>\n<p align=\"JUSTIFY\">&nbsp;<span style=\"font-family: Trebuchet MS, sans-serif;\">les 5,6,7 novembre : <a href=\"http:\/\/marcbuleon.com\/conte\/?page_id=164\">\u00ab\u00a0Tribulations d&rsquo;un bossu<\/a>\u00a0\u00bb \u00e0 19h au TNT \u00e0 Nantes (44)<\/span><\/p>\n<\/li>\n<li>\n<p align=\"JUSTIFY\">&nbsp;<span style=\"font-family: Trebuchet MS, sans-serif;\">le 11 novembre :&nbsp; Tour de contes avec Mue Poaty Loemba (Congo) \u00e0 18h \u00e0 l&rsquo;espace Cosmopolis &#8211; Nantes (44)<\/span><\/p>\n<\/li>\n<li>\n<p align=\"JUSTIFY\">&nbsp;<span style=\"font-family: Trebuchet MS, sans-serif;\">le 14 novembre : <a href=\"http:\/\/marcbuleon.com\/conte\/?page_id=159\">Babel<\/a> \u00e0 15h30 au Coll\u00e8ge Jean Moulin \u00e0 Montceau les Mines&nbsp; dans le cadre du Festival \u00ab\u00a0Imaginaire &amp; r\u00e9sistance\u00a0\u00bb&nbsp; (71)<\/span><\/p>\n<\/li>\n<li>\n<p align=\"JUSTIFY\">&nbsp;<span style=\"font-family: Trebuchet MS, sans-serif;\">le 15 novembre :&nbsp;<a href=\"http:\/\/marcbuleon.com\/conte\/?page_id=159\">Babel<\/a> \u00e0&nbsp; 14h et 16h30 au Coll\u00e8ge Jean Moulin \u00e0 Montceau les Mines, dans le cadre du Festival \u00ab\u00a0Imaginaire &amp; r\u00e9sistance\u00a0\u00bb&nbsp; (71)<\/span><\/p>\n<\/li>\n<li>\n<p align=\"JUSTIFY\">&nbsp;<span style=\"font-family: Trebuchet MS, sans-serif;\">les 18 et 19 novembre : stage de conte au conservatoire Paul Dukas de Paris &#8211; 75012<\/span><\/p>\n<\/li>\n<li>\n<p align=\"JUSTIFY\">&nbsp;<span style=\"font-family: Trebuchet MS, sans-serif;\">les 21 et 22 novembre : stage de conte \u00e0 Limoges<\/span><\/p>\n<\/li>\n<li>\n<p align=\"JUSTIFY\">&nbsp;<span style=\"font-family: Trebuchet MS, sans-serif;\">les 28 et 29 novembre : stage de conte organis\u00e9 par l&rsquo;<a href=\"https:\/\/sites.google.com\/site\/apclafilois\/home\">Association des tisseurs de conte \u00e0 Rennes<\/a> (35)<\/span><\/p>\n<\/li>\n<li>\n<p align=\"JUSTIFY\">&nbsp;<span style=\"font-family: Trebuchet MS, sans-serif;\">le 11 d\u00e9cembre : <\/span><strong><a href=\"http:\/\/marcbuleon.com\/conte\/?page_id=151\"><span style=\"font-family: Trebuchet MS, sans-serif;\">La g\u00e9om\u00e9trie des silences<\/span><\/a><\/strong><span style=\"font-family: Trebuchet MS, sans-serif;\"> \u00e0 20h30 \u00e0 Al\u00e8s par le Centre M\u00e9diterran\u00e9en de Litt\u00e9rature Orale (30)<\/span><\/p>\n<\/li>\n<li>\n<p align=\"JUSTIFY\"><span style=\"font-family: Trebuchet MS, sans-serif;\">le 12 d\u00e9cembre : stage \u00ab\u00a0Conte et Handicap\u00a0\u00bb au Centre M\u00e9diterran\u00e9en de Litt\u00e9rature Orale \u00e0 Al\u00e8s (30)<\/span><\/p>\n<\/li>\n<\/ul>\n<p align=\"JUSTIFY\"><span style=\"font-family: Trebuchet MS, sans-serif;\">Ann\u00e9e 2014<\/span><\/p>\n<ul>\n<li>\n<p align=\"JUSTIFY\"><span style=\"font-family: Trebuchet MS, sans-serif;\">&#8211; les 18 et 19 janvier&nbsp;<\/span><strong><span style=\"font-family: Trebuchet MS, sans-serif;\">Formation \u00abEpure, silence et simplicit\u00e9 \u00bb&nbsp;<\/span><\/strong><span style=\"font-family: Trebuchet MS, sans-serif;\">\u00e0 la Rochelle<\/span><\/p>\n<\/li>\n<li>\n<p align=\"JUSTIFY\"><span style=\"font-family: Trebuchet MS, sans-serif;\">&#8211; le 22 janvier&nbsp;<\/span><strong><span style=\"font-family: Trebuchet MS, sans-serif;\">\u00ab <a href=\"http:\/\/marcbuleon.com\/conte\/?page_id=155\">A port\u00e9e de voix<\/a>&nbsp;\u00bb&nbsp;<\/span><\/strong><span style=\"font-family: Trebuchet MS, sans-serif;\">\u00e0 18h30 aux Perri\u00e8res dans le cadre du Festival Contes Emois \u00e0 Dou\u00e9 la fontaine (49)<\/span><\/p>\n<\/li>\n<li>\n<p align=\"JUSTIFY\">\u2013 <span style=\"font-family: Trebuchet MS, sans-serif;\">les 24 (matin) et 25 (apr\u00e8s midi) janvier&nbsp;<\/span><strong><span style=\"font-family: Trebuchet MS, sans-serif;\">\u00ab&nbsp;<a href=\"http:\/\/marcbuleon.com\/conte\/?page_id=149\">Du Chaos \u00e0 l\u2019Olympe&nbsp;<\/a>\u00bb&nbsp;<\/span><\/strong><span style=\"font-family: Trebuchet MS, sans-serif;\">\u00e0 la m\u00e9diath\u00e8que de St Michel Chef Chef (44).<\/span><\/p>\n<\/li>\n<li>\n<p align=\"JUSTIFY\">\u2013 <span style=\"font-family: Trebuchet MS, sans-serif;\">le 24 janvier&nbsp;<\/span><strong><span style=\"font-family: Trebuchet MS, sans-serif;\">\u00ab&nbsp;<a href=\"http:\/\/marcbuleon.com\/conte\/?page_id=155\">A port\u00e9e de voix&nbsp;<\/a>\u00bb&nbsp;<\/span><\/strong><span style=\"font-family: Trebuchet MS, sans-serif;\">\u00e0 20h30, chez l\u2019Habitant \u00e0 la Roche\/Yon.<\/span><\/p>\n<\/li>\n<li>\n<p align=\"JUSTIFY\">\u2013 <span style=\"font-family: Trebuchet MS, sans-serif;\">le 29 janvier&nbsp;<\/span><strong><span style=\"font-family: Trebuchet MS, sans-serif;\"><a href=\"http:\/\/marcbuleon.com\/conte\/?page_id=151\">La g\u00e9om\u00e9trie des silences<\/a>&nbsp;<\/span><\/strong><span style=\"font-family: Trebuchet MS, sans-serif;\">\u00e0 20h15, \u00e0 la Maison des Arts et Loisirs de Sochaux (25600).<\/span><\/p>\n<\/li>\n<li>\n<p align=\"JUSTIFY\">\u2013 <span style=\"font-family: Trebuchet MS, sans-serif;\">Les 1et 2 f\u00e9vrier&nbsp;<\/span><strong><span style=\"font-family: Trebuchet MS, sans-serif;\">Formation \u00abEpure, silence et simplicit\u00e9 \u00bb<\/span><\/strong><span style=\"font-family: Trebuchet MS, sans-serif;\">&nbsp;\u00e0 Montb\u00e9liard (25)<\/span><\/p>\n<\/li>\n<li>\n<p align=\"JUSTIFY\">\u2013 <span style=\"font-family: Trebuchet MS, sans-serif;\">Le 7 f\u00e9vrier&nbsp;<\/span><strong><span style=\"font-family: Trebuchet MS, sans-serif;\">\u00ab&nbsp;<a href=\"http:\/\/marcbuleon.com\/conte\/?page_id=164\">Le Bossu et sa suite<\/a>&nbsp;\u00bb<\/span><\/strong><span style=\"font-family: Trebuchet MS, sans-serif;\">&nbsp;(nouvelle cr\u00e9ation jeune public) chez l\u2019habitant, dans le cadre du Festival d\u2019Hiver des Passeurs d\u2019Histoires \u00e0 Baden (56)<\/span><\/p>\n<\/li>\n<li>\n<p align=\"JUSTIFY\">\u2013 <span style=\"font-family: Trebuchet MS, sans-serif;\">Les 13 et 14 f\u00e9vrier&nbsp;<\/span><strong><span style=\"font-family: Trebuchet MS, sans-serif;\">Formation sur le Conte et le Handicap&nbsp;<\/span><\/strong><span style=\"font-family: Trebuchet MS, sans-serif;\">\u00e0 la Biblioth\u00e8que D\u00e9partementale de l\u2019Essonne(91)<\/span><\/p>\n<\/li>\n<li>\n<p align=\"JUSTIFY\"><span style=\"font-family: Trebuchet MS, sans-serif;\">&#8211; le 19 f\u00e9vrier&nbsp;<\/span><strong><span style=\"font-family: Trebuchet MS, sans-serif;\">\u00ab<a href=\"http:\/\/marcbuleon.com\/conte\/?page_id=168\">&nbsp;Le panier du p\u00eacheur<\/a>&nbsp;\u00bb&nbsp;<\/span><\/strong><span style=\"font-family: Trebuchet MS, sans-serif;\">\u00e0 10h30 \u00e0 la biblioth\u00e8que Colonel Fabien \u00e0 Montreuil en Seine saint Denis (93)dans le cadre de la manifestation, \u00ab&nbsp;contes en stock&nbsp;\u00bb<\/span><\/p>\n<\/li>\n<li>\n<p align=\"JUSTIFY\">\u2013 <span style=\"font-family: Trebuchet MS, sans-serif;\">le 25 f\u00e9vrier&nbsp;<\/span><strong><span style=\"font-family: Trebuchet MS, sans-serif;\">Babel&nbsp;<\/span><\/strong><span style=\"font-family: Trebuchet MS, sans-serif;\">\u00e0 20h30 \u00e0 la Biblioth\u00e8que Anne Frank \u00e0 Saint Nazaire<\/span><\/p>\n<\/li>\n<li>\n<p align=\"JUSTIFY\"><span style=\"font-family: Trebuchet MS, sans-serif;\">&#8211; le 26 f\u00e9vrier&nbsp;<\/span><strong><span style=\"font-family: Trebuchet MS, sans-serif;\"><a href=\"http:\/\/marcbuleon.com\/conte\/?page_id=168\">Le panier du p\u00eacheur<\/a>&nbsp;<\/span><\/strong><span style=\"font-family: Trebuchet MS, sans-serif;\">\u00e0 14h30 \u00e0 la Biblioth\u00e8que Anne Frank \u00e0 Saint Nazaire<\/span><\/p>\n<\/li>\n<li>\n<p align=\"JUSTIFY\"><span style=\"font-family: Trebuchet MS, sans-serif;\">&#8211; le 26 f\u00e9vrier&nbsp;<\/span><strong><span style=\"font-family: Trebuchet MS, sans-serif;\">Contes de ruses, d\u2019\u00e9nigmes et de poursuites&nbsp;<\/span><\/strong><span style=\"font-family: Trebuchet MS, sans-serif;\">\u00e0 16h30 \u00e0 la Biblioth\u00e8que Anne Frank \u00e0 Saint Nazaire<\/span><\/p>\n<\/li>\n<li>\n<p align=\"JUSTIFY\"><span style=\"font-family: Trebuchet MS, sans-serif;\">&#8211; le 17 mars&nbsp;<\/span><strong><span style=\"font-family: Trebuchet MS, sans-serif;\">\u00ab A port\u00e9e de voix \u00bb<\/span><\/strong><span style=\"font-family: Trebuchet MS, sans-serif;\">\u00e0 19h30 au Th\u00e9\u00e2tre Henri Martinet aux Pennes Mirabeau (13170)<\/span><\/p>\n<\/li>\n<li>\n<p align=\"JUSTIFY\"><span style=\"font-family: Trebuchet MS, sans-serif;\">&#8211; le 25 mars&nbsp;<\/span><strong><span style=\"font-family: Trebuchet MS, sans-serif;\">\u00ab Ulysse \u00bb<\/span><\/strong><span style=\"font-family: Trebuchet MS, sans-serif;\">&nbsp;au Coll\u00e8ge St Blaise de Vertou (44)<\/span><\/p>\n<\/li>\n<li>\n<p align=\"JUSTIFY\"><span style=\"font-family: Trebuchet MS, sans-serif;\">&#8211; le 29 mars&nbsp;<\/span><strong><span style=\"font-family: Trebuchet MS, sans-serif;\">\u00ab <a href=\"http:\/\/marcbuleon.com\/conte\/?page_id=155\">A port\u00e9e de voix&nbsp;<\/a>&nbsp;\u00bb<\/span><\/strong><span style=\"font-family: Trebuchet MS, sans-serif;\">\u00e0 14h30 sur l\u2019Esplanade des Riveurs \u00e0 Nantes dans le cadre du festival Handiclap (44)<\/span><\/p>\n<\/li>\n<li>\n<p align=\"JUSTIFY\"><span style=\"font-family: Trebuchet MS, sans-serif;\">&#8211; le 31 mars \u00e0 14h30 et le 1er avril \u00e0 10h30 et \u00e0 14h30&nbsp;<\/span><strong><span style=\"font-family: Trebuchet MS, sans-serif;\">\u00ab BABEL \u00bb<\/span><\/strong><span style=\"font-family: Trebuchet MS, sans-serif;\">&nbsp;dans le cadre du festival Arti\u2019Show \u00e0 Pouanc\u00e9 (49)<\/span><\/p>\n<\/li>\n<li>\n<p align=\"JUSTIFY\">\u2013 <span style=\"font-family: Trebuchet MS, sans-serif;\">le 3 avril&nbsp;<\/span><strong><span style=\"font-family: Trebuchet MS, sans-serif;\">\u00ab&nbsp;<a href=\"http:\/\/marcbuleon.com\/conte\/?page_id=164\">Le Bossu et sa suite&nbsp;<\/a>\u00bb<\/span><\/strong><span style=\"font-family: Trebuchet MS, sans-serif;\">&nbsp;\u00e0 la Bilioth\u00e8que de Sainte Pazanne (44)<\/span><\/p>\n<\/li>\n<li>\n<p align=\"JUSTIFY\">\u2013 <span style=\"font-family: Trebuchet MS, sans-serif;\">le 15 avril&nbsp;<\/span><strong><span style=\"font-family: Trebuchet MS, sans-serif;\">Tour de contes sur mesure<\/span><\/strong><span style=\"font-family: Trebuchet MS, sans-serif;\">&nbsp;pour la cl\u00f4ture du festival Au fil du conte en Charente (17)<\/span><\/p>\n<\/li>\n<li>\n<p align=\"JUSTIFY\">\u2013 <span style=\"font-family: Trebuchet MS, sans-serif;\">le 18 avril&nbsp;<\/span><strong><span style=\"font-family: Trebuchet MS, sans-serif;\">\u00ab&nbsp;<a href=\"http:\/\/marcbuleon.com\/conte\/?page_id=151\">La g\u00e9om\u00e9trie des silences<\/a>&nbsp;\u00bb<\/span><\/strong><span style=\"font-family: Trebuchet MS, sans-serif;\">&nbsp;et&nbsp;<\/span><strong><span style=\"font-family: Trebuchet MS, sans-serif;\">\u00ab&nbsp;Le panier du p\u00eacheur sent toujours le poisson&nbsp;\u00bb<\/span><\/strong><span style=\"font-family: Trebuchet MS, sans-serif;\">au festival Canton Conte \u00e0 Fumay (08)<\/span><\/p>\n<\/li>\n<li>\n<p align=\"JUSTIFY\">\u2013 <span style=\"font-family: Trebuchet MS, sans-serif;\">le 7 mai&nbsp;<\/span><strong><span style=\"font-family: Trebuchet MS, sans-serif;\">\u00ab <a href=\"http:\/\/marcbuleon.com\/conte\/?page_id=168\">Le panier du p\u00eacheur sent toujours le poisson<\/a> \u00bb<\/span><\/strong><span style=\"font-family: Trebuchet MS, sans-serif;\">&nbsp;dans le cadre du festival La Cour des Contes \u00e0 Plan les Ouates (suisse)<\/span><\/p>\n<\/li>\n<li>\n<p align=\"JUSTIFY\">\u2013 <span style=\"font-family: Trebuchet MS, sans-serif;\">le 8 mai&nbsp;<\/span><strong><span style=\"font-family: Trebuchet MS, sans-serif;\">\u00ab <a href=\"http:\/\/marcbuleon.com\/conte\/?page_id=166\">Contes de ruses, d\u2019\u00e9nigmes et de poursuites <\/a>\u00bb et \u00ab <a href=\"http:\/\/marcbuleon.com\/conte\/?page_id=151\">La g\u00e9om\u00e9trie des silences<\/a> \u00bb<\/span><\/strong><span style=\"font-family: Trebuchet MS, sans-serif;\">&nbsp;dans le cadre du festival La Cour des Contes \u00e0 Plan les Ouates (suisse)<\/span><\/p>\n<\/li>\n<li>\n<p align=\"JUSTIFY\">\u2013 <span style=\"font-family: Trebuchet MS, sans-serif;\">le 9 mai&nbsp;<\/span><strong><span style=\"font-family: Trebuchet MS, sans-serif;\">\u00ab<a href=\"http:\/\/marcbuleon.com\/conte\/?page_id=168\">Le panier du p\u00eacheur sent toujours le poisson<\/a>&nbsp;\u00bb<\/span><\/strong><span style=\"font-family: Trebuchet MS, sans-serif;\">&nbsp;dans le cadre du festival La Cour des Contes \u00e0 Plan les Ouates (suisse)<\/span><\/p>\n<\/li>\n<li>\n<p align=\"JUSTIFY\">\u2013 <span style=\"font-family: Trebuchet MS, sans-serif;\">le 9 mai&nbsp;<\/span><strong><span style=\"font-family: Trebuchet MS, sans-serif;\">\u00ab <a href=\"http:\/\/marcbuleon.com\/conte\/?page_id=155\">A port\u00e9e de voix<\/a> \u00bb<\/span><\/strong><span style=\"font-family: Trebuchet MS, sans-serif;\">&nbsp;\u00e0 20h30 dans la petite salle de la Ferme Asile de Sion (suisse)<\/span><\/p>\n<\/li>\n<li>\n<p align=\"JUSTIFY\">\u2013 <span style=\"font-family: Trebuchet MS, sans-serif;\">le 10 mai&nbsp;<\/span><strong><span style=\"font-family: Trebuchet MS, sans-serif;\"><a href=\"http:\/\/marcbuleon.com\/conte\/?page_id=168\">Le panier du p\u00eacheur sent toujours le poisson<\/a>&nbsp;<\/span><\/strong><span style=\"font-family: Trebuchet MS, sans-serif;\">\u00e0 la biblioth\u00e8que d\u00e9partementale de St maur les foss\u00e9s (94)<\/span><\/p>\n<\/li>\n<li>\n<p align=\"JUSTIFY\">\u2013 <span style=\"font-family: Trebuchet MS, sans-serif;\">le 14 mai&nbsp;<\/span><strong><span style=\"font-family: Trebuchet MS, sans-serif;\">\u00ab <a href=\"http:\/\/marcbuleon.com\/conte\/?page_id=168\">Le panier du p\u00eacheur sent toujours le poisson<\/a>\u00bb<\/span><\/strong><span style=\"font-family: Trebuchet MS, sans-serif;\">&nbsp;\u00e0 15h30 \u00e0 la m\u00e9diath\u00e8que de Valence (26)<\/span><\/p>\n<\/li>\n<li>\n<p align=\"JUSTIFY\">\u2013 <span style=\"font-family: Trebuchet MS, sans-serif;\">le 15 mai&nbsp;<\/span><strong><span style=\"font-family: Trebuchet MS, sans-serif;\">\u00ab <a href=\"http:\/\/marcbuleon.com\/conte\/?page_id=155\">A port\u00e9e de voix<\/a> \u00bb<\/span><\/strong><span style=\"font-family: Trebuchet MS, sans-serif;\">&nbsp;en Sa\u00f4ne et Loire (lieu \u00e0 d\u00e9finir)<\/span><\/p>\n<\/li>\n<li>\n<p align=\"JUSTIFY\">\u2013 <span style=\"font-family: Trebuchet MS, sans-serif;\">le 21 mai&nbsp;<\/span><strong><span style=\"font-family: Trebuchet MS, sans-serif;\">\u00ab <a href=\"http:\/\/marcbuleon.com\/conte\/?page_id=168\">Le panier du p\u00eacheur sent toujours le poisson<\/a>\u00bb et \u00ab &nbsp;<a href=\"http:\/\/marcbuleon.com\/conte\/?page_id=166\">Contes de ruses, d\u2019\u00e9nigmes et de poursuites<\/a>\u00bb<\/span><\/strong><span style=\"font-family: Trebuchet MS, sans-serif;\">&nbsp;\u00e0 la biblioth\u00e8que d\u2019Herbignac (44)<\/span><\/p>\n<\/li>\n<li>\n<p align=\"JUSTIFY\">\u2013 <span style=\"font-family: Trebuchet MS, sans-serif;\">le 23 mai&nbsp;<\/span><strong><span style=\"font-family: Trebuchet MS, sans-serif;\">\u00ab <a href=\"http:\/\/marcbuleon.com\/conte\/?page_id=151\">La g\u00e9om\u00e9trie des silences<\/a>\u00bb&nbsp;<\/span><\/strong><span style=\"font-family: Trebuchet MS, sans-serif;\">\u00e0 20h au caf\u00e9 l\u2019Equipage \u00e0 Bouaye (44)<\/span><\/p>\n<\/li>\n<li>\n<p align=\"JUSTIFY\">\u2013 <span style=\"font-family: Trebuchet MS, sans-serif;\">le 28 mai&nbsp;<\/span><strong><span style=\"font-family: Trebuchet MS, sans-serif;\">\u00ab Tour de conte \u00bb&nbsp;<\/span><\/strong><span style=\"font-family: Trebuchet MS, sans-serif;\">\u00e0 Harnes (62)<\/span><\/p>\n<\/li>\n<li>\n<p align=\"JUSTIFY\">\u2013 <span style=\"font-family: Trebuchet MS, sans-serif;\">Du 1er au 15 juin&nbsp;<\/span><strong><span style=\"font-family: Trebuchet MS, sans-serif;\">au Festival International RIAPL&nbsp;<\/span><\/strong><span style=\"font-family: Trebuchet MS, sans-serif;\">de Brazzaville (Congo)<\/span><\/p>\n<\/li>\n<li>\n<p align=\"JUSTIFY\">\u2013 <span style=\"font-family: Trebuchet MS, sans-serif;\">les 19 et 20 juin&nbsp;<\/span><strong><span style=\"font-family: Trebuchet MS, sans-serif;\">\u00ab<a href=\"http:\/\/marcbuleon.com\/conte\/?p=127\">Ulysse l\u2019odyss\u00e9e<\/a>\u00bb<\/span><\/strong><span style=\"font-family: Trebuchet MS, sans-serif;\">&nbsp;\u00e0 la Biblioth\u00e8que d\u2019Ach\u00e8res (78)<\/span><\/p>\n<\/li>\n<li>\n<p align=\"JUSTIFY\">\u2013 <span style=\"font-family: Trebuchet MS, sans-serif;\">le 27 juin&nbsp;<\/span><strong><span style=\"font-family: Trebuchet MS, sans-serif;\">\u00abBalade cont\u00e9e\u00bb<\/span><\/strong><span style=\"font-family: Trebuchet MS, sans-serif;\">&nbsp;d\u00e9part \u00e0 20h du ch\u00e2teau du Pordor d\u2019Avessac (44460)<\/span><\/p>\n<\/li>\n<li>\n<p align=\"JUSTIFY\">\u2013 <span style=\"font-family: Trebuchet MS, sans-serif;\">le 17 juillet&nbsp;<\/span><strong><span style=\"font-family: Trebuchet MS, sans-serif;\">\u00abBalade cont\u00e9e\u00bb<\/span><\/strong><span style=\"font-family: Trebuchet MS, sans-serif;\">&nbsp;\u00e0 Segr\u00e9 (49)<\/span><\/p>\n<\/li>\n<li>\n<p align=\"JUSTIFY\">\u2013 <span style=\"font-family: Trebuchet MS, sans-serif;\">le 19 ao\u00fbt&nbsp;\u00ab<\/span><strong><a href=\"http:\/\/marcbuleon.com\/conte\/?page_id=151\"><span style=\"font-family: Trebuchet MS, sans-serif;\">La g\u00e9om\u00e9trie des silences<\/span><\/a><\/strong><span style=\"font-family: Trebuchet MS, sans-serif;\">\u00bb&nbsp;au Festival les 100 voix \u00e0 21h au Parc du Verger \u00e0 Ch\u00e2tellerault (86)<\/span><\/p>\n<\/li>\n<li>\n<p align=\"JUSTIFY\">\u2013 <span style=\"font-family: Trebuchet MS, sans-serif;\">Du 20 au 24 ao\u00fbt&nbsp;Le bossu&nbsp;\u00e0 15h et \u00ab<\/span><strong><a href=\"http:\/\/marcbuleon.com\/conte\/?page_id=151\"><span style=\"font-family: Trebuchet MS, sans-serif;\">La g\u00e9om\u00e9trie des silences<\/span><\/a><\/strong><span style=\"font-family: Trebuchet MS, sans-serif;\">\u00bb \u00e0 18h&nbsp;sous le chapiteau du Th\u00e9\u00e2tre Populaire Nantais au Pellerin(44)<\/span><\/p>\n<\/li>\n<li>\n<p align=\"JUSTIFY\">\u2013 <span style=\"font-family: Trebuchet MS, sans-serif;\">le 30 ao\u00fbt&nbsp;\u00abContes de ruses, d\u2019\u00e9nigmes et de poursuites\u00bb&nbsp;\u00e0 Chambly (60)<\/span><\/p>\n<\/li>\n<li>\n<p align=\"JUSTIFY\"><span style=\"font-family: Trebuchet MS, sans-serif;\">&#8211; du 8 au 14 septembre au <a href=\"http:\/\/www.conteseniles.com\/\">Festival Contes en \u00eeles<\/a> au Qu\u00e9bec<\/span><\/p>\n<\/li>\n<li>\n<p align=\"JUSTIFY\">\u2013 <span style=\"font-family: Trebuchet MS, sans-serif;\">le 21 septembre&nbsp;\u00ab<\/span><strong><a href=\"http:\/\/marcbuleon.com\/conte\/?page_id=168\"><span style=\"font-family: Trebuchet MS, sans-serif;\">Le panier du p\u00eacheur sent toujours le poisson<\/span><\/a><\/strong><span style=\"font-family: Trebuchet MS, sans-serif;\">\u00bb&nbsp;\u00e0 16h30 \u00e0 Fran\u00e7ois, dans le cadre du Festival Contes en chemin(79)<\/span><\/p>\n<\/li>\n<li>\n<p align=\"JUSTIFY\">\u2013 <span style=\"font-family: Trebuchet MS, sans-serif;\">le 27 septembre&nbsp;\u00ab<a href=\"http:\/\/marcbuleon.com\/conte\/?page_id=159\">&nbsp;BABEL<\/a>&nbsp;\u00bb&nbsp;au Caf\u00e9 Th\u00e9\u00e2tre de Malville (44)<\/span><\/p>\n<\/li>\n<li>\n<p align=\"JUSTIFY\"><span style=\"font-family: Trebuchet MS, sans-serif;\">&#8211; les 4 et 5 octobre&nbsp;\u00ab&nbsp;<a href=\"http:\/\/marcbuleon.com\/conte\/?page_id=155\">A port\u00e9e de voix<\/a>\u00ab&nbsp;&nbsp;dans le cadre du Festival Du c\u00f4t\u00e9 de chez toi \u00e0 la Roche\/yon (85)<\/span><\/p>\n<\/li>\n<li>\n<p align=\"JUSTIFY\"><a name=\"yui_3_16_0_1_1411028497669_4931\"><\/a><span style=\"font-family: Trebuchet MS, sans-serif;\">&#8211; les 11 &amp; 12 octobre&nbsp;<\/span><strong><span style=\"font-family: Trebuchet MS, sans-serif;\">\u00ab Stage sur le rythme de la parole \u00bb<\/span><\/strong><span style=\"font-family: Trebuchet MS, sans-serif;\">&nbsp;\u00e0 Cou\u00ebron (44) (informations et r\u00e9servations : <a href=\"mailto:contesenchemin@gmail.com\" target=\"_blank\" rel=\"noopener noreferrer\">contesenchemin@gmail.com &#8211;<\/a>Nicolas Gellereau&nbsp;: 06.62.29.90.15)<\/span><\/p>\n<\/li>\n<li>\n<p align=\"JUSTIFY\"><span style=\"font-family: Trebuchet MS, sans-serif;\">&#8211; le 14 octobre <\/span><strong><span style=\"font-family: Trebuchet MS, sans-serif;\">\u00ab&nbsp;<a href=\"http:\/\/marcbuleon.com\/conte\/?page_id=151\">La g\u00e9om\u00e9trie des silences<\/a><a href=\"http:\/\/marcbuleon.com\/conte\/?page_id=151\">&nbsp;<\/a>\u00bb<\/span><\/strong><span style=\"font-family: Trebuchet MS, sans-serif;\"> \u00e0 21h \u00e0 la biblioth\u00e8que municipale de Beaumont-sur-Oise(95) dans le cadre du festival Viva La Vida<\/span><\/p>\n<\/li>\n<li>\n<p align=\"JUSTIFY\"><span style=\"font-family: Trebuchet MS, sans-serif;\">&#8211; le 15 octobre <\/span><strong><span style=\"font-family: Trebuchet MS, sans-serif;\">\u00ab&nbsp;<a href=\"http:\/\/marcbuleon.com\/conte\/?page_id=151\">La g\u00e9om\u00e9trie des silences<\/a>\u00bb <\/span><\/strong><span style=\"font-family: Trebuchet MS, sans-serif;\">\u00e0 16h \u00e0 la biblioth\u00e8que Albert Camus \u00e0 Eragny-sur-Oise (95) dans le cadre du festival Viva La Vida<\/span><\/p>\n<\/li>\n<li>\n<p align=\"JUSTIFY\">\u2013 <span style=\"font-family: Trebuchet MS, sans-serif;\">le 16 octobre&nbsp;<\/span><strong><span style=\"font-family: Trebuchet MS, sans-serif;\">\u00ab&nbsp;<a href=\"http:\/\/marcbuleon.com\/conte\/?page_id=151\">La g\u00e9om\u00e9trie des silences<\/a>\u00bb&nbsp;<\/span><\/strong><span style=\"font-family: Trebuchet MS, sans-serif;\">\u00e0 Tours dans le cadre du Festival Conteur en touraine (37)<\/span><\/p>\n<\/li>\n<li>\n<p align=\"JUSTIFY\">\u2013 <span style=\"font-family: Trebuchet MS, sans-serif;\">Le 18 octobre \u00e0 20h30 au Th\u00e9\u00e2tre municipal de Paray le monial dans le cadre du Festival Contes Givr\u00e9s (71)<\/span><\/p>\n<\/li>\n<li>\n<p align=\"JUSTIFY\"><span style=\"font-family: Trebuchet MS, sans-serif;\">&#8211; Le 19 octobre \u00ab&nbsp;<\/span><strong><a href=\"http:\/\/marcbuleon.com\/conte\/?page_id=151\"><span style=\"font-family: Trebuchet MS, sans-serif;\">La g\u00e9om\u00e9trie des silences<\/span><\/a><\/strong><span style=\"font-family: Trebuchet MS, sans-serif;\">\u00bb \u00e0 18h \u00e0 la Salle des f\u00eates de Salornay sur Guye dans le cadre du Festival Contes Givr\u00e9s (71)<\/span><\/p>\n<\/li>\n<li>\n<p align=\"JUSTIFY\"><span style=\"font-family: Trebuchet MS, sans-serif;\">_ le 20 octobre \u00ab<\/span><strong><span style=\"font-family: Trebuchet MS, sans-serif;\">&nbsp;<a href=\"http:\/\/marcbuleon.com\/conte\/?page_id=151\">La g\u00e9om\u00e9trie des silences<\/a><\/span><\/strong><span style=\"font-family: Trebuchet MS, sans-serif;\"><a href=\"http:\/\/marcbuleon.com\/conte\/?page_id=151\">&nbsp;<\/a>\u00bb&nbsp; \u00e0 20h30 \u00e0 la Tuilerie \u00e0 Montchanin&nbsp;dans le cadre du Festival Contes Givr\u00e9s (71)<\/span><\/p>\n<\/li>\n<li>\n<p align=\"JUSTIFY\">\u2013 <span style=\"font-family: Trebuchet MS, sans-serif;\">Le 21 octobre <\/span><strong><span style=\"font-family: Trebuchet MS, sans-serif;\">\u00ab&nbsp;<a href=\"http:\/\/marcbuleon.com\/conte\/?page_id=166\">Contes de ruses, d\u2019\u00e9nigmes et de poursuites<\/a>\u00bb&nbsp;<\/span><\/strong><span style=\"font-family: Trebuchet MS, sans-serif;\">\u00e0 18h \u00e0 la Salle Polyvalente de St Parize le Chatel dans le cadre du Festival A Haute Voix (58)<\/span><\/p>\n<\/li>\n<li>\n<p align=\"JUSTIFY\"><span style=\"font-family: Trebuchet MS, sans-serif;\">&#8211; Le 22 octobre&nbsp; \u00ab<a href=\"http:\/\/marcbuleon.com\/conte\/?page_id=168\">&nbsp;<\/a><\/span><strong><a href=\"http:\/\/marcbuleon.com\/conte\/?page_id=168\"><span style=\"font-family: Trebuchet MS, sans-serif;\">Le panier du p\u00eacheur sent toujours le poisson<\/span><\/a><\/strong><span style=\"font-family: Trebuchet MS, sans-serif;\">\u00bb \u00e0 15h \u00e0 la salle Paul Doumer \u00e0 St Benin d&rsquo;Azy dans le cadre du Festival A Haute Voix (58)<\/span><\/p>\n<\/li>\n<li>\n<p align=\"JUSTIFY\"><span style=\"font-family: Trebuchet MS, sans-serif;\">&#8211; le 22 octobre<\/span><strong><span style=\"font-family: Trebuchet MS, sans-serif;\">\u00ab&nbsp;<a href=\"http:\/\/marcbuleon.com\/conte\/?page_id=166\">Contes de ruses, d\u2019\u00e9nigmes et de poursuites<\/a><a href=\"http:\/\/marcbuleon.com\/conte\/?page_id=166\">s<\/a>\u00bb<\/span><\/strong><span style=\"font-family: Trebuchet MS, sans-serif;\">&nbsp; \u00e0 20h30 \u00e0 la Salle des f\u00eates de Rouy dans le cadre du Festival A Haute Voix (58)<\/span><\/p>\n<\/li>\n<li>\n<p align=\"JUSTIFY\"><strong><span style=\"font-family: Trebuchet MS, sans-serif;\">\u00ab&nbsp;<a href=\"http:\/\/marcbuleon.com\/conte\/?page_id=166\">Contes de ruses, d\u2019\u00e9nigmes et de poursuites<\/a>\u00bb<\/span><\/strong><span style=\"font-family: Trebuchet MS, sans-serif;\"> \u00e0 20h au Cellier des Moines \u00e0 la Charit\u00e9 sur Loire dans le cadre du Festival A Haute Voix (58) <\/span><\/p>\n<\/li>\n<li>\n<p align=\"JUSTIFY\">\u2013 <span style=\"font-family: Trebuchet MS, sans-serif;\">Le 24 octobre \u00ab\u00a0<\/span><strong><a href=\"http:\/\/marcbuleon.com\/conte\/?page_id=155\"><span style=\"font-family: Trebuchet MS, sans-serif;\">A port\u00e9e de voix<\/span><\/a><\/strong><span style=\"font-family: Trebuchet MS, sans-serif;\">\u00a0\u00bb \u00e0 20h30 \u00e0 la salle C2 \u00e0 Torcy dans le cadre du Festival Contes Givr\u00e9s (71)<\/span><\/p>\n<\/li>\n<li>\n<p align=\"JUSTIFY\">&nbsp;<span style=\"font-family: Trebuchet MS, sans-serif;\">le 7 novembre <\/span><strong><span style=\"font-family: Trebuchet MS, sans-serif;\">\u00ab<a href=\"http:\/\/marcbuleon.com\/conte\/?page_id=151\">La g\u00e9om\u00e9trie des silences<\/a>\u00bb <\/span><\/strong><span style=\"font-family: Trebuchet MS, sans-serif;\">\u00e0 20h30 au 251 Broennou, Land\u00e9da (29) dans le cadre du festival Les petites sc\u00e8nes d\u00e9m\u00e9nagent.<\/span><\/p>\n<\/li>\n<li>\n<p align=\"JUSTIFY\">&nbsp;<span style=\"font-family: Trebuchet MS, sans-serif;\">le 8 novembre <\/span><strong><span style=\"font-family: Trebuchet MS, sans-serif;\">\u00ab<a href=\"http:\/\/marcbuleon.com\/conte\/?page_id=159\">&nbsp;BABEL<\/a>&nbsp;\u00bb <\/span><\/strong><span style=\"font-family: Trebuchet MS, sans-serif;\">\u00e0 18h au 88 Mechou Aodren, Land\u00e9da (29) dans le cadre du festival Les petites sc\u00e8nes d\u00e9m\u00e9nagent.<\/span><\/p>\n<\/li>\n<li>\n<p align=\"JUSTIFY\">&nbsp;<span style=\"font-family: Trebuchet MS, sans-serif;\">le 9 novembre <\/span><strong><span style=\"font-family: Trebuchet MS, sans-serif;\">\u00ab<a href=\"http:\/\/marcbuleon.com\/conte\/?page_id=159\">&nbsp;BABEL<\/a>&nbsp;\u00bb <\/span><\/strong><span style=\"font-family: Trebuchet MS, sans-serif;\">\u00e0 15h \u00e0&nbsp;Plouguerneau (29) &#8211; pr\u00e8s de la gr\u00e8ve blanche<\/span><\/p>\n<\/li>\n<li>\n<p align=\"JUSTIFY\">&nbsp;<span style=\"font-family: Trebuchet MS, sans-serif;\">le 9 novembre <\/span><strong><span style=\"font-family: Trebuchet MS, sans-serif;\">\u00ab<a href=\"http:\/\/marcbuleon.com\/conte\/?page_id=151\">La g\u00e9om\u00e9trie des silences<\/a>\u00bb <\/span><\/strong><span style=\"font-family: Trebuchet MS, sans-serif;\">\u00e0 18h \u00e0&nbsp;Plouguerneau (29) &#8211; pr\u00e8s de la gr\u00e8ve blanche<\/span><\/p>\n<\/li>\n<li>\n<p align=\"JUSTIFY\">&nbsp;<span style=\"font-family: Trebuchet MS, sans-serif;\">le 17 novembre&nbsp;<\/span><strong><span style=\"font-family: Trebuchet MS, sans-serif;\">extrait d\u2019<a href=\"http:\/\/marcbuleon.com\/conte\/?page_id=155\">A port\u00e9e de voix<\/a>\u00a0\u00bb&nbsp;<\/span><\/strong><span style=\"font-family: Trebuchet MS, sans-serif;\"> \u00e0 18h \u00e0 la Manufacture \u00e0 Nantes dans le cadre de l\u2019inauguration du festival du film de l\u2019\u00e9ducation des CEMEA.(44)<\/span><\/p>\n<\/li>\n<li>\n<p align=\"JUSTIFY\">&nbsp;<span style=\"font-family: Trebuchet MS, sans-serif;\">Du 18 au 22 novembre : Conf\u00e9rence-atelier sur le conte et l&rsquo;autisme en Suisse, \u00e0 Gen\u00e8ve, Neuch\u00e2tel, Lausanne, Montigny et Fribourg.<\/span><\/p>\n<\/li>\n<li>\n<p align=\"JUSTIFY\">&nbsp;<span style=\"font-family: Trebuchet MS, sans-serif;\">le 20 novembre \u00e0 20h : &nbsp;<\/span><strong><span style=\"font-family: Trebuchet MS, sans-serif;\">\u00ab<a href=\"http:\/\/marcbuleon.com\/conte\/?page_id=151\">La g\u00e9om\u00e9trie des silences<\/a>\u00bb<\/span><\/strong><span style=\"font-family: Trebuchet MS, sans-serif;\">&nbsp; \u00e0 la salle paroissiale de St Marc \u00e0 Lausanne (suisse)<\/span><\/p>\n<\/li>\n<li>\n<p align=\"JUSTIFY\">&nbsp;<span style=\"font-family: Trebuchet MS, sans-serif;\">le 2 d\u00e9cembre&nbsp;<\/span><strong><span style=\"font-family: Trebuchet MS, sans-serif;\">\u00ab<a href=\"http:\/\/marcbuleon.com\/conte\/?page_id=151\">La g\u00e9om\u00e9trie des silences<\/a>\u00bb<\/span><\/strong><span style=\"font-family: Trebuchet MS, sans-serif;\">&nbsp;&nbsp;\u00e0 20h30 \u00e0&nbsp; la m\u00e9diath\u00e8que de Pornichet (44)<\/span><\/p>\n<\/li>\n<li>\n<p align=\"JUSTIFY\">&nbsp;<span style=\"font-family: Trebuchet MS, sans-serif;\">le 3 d\u00e9cembre<\/span><strong><a href=\"http:\/\/marcbuleon.com\/conte\/?page_id=168\"><span style=\"font-family: Trebuchet MS, sans-serif;\">&nbsp;Le panier du p\u00eacheur&nbsp;<\/span><\/a><\/strong><span style=\"font-family: Trebuchet MS, sans-serif;\">\u00e015h et \u00e0 16h30 \u00e0 la m\u00e9diath\u00e8que de Pornichet (44)<\/span><\/p>\n<\/li>\n<li>\n<p align=\"JUSTIFY\"><span style=\"font-family: Trebuchet MS, sans-serif;\">les 13 &amp; 14 d\u00e9cembre : stage de conte sur Angers (Inscription :&nbsp;Eliane Pineau &nbsp; &nbsp;eliane.pineau@free.fr)<\/span><\/p>\n<\/li>\n<li>\n<p align=\"JUSTIFY\"><span style=\"font-family: Trebuchet MS, sans-serif;\">le 17 d\u00e9cembre <\/span><strong><span style=\"font-family: Trebuchet MS, sans-serif;\">\u00ab<a href=\"http:\/\/marcbuleon.com\/conte\/?page_id=151\">La g\u00e9om\u00e9trie des silences<\/a>\u00bb<\/span><\/strong><span style=\"font-family: Trebuchet MS, sans-serif;\">&nbsp;&nbsp;\u00e0 18h \u00e0 l&rsquo;ESPE de Nantes (44) &#8211; s\u00e9ance r\u00e9serv\u00e9e aux adh\u00e9rents de l&rsquo;ESPE<\/span><\/p>\n<\/li>\n<\/ul>\n<p align=\"JUSTIFY\"><span style=\"font-family: Trebuchet MS, sans-serif;\">Souvenirs ANNEE 2013<\/span><\/p>\n<ul>\n<li>\n<p align=\"JUSTIFY\"><span style=\"font-family: Trebuchet MS, sans-serif;\">&#8211; le 12 janvier 2013<\/span><strong><span style=\"font-family: Trebuchet MS, sans-serif;\"> \u00ab Duos, paroles singuli\u00e8res \u00bb <\/span><\/strong><span style=\"font-family: Trebuchet MS, sans-serif;\">\u00e0 La Montagne (44620)<\/span><\/p>\n<\/li>\n<li>\n<p align=\"JUSTIFY\"><span style=\"font-family: Trebuchet MS, sans-serif;\">&#8211; le 17 janvier 2013<\/span><strong><span style=\"font-family: Trebuchet MS, sans-serif;\"> \u00ab La G\u00e9om\u00e9trie des silences \u00bb <\/span><\/strong><span style=\"font-family: Trebuchet MS, sans-serif;\">\u00e0 20h30 \u00e0 la salle des f\u00eates de Cuts (60400)<\/span><\/p>\n<\/li>\n<li>\n<p align=\"JUSTIFY\"><span style=\"font-family: Trebuchet MS, sans-serif;\">&#8211; le 1er f\u00e9vrier <\/span><strong><span style=\"font-family: Trebuchet MS, sans-serif;\">\u00ab A port\u00e9e de voix \u00bb <\/span><\/strong><span style=\"font-family: Trebuchet MS, sans-serif;\">\u00e0 20h30 \u00e0 la m\u00e9diath\u00e8que \u00ab Passe Muraille \u00bb \u00e0 saint julien de concelles (44)<\/span><\/p>\n<\/li>\n<li>\n<p align=\"JUSTIFY\"><span style=\"font-family: Trebuchet MS, sans-serif;\">&#8211; les 7 et 8 f\u00e9vrier <\/span><strong><span style=\"font-family: Trebuchet MS, sans-serif;\">\u00ab Ulysse \u00bb <\/span><\/strong><span style=\"font-family: Trebuchet MS, sans-serif;\">\u00e0 la biblioth\u00e8que d\u2019Ach\u00e8res (78260)<\/span><\/p>\n<\/li>\n<li>\n<p align=\"JUSTIFY\"><span style=\"font-family: Trebuchet MS, sans-serif;\">&#8211; le 13 f\u00e9vrier <\/span><strong><span style=\"font-family: Trebuchet MS, sans-serif;\">\u00ab A port\u00e9e de voix \u00bb <\/span><\/strong><span style=\"font-family: Trebuchet MS, sans-serif;\">\u00e0 Montb\u00e9liard (25)<\/span><\/p>\n<\/li>\n<li>\n<p align=\"JUSTIFY\"><span style=\"font-family: Trebuchet MS, sans-serif;\">&#8211; le 20 f\u00e9vrier <\/span><strong><span style=\"font-family: Trebuchet MS, sans-serif;\">\u00ab Le panier du p\u00eacheur sent toujours le poisson \u00bb <\/span><\/strong><span style=\"font-family: Trebuchet MS, sans-serif;\">\u00e0 16h30 \u00e0 Donges<\/span><\/p>\n<\/li>\n<li>\n<p align=\"JUSTIFY\"><span style=\"font-family: Trebuchet MS, sans-serif;\">&#8211; le 22 f\u00e9vrier <\/span><strong><span style=\"font-family: Trebuchet MS, sans-serif;\">\u00ab A port\u00e9e de voix \u00bb <\/span><\/strong><span style=\"font-family: Trebuchet MS, sans-serif;\">\u00e0 20h30 \u00e0 la salle des f\u00eates de Saint Jean de Boiseau (44640)<\/span><\/p>\n<\/li>\n<li>\n<p align=\"JUSTIFY\"><span style=\"font-family: Trebuchet MS, sans-serif;\">&#8211; du 4 au 7 mars <\/span><strong><span style=\"font-family: Trebuchet MS, sans-serif;\">R\u00e9sidence \u00ab Babel \u00bb nouvelle cr\u00e9ation<\/span><\/strong><span style=\"font-family: Trebuchet MS, sans-serif;\"> \u00e0 St Jean de Boiseau<\/span><\/p>\n<\/li>\n<li>\n<p align=\"JUSTIFY\"><span style=\"font-family: Trebuchet MS, sans-serif;\">&#8211; le 8 mars <\/span><strong><span style=\"font-family: Trebuchet MS, sans-serif;\">\u00ab Etre deux, tout un po\u00e8me \u00bb <\/span><\/strong><span style=\"font-family: Trebuchet MS, sans-serif;\">\u00e0 19h \u00e0 Saint Aignan de Grandlieu (44860)<\/span><\/p>\n<\/li>\n<li>\n<p align=\"JUSTIFY\"><span style=\"font-family: Trebuchet MS, sans-serif;\">&#8211; du 11 au 14 mars <\/span><strong><span style=\"font-family: Trebuchet MS, sans-serif;\">R\u00e9sidence \u00ab Babel \u00bb nouvelle cr\u00e9ation<\/span><\/strong><span style=\"font-family: Trebuchet MS, sans-serif;\"> au Cabanier , \u00e0 Nantes<\/span><\/p>\n<\/li>\n<li>\n<p align=\"JUSTIFY\"><span style=\"font-family: Trebuchet MS, sans-serif;\">&#8211; le 26 mars <\/span><strong><span style=\"font-family: Trebuchet MS, sans-serif;\">\u00bb A port\u00e9e de voix \u00bb <\/span><\/strong><span style=\"font-family: Trebuchet MS, sans-serif;\">\u00e0 17h15 \u00e0 l\u2019Ecole Paul Bert \u00e0 Saint Nazaire (44600)(organis\u00e9 par la Maison de Quartier de M\u00e9an-Penho\u00ebt )<\/span><\/p>\n<\/li>\n<li>\n<p align=\"JUSTIFY\"><span style=\"font-family: Trebuchet MS, sans-serif;\">&#8211; le 2 avril <\/span><strong><span style=\"font-family: Trebuchet MS, sans-serif;\">\u00ab Ulysse \u00bb <\/span><\/strong><span style=\"font-family: Trebuchet MS, sans-serif;\">au Coll\u00e8ge St Blaise de Vertou (44)<\/span><\/p>\n<\/li>\n<li>\n<p align=\"JUSTIFY\"><span style=\"font-family: Trebuchet MS, sans-serif;\">&#8211; le 4 avril <\/span><strong><span style=\"font-family: Trebuchet MS, sans-serif;\">\u00ab La g\u00e9om\u00e9trie des silences \u00bb <\/span><\/strong><span style=\"font-family: Trebuchet MS, sans-serif;\">au Coll\u00e8ge Olympe de Gouges \u00e0 Sainte Pazanne (44680)<\/span><\/p>\n<\/li>\n<li>\n<p align=\"JUSTIFY\"><span style=\"font-family: Trebuchet MS, sans-serif;\">&#8211; le 10 avril <\/span><strong><span style=\"font-family: Trebuchet MS, sans-serif;\">\u00ab A port\u00e9e de voix \u00bb <\/span><\/strong><span style=\"font-family: Trebuchet MS, sans-serif;\">dans le cadre du festival \u00ab Culture dans tous les sens \u00bb \u00e0 15h \u00e0 la Maison de la culture de Clermont Ferrand (63000)<\/span><\/p>\n<\/li>\n<li>\n<p align=\"JUSTIFY\"><span style=\"font-family: Trebuchet MS, sans-serif;\">&#8211; le 13 avril <\/span><strong><span style=\"font-family: Trebuchet MS, sans-serif;\">\u00ab La g\u00e9om\u00e9trie des silences \u00bb <\/span><\/strong><span style=\"font-family: Trebuchet MS, sans-serif;\">\u00e0 20h dans le cadre du festival \u00ab Tant de paroles \u00bb \u00e0 Fourchambault (58)<\/span><\/p>\n<\/li>\n<li>\n<p align=\"JUSTIFY\"><span style=\"font-family: Trebuchet MS, sans-serif;\">&#8211; le 16 avril <\/span><strong><span style=\"font-family: Trebuchet MS, sans-serif;\">\u00ab A port\u00e9e de voix \u00bb <\/span><\/strong><span style=\"font-family: Trebuchet MS, sans-serif;\">\u00e0 20h \u00e0 la Salle H. Herriot,1 place Antonin Jutard \u00e0 Lyon (69) organis\u00e9 par le r\u00e9seau Diff\u00e9rences et Petite Enfance<\/span><\/p>\n<\/li>\n<li>\n<p align=\"JUSTIFY\"><span style=\"font-family: Trebuchet MS, sans-serif;\">&#8211; du 22 au 26 avril <\/span><strong><span style=\"font-family: Trebuchet MS, sans-serif;\">R\u00e9sidence \u00ab Babel \u00bb nouvelle cr\u00e9ation<\/span><\/strong><span style=\"font-family: Trebuchet MS, sans-serif;\"> au Champilambart, \u00e0 Vallet<\/span><\/p>\n<\/li>\n<li>\n<p align=\"JUSTIFY\"><span style=\"font-family: Trebuchet MS, sans-serif;\">&#8211; du 27 au 30 avril <\/span><strong><span style=\"font-family: Trebuchet MS, sans-serif;\">R\u00e9sidence \u00ab Babel \u00bb nouvelle cr\u00e9ation<\/span><\/strong><span style=\"font-family: Trebuchet MS, sans-serif;\"> \u00e0 la Ruche, \u00e0 Nantes<\/span><\/p>\n<\/li>\n<li>\n<p align=\"JUSTIFY\"><span style=\"font-family: Trebuchet MS, sans-serif;\">&#8211; du 15 au 18 mai <\/span><strong><span style=\"font-family: Trebuchet MS, sans-serif;\">participation au Festival des Arts du r\u00e9cit en Is\u00e8re (38)&nbsp;<\/span><\/strong><\/p>\n<\/li>\n<li>\n<p align=\"JUSTIFY\"><span style=\"font-family: Trebuchet MS, sans-serif;\">&#8211; le 23 mai <\/span><strong><span style=\"font-family: Trebuchet MS, sans-serif;\">\u00ab Babel \u00bb <\/span><\/strong><span style=\"font-family: Trebuchet MS, sans-serif;\">\u00e0 21h \u00e0 la Ruche \u00e0 Nantes (44)<\/span><\/p>\n<\/li>\n<li>\n<p align=\"JUSTIFY\"><span style=\"font-family: Trebuchet MS, sans-serif;\">&#8211; le 24 mai <\/span><strong><span style=\"font-family: Trebuchet MS, sans-serif;\">\u00ab Babel \u00bb <\/span><\/strong><span style=\"font-family: Trebuchet MS, sans-serif;\">\u00e0 14h30 et \u00e0 19h30 \u00e0 la Ruche \u00e0 Nantes (44)<\/span><\/p>\n<\/li>\n<li>\n<p align=\"JUSTIFY\"><span style=\"font-family: Trebuchet MS, sans-serif;\">&#8211; le 25 mai <\/span><strong><span style=\"font-family: Trebuchet MS, sans-serif;\">\u00ab Babel \u00bb <\/span><\/strong><span style=\"font-family: Trebuchet MS, sans-serif;\">\u00e0 21h \u00e0 la Ruche \u00e0 Nantes (44)<\/span><\/p>\n<\/li>\n<li>\n<p align=\"JUSTIFY\"><span style=\"font-family: Trebuchet MS, sans-serif;\">&#8211; les 30 et 31 mai <\/span><strong><span style=\"font-family: Trebuchet MS, sans-serif;\">\u00ab l\u2019Odyss\u00e9e \u00bb <\/span><\/strong><span style=\"font-family: Trebuchet MS, sans-serif;\">\u00e0 la biblioth\u00e8que d\u2019Ach\u00e8res (78260)<\/span><\/p>\n<\/li>\n<li>\n<p align=\"JUSTIFY\"><span style=\"font-family: Trebuchet MS, sans-serif;\">&#8211; le 6 juin <\/span><strong><span style=\"font-family: Trebuchet MS, sans-serif;\">\u00abBabel \u00bb <\/span><\/strong><span style=\"font-family: Trebuchet MS, sans-serif;\">sous le chapiteau du Serious Road Trip \u00e0 19h au Pellerin (44)<\/span><\/p>\n<\/li>\n<li>\n<p align=\"JUSTIFY\"><span style=\"font-family: Trebuchet MS, sans-serif;\">&#8211; le 12 juin <\/span><strong><span style=\"font-family: Trebuchet MS, sans-serif;\">Extrait de \u00ab La g\u00e9om\u00e9trie des silences\u00bb <\/span><\/strong><span style=\"font-family: Trebuchet MS, sans-serif;\">\u00e0 20h au Festival des Franches Conteries \u00e0 Lure (70)<\/span><\/p>\n<\/li>\n<li>\n<p align=\"JUSTIFY\"><span style=\"font-family: Trebuchet MS, sans-serif;\">&#8211; le 13 juillet <\/span><strong><span style=\"font-family: Trebuchet MS, sans-serif;\">\u00ab Babel \u00bb <\/span><\/strong><span style=\"font-family: Trebuchet MS, sans-serif;\">\u00e0 20h30 \u00e0 la Maison de Village dans le cadre du Festival du Conte de Chiny (belgique)<\/span><\/p>\n<\/li>\n<li>\n<p align=\"JUSTIFY\"><span style=\"font-family: Trebuchet MS, sans-serif;\">&#8211; le 14 juillet <\/span><strong><span style=\"font-family: Trebuchet MS, sans-serif;\">\u00ab A port\u00e9e de voix \u00bb <\/span><\/strong><span style=\"font-family: Trebuchet MS, sans-serif;\">\u00e0 16h15 aux Anciennes Ecoles dans le cadre du Festival du Conte de Chiny (belgique)<\/span><\/p>\n<\/li>\n<li>\n<p align=\"JUSTIFY\"><span style=\"font-family: Trebuchet MS, sans-serif;\">&#8211; les 27 et 29 juillet <\/span><strong><span style=\"font-family: Trebuchet MS, sans-serif;\">\u00ab Formation sur le rythme de la parole \u00bb <\/span><\/strong><span style=\"font-family: Trebuchet MS, sans-serif;\">dans la cadre de l\u2019Estival du Conte \u00e0 Surice en Belgique<\/span><\/p>\n<\/li>\n<li>\n<p align=\"JUSTIFY\"><span style=\"font-family: Trebuchet MS, sans-serif;\">&#8211; le 28 juillet <\/span><strong><span style=\"font-family: Trebuchet MS, sans-serif;\">\u00ab La G\u00e9om\u00e9trie des silences\u00bb <\/span><\/strong><span style=\"font-family: Trebuchet MS, sans-serif;\">\u00e0 18h30 au Parc de la Vignette dans la cadre de l\u2019Estival du Conte \u00e0 Surice en Belgique<\/span><\/p>\n<\/li>\n<li>\n<p align=\"JUSTIFY\"><span style=\"font-family: Trebuchet MS, sans-serif;\">&#8211; le 14 septembre <\/span><strong><span style=\"font-family: Trebuchet MS, sans-serif;\">\u00ab Babel \u00bb <\/span><\/strong><span style=\"font-family: Trebuchet MS, sans-serif;\">\u00e0 20h \u00e0 Bab\u2019el Ouest \u2013 4 avenue de Wattignies \u00e0 Nantes<\/span><\/p>\n<\/li>\n<li>\n<p align=\"JUSTIFY\"><span style=\"font-family: Trebuchet MS, sans-serif;\">&#8211; le 19 septembre <\/span><strong><span style=\"font-family: Trebuchet MS, sans-serif;\">\u00ab Formation sur le rythme de la parole \u00bb <\/span><\/strong><span style=\"font-family: Trebuchet MS, sans-serif;\">\u00e0 la Biblioth\u00e8que d\u00e9partementale du Loir et Cher, \u00e0 Blois<\/span><\/p>\n<\/li>\n<li>\n<p align=\"JUSTIFY\"><span style=\"font-family: Trebuchet MS, sans-serif;\">&#8211; le 24 septembre <\/span><strong><span style=\"font-family: Trebuchet MS, sans-serif;\">\u00ab Contes de ruses, d&rsquo;\u00e9nigmes et de poursuites \u00bb <\/span><\/strong><span style=\"font-family: Trebuchet MS, sans-serif;\">\u00e0 20h30 \u00e0 la Salle polyvalente de Perrusson (37600) dans le cadre du Festival Conteurs en Touraine<\/span><\/p>\n<\/li>\n<li>\n<p align=\"JUSTIFY\"><span style=\"font-family: Trebuchet MS, sans-serif;\">-du 27 au 29 septembre <\/span><strong><span style=\"font-family: Trebuchet MS, sans-serif;\">\u00ab Babel \u00bb <\/span><\/strong><span style=\"font-family: Trebuchet MS, sans-serif;\">au Festival au Fil du Conte \u00e0 Angoul\u00eame<\/span><\/p>\n<\/li>\n<li>\n<p align=\"JUSTIFY\"><span style=\"font-family: Trebuchet MS, sans-serif;\">&#8211; les 3 et 4 octobre <\/span><strong><span style=\"font-family: Trebuchet MS, sans-serif;\">\u00ab Formation sur le rythme de la parole \u00bb <\/span><\/strong><span style=\"font-family: Trebuchet MS, sans-serif;\">\u00e0 Combs la ville (77)<\/span><\/p>\n<\/li>\n<li>\n<p align=\"JUSTIFY\"><span style=\"font-family: Trebuchet MS, sans-serif;\">&#8211; le 16 novembre <\/span><strong><span style=\"font-family: Trebuchet MS, sans-serif;\">\u00ab le panier du p\u00eacheur sent toujours le poisson \u00bb \u00e0 15h30 et \u00ab A port\u00e9e de voix \u00bb \u00e0 20h30 <\/span><\/strong><span style=\"font-family: Trebuchet MS, sans-serif;\">\u00e0 la M\u00e9diath\u00e8que Antoine de St Exup\u00e9ry \u00e0 Domont (95)<\/span><\/p>\n<\/li>\n<li>\n<p align=\"JUSTIFY\"><span style=\"font-family: Trebuchet MS, sans-serif;\">&#8211; du 19 au 29 novembre <\/span><strong><span style=\"font-family: Trebuchet MS, sans-serif;\">\u00ab Babel \u00bb <\/span><\/strong><span style=\"font-family: Trebuchet MS, sans-serif;\">\u00e0 21h au TNT \u00e0 Nantes (44)<\/span><\/p>\n<\/li>\n<li>\n<p align=\"JUSTIFY\"><span style=\"font-family: Trebuchet MS, sans-serif;\">&#8211; le 6 d\u00e9cembre <\/span><strong><span style=\"font-family: Trebuchet MS, sans-serif;\">\u00ab Babel \u00bb <\/span><\/strong><span style=\"font-family: Trebuchet MS, sans-serif;\">\u00e0 14h30 (scolaires) et \u00e0 20h30 \u00e0 l\u2019Espace Renaissance de Donges (44)<\/span><\/p>\n<\/li>\n<li>\n<p align=\"JUSTIFY\"><span style=\"font-family: Trebuchet MS, sans-serif;\">&#8211; le 10 d\u00e9cembre <\/span><strong><span style=\"font-family: Trebuchet MS, sans-serif;\">\u00ab Babel \u00bb <\/span><\/strong><span style=\"font-family: Trebuchet MS, sans-serif;\">\u00e0 20h30 \u00e0 Vaison (chez l&rsquo;habitant) dans le cadre du Festival Contes et Rencontres \u00e0 Nyons (26)<\/span><\/p>\n<\/li>\n<li>\n<p align=\"JUSTIFY\"><span style=\"font-family: Trebuchet MS, sans-serif;\">&#8211; le 12 d\u00e9cembre <\/span><strong><span style=\"font-family: Trebuchet MS, sans-serif;\">\u00ab La g\u00e9om\u00e9trie des silences \u00bb <\/span><\/strong><span style=\"font-family: Trebuchet MS, sans-serif;\">\u00e0 20h30 \u00e0 Cordorcet dans le cadre du Festival Contes et Rencontres \u00e0 Nyons (26)<\/span><\/p>\n<\/li>\n<li>\n<p align=\"JUSTIFY\"><span style=\"font-family: Trebuchet MS, sans-serif;\">&#8211; le 14 d\u00e9cembre <\/span><strong><span style=\"font-family: Trebuchet MS, sans-serif;\">\u00ab A port\u00e9e de voix \u00bb <\/span><\/strong><span style=\"font-family: Trebuchet MS, sans-serif;\">\u00e0 20h30 \u00e0 Cordorcet dans le cadre du Festival Contes et Rencontres \u00e0 Nyons (26)<\/span><\/p>\n<\/li>\n<li>\n<p align=\"JUSTIFY\"><span style=\"font-family: Trebuchet MS, sans-serif;\">&#8211; les 13 et 14 d\u00e9cembre <\/span><strong><span style=\"font-family: Trebuchet MS, sans-serif;\">\u00ab Formation sur le rythme de la parole \u00bb <\/span><\/strong><span style=\"font-family: Trebuchet MS, sans-serif;\">au Festival Contes et Rencontres \u00e0 Nyons (26)<\/span><\/p>\n<\/li>\n<\/ul>\n<\/div><\/div>\n","protected":false},"excerpt":{"rendered":"<p>Du 5 au 9 janvier 2026 : r\u00e9sidence de cr\u00e9ation au Grand-lieu du conte : \u00ab\u00a0R\u00e9cus\u00e9!\u00a0\u00bb (titre provisoire). R\u00e9cit de vie \u00e0 partir de mon exp\u00e9rience de jur\u00e9 d&rsquo;assises. 6 f\u00e9vrier 2026 : Spectacle \u00ab\u00a0La g\u00e9om\u00e9trie des silences\u00a0\u00bb \u00e0 19h \u00e0 Montbert (44). R\u00e9sa : D. Prime : 06 83 44 92 95 5 mars [&hellip;]<\/p>\n","protected":false},"author":1,"featured_media":0,"parent":0,"menu_order":0,"comment_status":"closed","ping_status":"closed","template":"","meta":{"spay_email":""},"jetpack_sharing_enabled":true,"jetpack_likes_enabled":true,"_links":{"self":[{"href":"https:\/\/marcbuleon.com\/conte\/index.php?rest_route=\/wp\/v2\/pages\/34"}],"collection":[{"href":"https:\/\/marcbuleon.com\/conte\/index.php?rest_route=\/wp\/v2\/pages"}],"about":[{"href":"https:\/\/marcbuleon.com\/conte\/index.php?rest_route=\/wp\/v2\/types\/page"}],"author":[{"embeddable":true,"href":"https:\/\/marcbuleon.com\/conte\/index.php?rest_route=\/wp\/v2\/users\/1"}],"replies":[{"embeddable":true,"href":"https:\/\/marcbuleon.com\/conte\/index.php?rest_route=%2Fwp%2Fv2%2Fcomments&post=34"}],"version-history":[{"count":140,"href":"https:\/\/marcbuleon.com\/conte\/index.php?rest_route=\/wp\/v2\/pages\/34\/revisions"}],"predecessor-version":[{"id":1022,"href":"https:\/\/marcbuleon.com\/conte\/index.php?rest_route=\/wp\/v2\/pages\/34\/revisions\/1022"}],"wp:attachment":[{"href":"https:\/\/marcbuleon.com\/conte\/index.php?rest_route=%2Fwp%2Fv2%2Fmedia&parent=34"}],"curies":[{"name":"wp","href":"https:\/\/api.w.org\/{rel}","templated":true}]}}