{"id":187,"date":"2014-07-30T15:40:30","date_gmt":"2014-07-30T15:40:30","guid":{"rendered":"http:\/\/marcbuleon.com\/conte\/?page_id=187"},"modified":"2020-08-18T08:33:06","modified_gmt":"2020-08-18T08:33:06","slug":"archives","status":"publish","type":"page","link":"https:\/\/marcbuleon.com\/conte\/?page_id=187","title":{"rendered":"Archives"},"content":{"rendered":"\n<p><\/p>\n\n\n\n<h1><a href=\"http:\/\/marcbuleon.com\/conte\/?page_id=172\"><br>INCONNU-E-S<\/a><\/h1>\n\n\n\n<div class=\"wp-block-image\"><figure class=\"alignright\"><a href=\"https:\/\/i0.wp.com\/marcbuleon.com\/conte\/wp-content\/uploads\/2014\/07\/Affiche-spectacle-inconnu-PETITE1.jpg\"><img data-attachment-id=\"304\" data-permalink=\"https:\/\/marcbuleon.com\/conte\/?attachment_id=304\" data-orig-file=\"https:\/\/i0.wp.com\/marcbuleon.com\/conte\/wp-content\/uploads\/2014\/07\/Affiche-spectacle-inconnu-PETITE1.jpg?fit=243%2C345&amp;ssl=1\" data-orig-size=\"243,345\" data-comments-opened=\"0\" data-image-meta=\"{&quot;aperture&quot;:&quot;0&quot;,&quot;credit&quot;:&quot;&quot;,&quot;camera&quot;:&quot;&quot;,&quot;caption&quot;:&quot;&quot;,&quot;created_timestamp&quot;:&quot;0&quot;,&quot;copyright&quot;:&quot;&quot;,&quot;focal_length&quot;:&quot;0&quot;,&quot;iso&quot;:&quot;0&quot;,&quot;shutter_speed&quot;:&quot;0&quot;,&quot;title&quot;:&quot;&quot;}\" data-image-title=\"Affiche spectacle inconnu PETITE\" data-image-description=\"\" data-medium-file=\"https:\/\/i0.wp.com\/marcbuleon.com\/conte\/wp-content\/uploads\/2014\/07\/Affiche-spectacle-inconnu-PETITE1.jpg?fit=211%2C300&amp;ssl=1\" data-large-file=\"https:\/\/i0.wp.com\/marcbuleon.com\/conte\/wp-content\/uploads\/2014\/07\/Affiche-spectacle-inconnu-PETITE1.jpg?fit=243%2C345&amp;ssl=1\" loading=\"lazy\" width=\"243\" height=\"345\" src=\"https:\/\/i0.wp.com\/marcbuleon.com\/conte\/wp-content\/uploads\/2014\/07\/Affiche-spectacle-inconnu-PETITE1.jpg?resize=211%2C300\" alt=\"Affiche spectacle inconnu PETITE\" class=\"wp-image-304\" srcset=\"https:\/\/i0.wp.com\/marcbuleon.com\/conte\/wp-content\/uploads\/2014\/07\/Affiche-spectacle-inconnu-PETITE1.jpg?w=243&amp;ssl=1 243w, https:\/\/i0.wp.com\/marcbuleon.com\/conte\/wp-content\/uploads\/2014\/07\/Affiche-spectacle-inconnu-PETITE1.jpg?resize=211%2C300&amp;ssl=1 211w\" sizes=\"(max-width: 243px) 100vw, 243px\" \/><\/a><\/figure><\/div>\n\n\n\n<p>Ils sont douze sur sc\u00e8ne. Femmes et hommes de la d\u00e9mesure ou au contraire de l\u2019extr\u00eame sobri\u00e9t\u00e9.<\/p>\n\n\n\n<h2>spectacle collectif avec les conteurs de S\u00e9same Autisme<\/h2>\n\n\n\n<p>Pas chancelants, corps qui tanguent encore un peu sous nos regards au rythme lent des respirations qui s\u2019apaisent. Ou non. Rien n\u2019est jamais acquis. Et pourtant tout arrive \u00e0 un moment connu d\u2019eux seuls.<\/p>\n\n\n\n<p>Sur le fil fragile de l\u2019incertitude se disent alors des histoires intimes, cocasses ou \u00e9mouvantes, habill\u00e9es de po\u00e9sie, de silences infinis et ponctu\u00e9es d\u2019\u00e9clats de rire.<\/p>\n\n\n\n<p>Ils sont douze sur sc\u00e8ne et chacun a son langage&nbsp;: parole, danse, peinture, rire, chant\u2026<\/p>\n\n\n\n<p>Au spectateur de pousser la porte de leur monde, de s\u2019y \u00e9garer sans peur afin d\u2019avoir la chance de peut-\u00eatre renouer avec ce qu\u2019il y a de plus joyeux en lui.<\/p>\n\n\n\n<p>Avec&nbsp;Marc Bul\u00e9on, Line Cornet, D\u00e9bora Di Gilio, Isabelle Doury, Odile Kayser, Mauve Leroux, Elise Moriceau, Christophe Khomkhao, Paulo Leblanc, Dorian Legrand, Frantz Luthringer et Antoine Tiers.<\/p>\n\n\n\n<p>Cr\u00e9ation lumi\u00e8re&nbsp;: Daniel PHILIPPE<\/p>\n\n\n\n<p>Spectacle traduit en langue des signes.<\/p>\n\n\n\n<p><em>Projet soutenu par S\u00e9same Services, La DRAC des pays de la Loire, le conseil d\u00e9partemental de Loire- Atlantique<\/em><\/p>\n\n\n\n<p><strong>Le 9 janvier 2015, pour la premi\u00e8re repr\u00e9sentation de la cr\u00e9ation \u00ab&nbsp;Inconnu-E-s&nbsp;\u00bb, le th\u00e9\u00e2tre de Rouans (220 places) est comble et une cinquantaine de spectateurs n\u2019ont pu obtenir de billet.<\/strong><\/p>\n\n\n\n<p><strong>L\u2019AVANT SPECTACLE<\/strong><\/p>\n\n\n\n<p>Ce qui frappe d\u2019entr\u00e9e, avant m\u00eame le d\u00e9but du spectacle, c\u2019est le calme des artistes-conteurs dans les coulisses. A l\u2019exception d\u2019un homme tr\u00e8s nerveux durant le discours de l\u2019adjoint \u00e0 la culture \u2013discours dans lequel il \u00e9voque les attentats qui ont eu lieu deux jours avant contre Charlie Hebdo \u2013 chacun est concentr\u00e9 mais paisible. C\u2019est un des points qui permettent de constater \u00e0 quel point ces hommes et ces femmes autistes ont vraiment acquis du m\u00e9tier au fil des onze derni\u00e8res ann\u00e9es.<\/p>\n\n\n\n<p>Les derni\u00e8res r\u00e9p\u00e9titions ont \u00e9t\u00e9 laborieuses, sans doute \u00e0 cause d\u2019une forme d\u2019usure, les premi\u00e8res s\u00e9ances de travail remontant au mois de janvier 2014. C\u2019\u00e9tait le cas aussi lors du spectacle pr\u00e9c\u00e9dent et dans les deux cas chaque personne a \u00e9t\u00e9 capable de trouver au bon moment l\u2019\u00e9nergie et la concentration n\u00e9cessaires \u00e0 ces premi\u00e8res repr\u00e9sentations.<\/p>\n\n\n\n<p>La s\u00e9r\u00e9nit\u00e9 des quatre artistes valides (1 danseuse, 1plasticienne, 1 traductrice en langue des signes et un conteur) et les \u00e9chauffements pratiqu\u00e9s auparavant dans les loges sont d\u2019une grande aide pour traverser sans encombre ce long temps d\u2019attente dans les coulisses (plus d\u2019un quart d\u2019heure).<\/p>\n\n\n\n<p><strong>SUR SCENE<\/strong><\/p>\n\n\n\n<p>Une des grandes satisfactions est de voir combien le r\u00e9sultat colle au projet initial. Il avait \u00e9t\u00e9 question d\u00e8s le d\u00e9but que chacun puisse exprimer quelque chose de vraiment intime au moyen des diff\u00e9rents outils artistiques que nous avons explor\u00e9s&nbsp;: musique, parole, peinture, danse\u2026 sans oublier d\u2019offrir aussi des moments collectifs. Le plus difficile a parfois \u00e9t\u00e9 de d\u00e9couvrir ce que voulait exprimer telle ou telle personne qui ne dispose ni du langage ni de la capacit\u00e9 \u00e0 choisir. Il nous a alors fallu proc\u00e9der de fa\u00e7on empirique ou par rejet successifs. Mais le r\u00e9sultat est l\u00e0&nbsp;! Un contenu qui a du sens, qui est \u00e9mouvant, vivant et dr\u00f4le&nbsp;:<\/p>\n\n\n\n<p>-Un po\u00e8me d\u2019amour<\/p>\n\n\n\n<p>-Une histoire de fou qui ne trouve pas dr\u00f4le du tout de se retrouver seul fou parmi les autres.<\/p>\n\n\n\n<p>-Une histoire sur l\u2019acceptation d\u2019\u00eatre ce que l\u2019on est.<\/p>\n\n\n\n<p>-Une autre histoire d\u2019amour l\u00e9g\u00e8re et coquine.<\/p>\n\n\n\n<p>-Un temps d\u00e9licat durant lequel onze personnes se mettent au service d\u2019un homme qui ne parle pas mais qui peint en direct.<\/p>\n\n\n\n<p>-des duos de contes et de danses.<\/p>\n\n\n\n<p>-etc<\/p>\n\n\n\n<p><strong>Le spectacle est nourri de ces diff\u00e9rentes propositions mais il repose aussi sur l\u2019acceptation de l\u2019errance sur sc\u00e8ne, sur la qualit\u00e9 de silences parfois tr\u00e8s longs qui racontent le cheminement de la pens\u00e9e, sur la lenteur autoris\u00e9e, sur l\u2019improvisation et sur le commentaire instantan\u00e9, la parole pos\u00e9e ce qui vient d\u2019\u00eatre fait. Il se d\u00e9gage de tout \u00e7a une tr\u00e8s grande jubilation, un plaisir \u00e0 \u00eatre sur sc\u00e8ne que beaucoup d\u2019artistes valides pourraient nous envier.<\/strong><\/p>\n\n\n\n<p>D\u2019un point de vue plus technique, la cr\u00e9ation lumi\u00e8re qui accompagne le spectacle et qui rehausse ses couleurs apporte en plus un v\u00e9ritable confort aux artistes. La lumi\u00e8re qui les enveloppe les rassure et leur permet d\u2019accepter le noir dans la salle<\/p>\n\n\n\n<p>D\u2019une certaine fa\u00e7on, les musiques enregistr\u00e9es et donc identiques \u00e0 chaque fois jouent le m\u00eame r\u00f4le.<\/p>\n\n\n\n<p><strong>LE PUBLIC<\/strong><\/p>\n\n\n\n<p>Le th\u00e9\u00e2tre de Rouans (Espace C\u0153ur en Sc\u00e8ne) fonctionnant pour beaucoup avec un public d\u2019abonn\u00e9s et le descriptif du spectacle \u00e9vitant volontairement les termes \u00ab&nbsp;autiste&nbsp;\u00bb et \u00ab&nbsp;handicap&nbsp;\u00bb, de nombreux spectateurs sont surpris de voir \u00e9voluer sur sc\u00e8ne des artistes dont certains sont visiblement handicap\u00e9s. Cela s\u00e8me le doute dans leur esprit&nbsp;: Sont-ils tous handicap\u00e9s ou non&nbsp;? Pour certains des artistes, pas de doute. Et encore, en est-on si s\u00fbr finalement&nbsp;? Et pour les autres&nbsp;? Seule solution&nbsp;: renoncer \u00e0 d\u00e9terminer qui \u00ab&nbsp;l\u2019est&nbsp;\u00bb et qui \u00ab&nbsp;ne l\u2019est pas&nbsp;\u00bb pour profiter pleinement de ce qui est propos\u00e9 sur le plateau.<\/p>\n\n\n\n<p><strong>L\u2019APRES SPECTACLE<\/strong><\/p>\n\n\n\n<p>Beaucoup d\u2019\u00e9changes dans le hall autour du bar. Certains artistes s\u2019\u00e9clipsent rapidement. Ils sont habitu\u00e9s \u00e0 se coucher tr\u00e8s t\u00f4t, les spectacles en soir\u00e9e sont pour eux source d\u2019une grande fatigue.<\/p>\n\n\n\n<p>Les autres sont f\u00e9licit\u00e9s, questionn\u00e9s. On leur parle, on leur serre la main sans r\u00e9fl\u00e9chir. Les barri\u00e8res tombent et si malgr\u00e9 tout un spectateur s\u2019effraie du silence inhabituel en \u00e9cho au compliment qu\u2019il vient d\u2019adresser \u00e0 l\u2019une des conteuses, un autre prend la parole, sert de relais.<\/p>\n\n\n\n<p>Bien s\u00fbr \u00ab&nbsp;Inconnu-E-s&nbsp;\u00bb ne va pas changer la face du monde, ni l\u2019ensemble des regards port\u00e9s sur les personnes handicap\u00e9es mais ces soirs de spectacle, quelque chose se passe, quelque chose d\u2019infime peut-\u00eatre mais d\u2019ineffa\u00e7able. Et c\u2019est comme cela, peu \u00e0 peu, que nous avan\u00e7ons.<\/p>\n\n\n\n<p>Nous avons conscience de la fragilit\u00e9 de notre d\u00e9marche mais nous savons qu\u2019en parall\u00e8le \u00e0 l\u2019aventure humaine qui nous unit depuis onze ann\u00e9es se joue une aventure artistique tout \u00e0 fait singuli\u00e8re, qu\u2019aucune compagnie d\u2019artistes valides ne pourrait pr\u00e9tendre explorer. Voil\u00e0 peut-\u00eatre ce qui fait notre force.<\/p>\n\n\n\n<p>Marc Bul\u00e9on, conteur.<\/p>\n\n\n\n<h1><a href=\"http:\/\/marcbuleon.com\/conte\/?page_id=172\">Ca s&rsquo;est pass\u00e9 comme \u00e7a!<\/a><\/h1>\n\n\n<p><b>\u00ab\u00a0<\/b>\u00c7<b>a s\u2019est pass\u00e9 comme \u00e7a\u00a0\u00bb<\/b>&nbsp;ne pose que des questions essentielles. Qu\u2019on se le dise!<img data-attachment-id=\"69\" data-permalink=\"https:\/\/marcbuleon.com\/conte\/?attachment_id=69\" data-orig-file=\"https:\/\/i0.wp.com\/marcbuleon.com\/conte\/wp-content\/uploads\/2014\/07\/Kayser.jpg?fit=150%2C113&amp;ssl=1\" data-orig-size=\"150,113\" data-comments-opened=\"0\" data-image-meta=\"{&quot;aperture&quot;:&quot;4.5&quot;,&quot;credit&quot;:&quot;&quot;,&quot;camera&quot;:&quot;DSC-W170&quot;,&quot;caption&quot;:&quot;&quot;,&quot;created_timestamp&quot;:&quot;1274355805&quot;,&quot;copyright&quot;:&quot;&quot;,&quot;focal_length&quot;:&quot;15.9&quot;,&quot;iso&quot;:&quot;400&quot;,&quot;shutter_speed&quot;:&quot;0.033333333333333&quot;,&quot;title&quot;:&quot;&quot;}\" data-image-title=\"Ca c&amp;rsquo;est pass\u00e9 comme \u00e7a- Marc bul\u00e9on\" data-image-description=\"\" data-medium-file=\"https:\/\/i0.wp.com\/marcbuleon.com\/conte\/wp-content\/uploads\/2014\/07\/Kayser.jpg?fit=150%2C113&amp;ssl=1\" data-large-file=\"https:\/\/i0.wp.com\/marcbuleon.com\/conte\/wp-content\/uploads\/2014\/07\/Kayser.jpg?fit=150%2C113&amp;ssl=1\" loading=\"lazy\" class=\"alignright wp-image-69 size-full\" src=\"https:\/\/i0.wp.com\/marcbuleon.com\/conte\/wp-content\/uploads\/2014\/07\/Kayser.jpg?resize=150%2C113\" alt=\"Ca c'est pass\u00e9 comme \u00e7a- Marc bul\u00e9on\" width=\"150\" height=\"113\"  data-recalc-dims=\"1\"><\/p>\n<p>Dans&nbsp;<b>\u201cCa s\u2019est pass\u00e9 comme \u00e7a\u201d<\/b>, je pars de toutes ces histoires pour raconter l\u2019\u00e9volution de l\u2019univers depuis ses origines jusqu\u2019\u00e0 nos jours. J\u2019h\u00e9site \u00e0 choisir tel chemin plut\u00f4t que tel autre. Rien n\u2019est s\u00fbr! Mais rien n\u2019est s\u00fbrement faux!<br>Les r\u00e9ponses sont dr\u00f4les ou po\u00e9tiques ou violentes. Elles viennent de l\u2019imagination la plus d\u00e9brid\u00e9e comme de la croyance la plus profonde. Elles ont l\u2019air d\u2019histoires que les hommes se racontent depuis toujours.<\/p>\n<p><i>\u00ab\u00a0Avec Marc Bul\u00e9on, l&rsquo;humour et la po\u00e9sie sont convoqu\u00e9s au berceau de la parole\u00a0\u00bb<\/i>(Ouest-France)<\/p>\n<p><i>conte et musique (bolon, n\u2019goni, udus et voix)<\/i><b><br><\/b><\/p>\n<hr>\n<h1 class=\"rich-text block-editor-rich-text__editable\" role=\"textbox\" aria-multiline=\"true\" aria-label=\"R\u00e9digez un titre\u2026\"><a href=\"http:\/\/marcbuleon.com\/conte\/?page_id=172\" data-rich-text-format-boundary=\"true\">Contex&rsquo;tet<\/a><\/h1>\n<p>Ce projet est n\u00e9 de ma rencontre avec le compositeur \u00ab\u00a0Bruno Regnier\u00a0\u00bb en 2005.<br>Notre choix musical s\u2019est port\u00e9 sur l'\u00a0\u00bbX&rsquo;tet\u00a0\u00bb, ensemble de la Compagnie \u00ab\u00a0A suivre&#8230;\u00a0\u00bb, constitu\u00e9 de 9 solistes improvisateurs, \u00e0 m\u00eame d\u2019interpr\u00e9ter les musiques d\u2019origines diverses, mais \u00e9galement rod\u00e9s \u00e0 l\u2019improvisation et \u00e0 la transmission orale.<br>Les contes seront jou\u00e9s tant par l\u2019ensemble que par un soliste, un duo, un trio, toujours dans une dimension tr\u00e8s acoustique qui m\u00eale jazz, folklore et musique de chambre.<br>Les contes propos\u00e9s ont \u00e9t\u00e9 choisis en fonction de leur force, leur po\u00e9sie ou leur dr\u00f4lerie. Ils ont eu beau traverser des si\u00e8cles, ils nous parlent de l\u2019aujourd\u2019hui. Ils viennent du Moyen-Orient, d\u2019Afrique, d\u2019Extr\u00eame-Orient ou de France.<br>Avec S\u00e9bastien TEXIER (Sax alto et Clarinettes), R\u00e9mi DUMOULIN (Sax t\u00e9nor et Clarinettes), Olivier THEMINES (Clarinettes), Alain VAN KENHOVE (Trompette et Bugle), Matthias MAHLER (Trombone), Alexis THERAIN (Guitare), Fr\u00e9d\u00e9ric CHIFFOLEAU (Contrebasse), Matthieu DESBORDES (Batterie)<\/p>\n<hr>\n<h1 class=\"rich-text block-editor-rich-text__editable\" role=\"textbox\" aria-multiline=\"true\" aria-label=\"R\u00e9digez un titre\u2026\"><a href=\"http:\/\/marcbuleon.com\/conte\/?page_id=172\" data-rich-text-format-boundary=\"true\">Duos, paroles singuli\u00e8res<\/a><\/h1>\n<h1>&nbsp;<\/h1>\n<div class=\"info_bg\"><a style=\"font-size: 2.44em; font-weight: 600;\" title=\"Ulysse (id\u00e9al pour les coll\u00e9giens)\" href=\"http:\/\/marcbuleon.com\/conte\/?page_id=157\" rel=\"bookmark\">Ulysse&nbsp;<\/a><\/div>\n<div class=\"entry\">\n<div class=\"entry\">\n<p><a title=\"Ulysse\" href=\"http:\/\/marcbuleon.com\/conte\/?page_id=157\"><img data-attachment-id=\"79\" data-permalink=\"https:\/\/marcbuleon.com\/conte\/?attachment_id=79\" data-orig-file=\"https:\/\/i0.wp.com\/marcbuleon.com\/conte\/wp-content\/uploads\/2014\/07\/Ulysse.jpg?fit=150%2C200&amp;ssl=1\" data-orig-size=\"150,200\" data-comments-opened=\"0\" data-image-meta=\"{&quot;aperture&quot;:&quot;0&quot;,&quot;credit&quot;:&quot;&quot;,&quot;camera&quot;:&quot;&quot;,&quot;caption&quot;:&quot;&quot;,&quot;created_timestamp&quot;:&quot;0&quot;,&quot;copyright&quot;:&quot;&quot;,&quot;focal_length&quot;:&quot;0&quot;,&quot;iso&quot;:&quot;0&quot;,&quot;shutter_speed&quot;:&quot;0&quot;,&quot;title&quot;:&quot;&quot;}\" data-image-title=\"Ulysse\" data-image-description=\"\" data-medium-file=\"https:\/\/i0.wp.com\/marcbuleon.com\/conte\/wp-content\/uploads\/2014\/07\/Ulysse.jpg?fit=150%2C200&amp;ssl=1\" data-large-file=\"https:\/\/i0.wp.com\/marcbuleon.com\/conte\/wp-content\/uploads\/2014\/07\/Ulysse.jpg?fit=150%2C200&amp;ssl=1\" loading=\"lazy\" class=\"alignright wp-image-79 size-thumbnail\" src=\"https:\/\/i0.wp.com\/marcbuleon.com\/conte\/wp-content\/uploads\/2014\/07\/Ulysse.jpg?resize=150%2C150\" alt=\"Ulysse\" width=\"150\" height=\"150\" data-attachment-id=\"79\" data-permalink=\"http:\/\/marcbuleon.com\/conte\/?attachment_id=79\" data-orig-file=\"https:\/\/i0.wp.com\/marcbuleon.com\/conte\/wp-content\/uploads\/2014\/07\/Ulysse.jpg?fit=150%2C200\" data-orig-size=\"150,200\" data-comments-opened=\"0\" data-image-meta=\"{&quot;aperture&quot;:&quot;0&quot;,&quot;credit&quot;:&quot;&quot;,&quot;camera&quot;:&quot;&quot;,&quot;caption&quot;:&quot;&quot;,&quot;created_timestamp&quot;:&quot;0&quot;,&quot;copyright&quot;:&quot;&quot;,&quot;focal_length&quot;:&quot;0&quot;,&quot;iso&quot;:&quot;0&quot;,&quot;shutter_speed&quot;:&quot;0&quot;,&quot;title&quot;:&quot;&quot;}\" data-image-title=\"Ulysse\" data-image-description=\"\" data-medium-file=\"https:\/\/i0.wp.com\/marcbuleon.com\/conte\/wp-content\/uploads\/2014\/07\/Ulysse.jpg?fit=150%2C200\" data-large-file=\"https:\/\/i0.wp.com\/marcbuleon.com\/conte\/wp-content\/uploads\/2014\/07\/Ulysse.jpg?fit=150%2C200\" data-recalc-dims=\"1\"><\/a><\/p>\n<div class=\"entry\">\n<p class=\"title\"><em>Spectacle jou\u00e9 en Coll\u00e8ge principalement.<\/em><\/p>\n<p>D\u2019apr\u00e8s l\u2019<i>Odyss\u00e9e&nbsp;<\/i>d\u2019Hom\u00e8re<\/p>\n<p>\u201cIl y avait trois fr\u00e8res qu\u2019on appelait des dieux\u2026\u201d<\/p>\n<p>En quelques phrases, le conteur met en place le d\u00e9cor. Il installe les dieux dans l\u2019Olympe, \u201cune maison \u00e9trange, l\u2019Olympe, perch\u00e9e tout en haut du ciel !<\/p>\n<h1 class=\"title\"><a title=\"Du chaos \u00e0 l\u2019olympe\" href=\"http:\/\/marcbuleon.com\/conte\/?page_id=149\" rel=\"bookmark\">Du chaos \u00e0 l\u2019olympe<\/a><\/h1>\n<div class=\"info_bg\">&nbsp;<\/div>\n<div class=\"entry\">\n<div>\n<p><strong><a title=\"Du chaos \u00e0 l\u2019olympe\" href=\"http:\/\/marcbuleon.com\/conte\/?page_id=149\"><img data-attachment-id=\"82\" data-permalink=\"https:\/\/marcbuleon.com\/conte\/?attachment_id=82\" data-orig-file=\"https:\/\/i1.wp.com\/marcbuleon.com\/conte\/wp-content\/uploads\/2014\/07\/chaos-olympe02.jpg?fit=150%2C200&amp;ssl=1\" data-orig-size=\"150,200\" data-comments-opened=\"0\" data-image-meta=\"{&quot;aperture&quot;:&quot;0&quot;,&quot;credit&quot;:&quot;&quot;,&quot;camera&quot;:&quot;&quot;,&quot;caption&quot;:&quot;&quot;,&quot;created_timestamp&quot;:&quot;0&quot;,&quot;copyright&quot;:&quot;&quot;,&quot;focal_length&quot;:&quot;0&quot;,&quot;iso&quot;:&quot;0&quot;,&quot;shutter_speed&quot;:&quot;0&quot;,&quot;title&quot;:&quot;&quot;}\" data-image-title=\"chaos olympe Marc Bul\u00e9on\" data-image-description=\"\" data-medium-file=\"https:\/\/i1.wp.com\/marcbuleon.com\/conte\/wp-content\/uploads\/2014\/07\/chaos-olympe02.jpg?fit=150%2C200&amp;ssl=1\" data-large-file=\"https:\/\/i1.wp.com\/marcbuleon.com\/conte\/wp-content\/uploads\/2014\/07\/chaos-olympe02.jpg?fit=150%2C200&amp;ssl=1\" loading=\"lazy\" class=\"alignright wp-image-82 size-thumbnail\" src=\"https:\/\/i1.wp.com\/marcbuleon.com\/conte\/wp-content\/uploads\/2014\/07\/chaos-olympe02.jpg?resize=150%2C150\" alt=\"chaos olympe Marc Bul\u00e9on\" width=\"150\" height=\"150\" data-attachment-id=\"82\" data-permalink=\"http:\/\/marcbuleon.com\/conte\/?attachment_id=82\" data-orig-file=\"https:\/\/i1.wp.com\/marcbuleon.com\/conte\/wp-content\/uploads\/2014\/07\/chaos-olympe02.jpg?fit=150%2C200\" data-orig-size=\"150,200\" data-comments-opened=\"0\" data-image-meta=\"{&quot;aperture&quot;:&quot;0&quot;,&quot;credit&quot;:&quot;&quot;,&quot;camera&quot;:&quot;&quot;,&quot;caption&quot;:&quot;&quot;,&quot;created_timestamp&quot;:&quot;0&quot;,&quot;copyright&quot;:&quot;&quot;,&quot;focal_length&quot;:&quot;0&quot;,&quot;iso&quot;:&quot;0&quot;,&quot;shutter_speed&quot;:&quot;0&quot;,&quot;title&quot;:&quot;&quot;}\" data-image-title=\"chaos olympe Marc Bul\u00e9on\" data-image-description=\"\" data-medium-file=\"https:\/\/i1.wp.com\/marcbuleon.com\/conte\/wp-content\/uploads\/2014\/07\/chaos-olympe02.jpg?fit=150%2C200\" data-large-file=\"https:\/\/i1.wp.com\/marcbuleon.com\/conte\/wp-content\/uploads\/2014\/07\/chaos-olympe02.jpg?fit=150%2C200\" data-recalc-dims=\"1\"><\/a><\/strong><em>Spectacle jou\u00e9 en Coll\u00e8ge principalement.<\/em><\/p>\n<p>De la naissance de la terre au mythe de Sisyphe<\/p>\n<p>De la naissance de la terre au mythe de Sisyphe, l\u2019homme qui mourut deux fois\u2026<\/p>\n<\/div>\n<div class=\"entry\">\n<div>\n<h1>&nbsp;<\/h1>\n<\/div>\n<div>\n<p class=\"western\" align=\"JUSTIFY\">\n<\/p><\/div>\n<\/div>\n<\/div>\n<\/div>\n<\/div>\n<\/div>\n\n\n<p><\/p>\n","protected":false},"excerpt":{"rendered":"<p>INCONNU-E-S Ils sont douze sur sc\u00e8ne. Femmes et hommes de la d\u00e9mesure ou au contraire de l\u2019extr\u00eame sobri\u00e9t\u00e9. spectacle collectif avec les conteurs de S\u00e9same Autisme Pas chancelants, corps qui tanguent encore un peu sous nos regards au rythme lent des respirations qui s\u2019apaisent. Ou non. Rien n\u2019est jamais acquis. Et pourtant tout arrive \u00e0 [&hellip;]<\/p>\n","protected":false},"author":1,"featured_media":0,"parent":0,"menu_order":0,"comment_status":"closed","ping_status":"closed","template":"","meta":{"spay_email":""},"jetpack_sharing_enabled":true,"jetpack_likes_enabled":true,"_links":{"self":[{"href":"https:\/\/marcbuleon.com\/conte\/index.php?rest_route=\/wp\/v2\/pages\/187"}],"collection":[{"href":"https:\/\/marcbuleon.com\/conte\/index.php?rest_route=\/wp\/v2\/pages"}],"about":[{"href":"https:\/\/marcbuleon.com\/conte\/index.php?rest_route=\/wp\/v2\/types\/page"}],"author":[{"embeddable":true,"href":"https:\/\/marcbuleon.com\/conte\/index.php?rest_route=\/wp\/v2\/users\/1"}],"replies":[{"embeddable":true,"href":"https:\/\/marcbuleon.com\/conte\/index.php?rest_route=%2Fwp%2Fv2%2Fcomments&post=187"}],"version-history":[{"count":15,"href":"https:\/\/marcbuleon.com\/conte\/index.php?rest_route=\/wp\/v2\/pages\/187\/revisions"}],"predecessor-version":[{"id":852,"href":"https:\/\/marcbuleon.com\/conte\/index.php?rest_route=\/wp\/v2\/pages\/187\/revisions\/852"}],"wp:attachment":[{"href":"https:\/\/marcbuleon.com\/conte\/index.php?rest_route=%2Fwp%2Fv2%2Fmedia&parent=187"}],"curies":[{"name":"wp","href":"https:\/\/api.w.org\/{rel}","templated":true}]}}