{"id":151,"date":"2014-07-30T14:54:40","date_gmt":"2014-07-30T14:54:40","guid":{"rendered":"http:\/\/marcbuleon.com\/conte\/?page_id=151"},"modified":"2020-08-12T13:53:49","modified_gmt":"2020-08-12T13:53:49","slug":"la-geometrie-des-silences","status":"publish","type":"page","link":"https:\/\/marcbuleon.com\/conte\/?page_id=151","title":{"rendered":"La g\u00e9om\u00e9trie des silences"},"content":{"rendered":"\n<div class=\"wp-container-1 wp-block-group\"><div class=\"wp-block-group__inner-container\">\n<h2>R\u00e9cit imaginaire de vraies vies<\/h2>\n\n\n\n<p><span class=\"has-inline-color has-vivid-cyan-blue-color\">\u00ab\u00a0<em>Marc Bul\u00e9on prend \u00a0aux tripes, au c\u0153ur et au cerveau un public qui n\u2019a de cesse de le rappeler au terme de son cheminement, comme pour mieux le remercier d\u2019avoir sorti de l\u2019ombre une part pr\u00e9cieuse de l\u2019humanit\u00e9<\/em>\u00ab\u00a0.<\/span><\/p>\n\n\n\n<p>&nbsp; &nbsp; &nbsp; &nbsp; &nbsp; &nbsp; &nbsp; &nbsp; &nbsp; &nbsp; &nbsp; &nbsp; &nbsp; &nbsp; &nbsp; &nbsp; &nbsp; &nbsp; &nbsp; &nbsp; &nbsp; &nbsp; &nbsp; &nbsp; &nbsp; &nbsp; &nbsp; &nbsp; &nbsp; &nbsp; &nbsp; &nbsp; &nbsp; &nbsp; &nbsp; &nbsp; &nbsp; Le Courrier de l&rsquo;Ouest<\/p>\n\n\n\n<p><strong>L&rsquo;histoire :<\/strong><\/p>\n\n\n\n<p>\u00ab&nbsp;La g\u00e9om\u00e9trie des silences&nbsp;\u00bb est un r\u00e9cit nourri du travail que Marc Bul\u00e9on m\u00e8ne depuis de nombreuses ann\u00e9es &nbsp;aupr\u00e8s de huit conteurs-musiciens autistes adultes et de collectages effectu\u00e9s dans leurs familles.<\/p>\n\n\n\n<p>La vie de l\u2019un d\u2019entre eux, de sa naissance \u00e0 aujourd\u2019hui, et son passage de la non parole \u00e0 une forme de parole, compl\u00e8tement \u00e9clat\u00e9e certes mais pleinement assum\u00e9e, constitue l\u2019ossature de ce r\u00e9cit.<\/p>\n\n\n\n<p><em><span class=\"has-inline-color has-vivid-cyan-blue-color\">Pour plus de renseignements : marcbuleon@hotmail.com \/ 06 61 89 92 94<\/span><\/em><\/p>\n\n\n\n<p><iframe loading=\"lazy\" src=\"\/\/www.youtube.com\/embed\/A8KcB2RdNDM\" width=\"560\" height=\"315\" frameborder=\"0\" allowfullscreen=\"allowfullscreen\"><\/iframe><\/p>\n<p>\u00a0<\/p>\n<p>\u00a0<\/p>\n<p><a href=\"http:\/\/www.lejsl.com\/edition-charolais-brionnais\/2014\/10\/20\/une-geometrie-bien-particuliere-avec-marc-buleon\" target=\"_blank\" rel=\"noopener noreferrer\">\u00a0<\/a><\/p>\n<p>\u00a0<\/p>\n<\/div><\/div>\n","protected":false},"excerpt":{"rendered":"<p>R\u00e9cit imaginaire de vraies vies \u00ab\u00a0Marc Bul\u00e9on prend \u00a0aux tripes, au c\u0153ur et au cerveau un public qui n\u2019a de cesse de le rappeler au terme de son cheminement, comme pour mieux le remercier d\u2019avoir sorti de l\u2019ombre une part pr\u00e9cieuse de l\u2019humanit\u00e9\u00ab\u00a0. &nbsp; &nbsp; &nbsp; &nbsp; &nbsp; &nbsp; &nbsp; &nbsp; &nbsp; &nbsp; &nbsp; &nbsp; [&hellip;]<\/p>\n","protected":false},"author":1,"featured_media":0,"parent":24,"menu_order":1,"comment_status":"closed","ping_status":"closed","template":"","meta":{"spay_email":""},"jetpack_sharing_enabled":true,"jetpack_likes_enabled":true,"_links":{"self":[{"href":"https:\/\/marcbuleon.com\/conte\/index.php?rest_route=\/wp\/v2\/pages\/151"}],"collection":[{"href":"https:\/\/marcbuleon.com\/conte\/index.php?rest_route=\/wp\/v2\/pages"}],"about":[{"href":"https:\/\/marcbuleon.com\/conte\/index.php?rest_route=\/wp\/v2\/types\/page"}],"author":[{"embeddable":true,"href":"https:\/\/marcbuleon.com\/conte\/index.php?rest_route=\/wp\/v2\/users\/1"}],"replies":[{"embeddable":true,"href":"https:\/\/marcbuleon.com\/conte\/index.php?rest_route=%2Fwp%2Fv2%2Fcomments&post=151"}],"version-history":[{"count":13,"href":"https:\/\/marcbuleon.com\/conte\/index.php?rest_route=\/wp\/v2\/pages\/151\/revisions"}],"predecessor-version":[{"id":823,"href":"https:\/\/marcbuleon.com\/conte\/index.php?rest_route=\/wp\/v2\/pages\/151\/revisions\/823"}],"up":[{"embeddable":true,"href":"https:\/\/marcbuleon.com\/conte\/index.php?rest_route=\/wp\/v2\/pages\/24"}],"wp:attachment":[{"href":"https:\/\/marcbuleon.com\/conte\/index.php?rest_route=%2Fwp%2Fv2%2Fmedia&parent=151"}],"curies":[{"name":"wp","href":"https:\/\/api.w.org\/{rel}","templated":true}]}}